{"version":"1.0","provider_name":"Consejo de la Magistratura","provider_url":"https:\/\/consejomagistratura.gov.ar","author_name":"hernanelman","author_url":"https:\/\/consejomagistratura.gov.ar\/index.php\/author\/hernanelman\/","title":"Sesion\u00f3 la Comisi\u00f3n de Acusaci\u00f3n | Consejo de la Magistratura","type":"rich","width":600,"height":338,"html":"<blockquote class=\"wp-embedded-content\" data-secret=\"kamXMBbaef\"><a href=\"https:\/\/consejomagistratura.gov.ar\/index.php\/2022\/11\/01\/sesiono-la-comision-de-acusacion-5\/\">Sesion\u00f3 la Comisi\u00f3n de Acusaci\u00f3n<\/a><\/blockquote><iframe sandbox=\"allow-scripts\" security=\"restricted\" src=\"https:\/\/consejomagistratura.gov.ar\/index.php\/2022\/11\/01\/sesiono-la-comision-de-acusacion-5\/embed\/#?secret=kamXMBbaef\" width=\"600\" height=\"338\" title=\"&#8220;Sesion\u00f3 la Comisi\u00f3n de Acusaci\u00f3n&#8221; &#8212; Consejo de la Magistratura\" data-secret=\"kamXMBbaef\" frameborder=\"0\" marginwidth=\"0\" marginheight=\"0\" scrolling=\"no\" class=\"wp-embedded-content\"><\/iframe><script type=\"text\/javascript\">\n\/* <![CDATA[ *\/\n\/*! This file is auto-generated *\/\n!function(d,l){\"use strict\";l.querySelector&&d.addEventListener&&\"undefined\"!=typeof URL&&(d.wp=d.wp||{},d.wp.receiveEmbedMessage||(d.wp.receiveEmbedMessage=function(e){var t=e.data;if((t||t.secret||t.message||t.value)&&!\/[^a-zA-Z0-9]\/.test(t.secret)){for(var s,r,n,a=l.querySelectorAll('iframe[data-secret=\"'+t.secret+'\"]'),o=l.querySelectorAll('blockquote[data-secret=\"'+t.secret+'\"]'),c=new RegExp(\"^https?:$\",\"i\"),i=0;i<o.length;i++)o[i].style.display=\"none\";for(i=0;i<a.length;i++)s=a[i],e.source===s.contentWindow&&(s.removeAttribute(\"style\"),\"height\"===t.message?(1e3<(r=parseInt(t.value,10))?r=1e3:~~r<200&&(r=200),s.height=r):\"link\"===t.message&&(r=new URL(s.getAttribute(\"src\")),n=new URL(t.value),c.test(n.protocol))&&n.host===r.host&&l.activeElement===s&&(d.top.location.href=t.value))}},d.addEventListener(\"message\",d.wp.receiveEmbedMessage,!1),l.addEventListener(\"DOMContentLoaded\",function(){for(var e,t,s=l.querySelectorAll(\"iframe.wp-embedded-content\"),r=0;r<s.length;r++)(t=(e=s[r]).getAttribute(\"data-secret\"))||(t=Math.random().toString(36).substring(2,12),e.src+=\"#?secret=\"+t,e.setAttribute(\"data-secret\",t)),e.contentWindow.postMessage({message:\"ready\",secret:t},\"*\")},!1)))}(window,document);\n\/* ]]> *\/\n<\/script>\n","thumbnail_url":"https:\/\/consejomagistratura.gov.ar\/wp-content\/uploads\/2022\/11\/WhatsApp-Image-2022-11-01-at-11.02.57-AM-1.jpeg","thumbnail_width":1024,"thumbnail_height":682,"description":"Durante la ma\u00f1ana del 1\u00b0 de noviembre se reuni\u00f3 la Comisi\u00f3n de Acusaci\u00f3n del Consejo de la Magistratura de la Naci\u00f3n. El presidente Pablo Tonelli encabez\u00f3 la reuni\u00f3n, con la asistencia del Secretario Andr\u00e9s Leandro [&hellip;]"}