{"id":35270,"date":"2022-04-20T15:29:10","date_gmt":"2022-04-20T18:29:10","guid":{"rendered":"https:\/\/consejomagistratura.gov.ar\/?page_id=35270"},"modified":"2023-09-06T13:39:12","modified_gmt":"2023-09-06T16:39:12","slug":"normativa-y-jusrisprudencia-sobre-violencia-de-genero","status":"publish","type":"page","link":"https:\/\/consejomagistratura.gov.ar\/index.php\/normativa-y-jusrisprudencia-sobre-violencia-de-genero\/","title":{"rendered":"NORMATIVA Y JUSRISPRUDENCIA SOBRE VIOLENCIA DE G\u00c9NERO"},"content":{"rendered":"\t\t<div data-elementor-type=\"wp-page\" data-elementor-id=\"35270\" class=\"elementor elementor-35270\" data-elementor-post-type=\"page\">\n\t\t\t\t\t\t<section class=\"elementor-section elementor-top-section elementor-element elementor-element-1677c828 elementor-section-boxed elementor-section-height-default elementor-section-height-default elementor-invisible\" data-id=\"1677c828\" data-element_type=\"section\" data-settings=\"{&quot;animation&quot;:&quot;fadeIn&quot;}\">\n\t\t\t\t\t\t<div class=\"elementor-container elementor-column-gap-narrow\">\n\t\t\t\t\t<div class=\"elementor-column elementor-col-50 elementor-top-column elementor-element elementor-element-a09f410\" data-id=\"a09f410\" data-element_type=\"column\">\n\t\t\t<div class=\"elementor-widget-wrap elementor-element-populated\">\n\t\t\t\t\t\t<div class=\"elementor-element elementor-element-682b5ac2 e-grid-align-left e-grid-align-mobile-center elementor-shape-rounded elementor-grid-0 elementor-widget elementor-widget-social-icons\" data-id=\"682b5ac2\" data-element_type=\"widget\" data-widget_type=\"social-icons.default\">\n\t\t\t\t<div class=\"elementor-widget-container\">\n\t\t\t\t\t\t\t<div class=\"elementor-social-icons-wrapper elementor-grid\">\n\t\t\t\t\t\t\t<span class=\"elementor-grid-item\">\n\t\t\t\t\t<a class=\"elementor-icon elementor-social-icon elementor-social-icon-facebook elementor-repeater-item-ca8588a\" href=\"https:\/\/www.facebook.com\/consejomagistratura\" target=\"_blank\">\n\t\t\t\t\t\t<span class=\"elementor-screen-only\">Facebook<\/span>\n\t\t\t\t\t\t<i class=\"fab fa-facebook\"><\/i>\t\t\t\t\t<\/a>\n\t\t\t\t<\/span>\n\t\t\t\t\t\t\t<span class=\"elementor-grid-item\">\n\t\t\t\t\t<a class=\"elementor-icon elementor-social-icon elementor-social-icon-twitter elementor-repeater-item-e2f9e95\" href=\"https:\/\/twitter.com\/cmagistratura\" target=\"_blank\">\n\t\t\t\t\t\t<span class=\"elementor-screen-only\">Twitter<\/span>\n\t\t\t\t\t\t<i class=\"fab fa-twitter\"><\/i>\t\t\t\t\t<\/a>\n\t\t\t\t<\/span>\n\t\t\t\t\t\t\t<span class=\"elementor-grid-item\">\n\t\t\t\t\t<a class=\"elementor-icon elementor-social-icon elementor-social-icon-instagram elementor-repeater-item-e0b7108\" href=\"https:\/\/www.instagram.com\/consejodelamagistratura\/\" target=\"_blank\">\n\t\t\t\t\t\t<span class=\"elementor-screen-only\">Instagram<\/span>\n\t\t\t\t\t\t<i class=\"fab fa-instagram\"><\/i>\t\t\t\t\t<\/a>\n\t\t\t\t<\/span>\n\t\t\t\t\t\t\t<span class=\"elementor-grid-item\">\n\t\t\t\t\t<a class=\"elementor-icon elementor-social-icon elementor-social-icon-youtube elementor-repeater-item-4c58d6c\" href=\"https:\/\/www.youtube.com\/c\/consejodelamagistraturadelanacion\" target=\"_blank\">\n\t\t\t\t\t\t<span class=\"elementor-screen-only\">Youtube<\/span>\n\t\t\t\t\t\t<i class=\"fab fa-youtube\"><\/i>\t\t\t\t\t<\/a>\n\t\t\t\t<\/span>\n\t\t\t\t\t<\/div>\n\t\t\t\t\t\t<\/div>\n\t\t\t\t<\/div>\n\t\t\t\t\t<\/div>\n\t\t<\/div>\n\t\t\t\t<div class=\"elementor-column elementor-col-50 elementor-top-column elementor-element elementor-element-51c8d7c4\" data-id=\"51c8d7c4\" data-element_type=\"column\">\n\t\t\t<div class=\"elementor-widget-wrap elementor-element-populated\">\n\t\t\t\t\t\t<div class=\"elementor-element elementor-element-73d182f2 elementor-search-form--skin-classic elementor-search-form--button-type-icon elementor-search-form--icon-search elementor-widget elementor-widget-search-form\" data-id=\"73d182f2\" data-element_type=\"widget\" data-settings=\"{&quot;skin&quot;:&quot;classic&quot;}\" data-widget_type=\"search-form.default\">\n\t\t\t\t<div class=\"elementor-widget-container\">\n\t\t\t\t\t\t\t<search role=\"search\">\n\t\t\t<form class=\"elementor-search-form\" action=\"https:\/\/consejomagistratura.gov.ar\" method=\"get\">\n\t\t\t\t\t\t\t\t\t\t\t\t<div class=\"elementor-search-form__container\">\n\t\t\t\t\t<label class=\"elementor-screen-only\" for=\"elementor-search-form-73d182f2\">Search<\/label>\n\n\t\t\t\t\t\n\t\t\t\t\t<input id=\"elementor-search-form-73d182f2\" placeholder=\"Ingrese aqu\u00ed su b\u00fasqueda.\" class=\"elementor-search-form__input\" type=\"search\" name=\"s\" value=\"\">\n\t\t\t\t\t\n\t\t\t\t\t\t\t\t\t\t\t<button class=\"elementor-search-form__submit\" type=\"submit\" aria-label=\"Search\">\n\t\t\t\t\t\t\t\t\t\t\t\t\t\t\t<i aria-hidden=\"true\" class=\"fas fa-search\"><\/i>\t\t\t\t\t\t\t\t\t\t\t\t\t<\/button>\n\t\t\t\t\t\n\t\t\t\t\t\t\t\t\t<\/div>\n\t\t\t<\/form>\n\t\t<\/search>\n\t\t\t\t\t\t<\/div>\n\t\t\t\t<\/div>\n\t\t\t\t\t<\/div>\n\t\t<\/div>\n\t\t\t\t\t<\/div>\n\t\t<\/section>\n\t\t\t\t<section class=\"elementor-section elementor-top-section elementor-element elementor-element-37ba0937 elementor-section-boxed elementor-section-height-default elementor-section-height-default\" data-id=\"37ba0937\" data-element_type=\"section\">\n\t\t\t\t\t\t<div class=\"elementor-container elementor-column-gap-narrow\">\n\t\t\t\t\t<div class=\"elementor-column elementor-col-100 elementor-top-column elementor-element elementor-element-629a6788\" data-id=\"629a6788\" data-element_type=\"column\">\n\t\t\t<div class=\"elementor-widget-wrap elementor-element-populated\">\n\t\t\t\t\t\t<section class=\"elementor-section elementor-inner-section elementor-element elementor-element-3cb826d2 elementor-section-boxed elementor-section-height-default elementor-section-height-default\" data-id=\"3cb826d2\" data-element_type=\"section\">\n\t\t\t\t\t\t<div class=\"elementor-container elementor-column-gap-narrow\">\n\t\t\t\t\t<div class=\"elementor-column elementor-col-100 elementor-inner-column elementor-element elementor-element-391b9fa9\" data-id=\"391b9fa9\" data-element_type=\"column\" data-settings=\"{&quot;background_background&quot;:&quot;classic&quot;}\">\n\t\t\t<div class=\"elementor-widget-wrap elementor-element-populated\">\n\t\t\t\t\t\t<div class=\"elementor-element elementor-element-3a4b3366 elementor-widget elementor-widget-spacer\" data-id=\"3a4b3366\" data-element_type=\"widget\" data-widget_type=\"spacer.default\">\n\t\t\t\t<div class=\"elementor-widget-container\">\n\t\t\t\t\t\t\t<div class=\"elementor-spacer\">\n\t\t\t<div class=\"elementor-spacer-inner\"><\/div>\n\t\t<\/div>\n\t\t\t\t\t\t<\/div>\n\t\t\t\t<\/div>\n\t\t\t\t<div class=\"elementor-element elementor-element-7c1be042 elementor-widget elementor-widget-heading\" data-id=\"7c1be042\" data-element_type=\"widget\" data-widget_type=\"heading.default\">\n\t\t\t\t<div class=\"elementor-widget-container\">\n\t\t\t\t\t<h2 class=\"elementor-heading-title elementor-size-default\">NORMATIVA Y JUSRISPRUDENCIA SOBRE VIOLENCIA DE G\u00c9NERO<\/h2>\t\t\t\t<\/div>\n\t\t\t\t<\/div>\n\t\t\t\t<div class=\"elementor-element elementor-element-77f733dc elementor-widget elementor-widget-spacer\" data-id=\"77f733dc\" data-element_type=\"widget\" data-widget_type=\"spacer.default\">\n\t\t\t\t<div class=\"elementor-widget-container\">\n\t\t\t\t\t\t\t<div class=\"elementor-spacer\">\n\t\t\t<div class=\"elementor-spacer-inner\"><\/div>\n\t\t<\/div>\n\t\t\t\t\t\t<\/div>\n\t\t\t\t<\/div>\n\t\t\t\t\t<\/div>\n\t\t<\/div>\n\t\t\t\t\t<\/div>\n\t\t<\/section>\n\t\t\t\t\t<\/div>\n\t\t<\/div>\n\t\t\t\t\t<\/div>\n\t\t<\/section>\n\t\t\t\t<section class=\"elementor-section elementor-top-section elementor-element elementor-element-3bd321aa elementor-section-height-min-height elementor-section-boxed elementor-section-height-default elementor-section-items-middle elementor-invisible\" data-id=\"3bd321aa\" data-element_type=\"section\" data-settings=\"{&quot;background_background&quot;:&quot;classic&quot;,&quot;animation&quot;:&quot;fadeIn&quot;}\">\n\t\t\t\t\t\t<div class=\"elementor-container elementor-column-gap-no\">\n\t\t\t\t\t<div class=\"elementor-column elementor-col-100 elementor-top-column elementor-element elementor-element-e3c0476\" data-id=\"e3c0476\" data-element_type=\"column\">\n\t\t\t<div class=\"elementor-widget-wrap\">\n\t\t\t\t\t\t\t<\/div>\n\t\t<\/div>\n\t\t\t\t\t<\/div>\n\t\t<\/section>\n\t\t\t\t<section class=\"elementor-section elementor-inner-section elementor-element elementor-element-7e77383f elementor-section-height-min-height elementor-section-boxed elementor-section-height-default\" data-id=\"7e77383f\" data-element_type=\"section\" data-settings=\"{&quot;background_background&quot;:&quot;classic&quot;}\">\n\t\t\t\t\t\t<div class=\"elementor-container elementor-column-gap-no\">\n\t\t\t\t\t<div class=\"elementor-column elementor-col-100 elementor-inner-column elementor-element elementor-element-4976af42\" data-id=\"4976af42\" data-element_type=\"column\" data-settings=\"{&quot;background_background&quot;:&quot;classic&quot;}\">\n\t\t\t<div class=\"elementor-widget-wrap elementor-element-populated\">\n\t\t\t\t\t\t<div class=\"elementor-element elementor-element-13500738 elementor-widget elementor-widget-text-editor\" data-id=\"13500738\" data-element_type=\"widget\" data-widget_type=\"text-editor.default\">\n\t\t\t\t<div class=\"elementor-widget-container\">\n\t\t\t\t\t\t\t\t\t<p><span style=\"font-weight: 400;\">A los 17 d\u00edas del mes de febrero de 2022, se aprob\u00f3 en reuni\u00f3n Plenaria la\u00a0 incorporaci\u00f3n, en este sitio oficial web, de una solapa que contenga la normativa y jurisprudencia en materia de g\u00e9nero, mediante Resoluci\u00f3n 12\/2022.\u00a0<\/span><\/p><p><span style=\"font-weight: 400;\">Es una herramienta pensada para facilitar el acceso a normativa, jurisprudencia y a otros documentos elaborados por organismos del sistema regional y universal de derechos humanos, sobre los derechos de las mujeres.<\/span><\/p><p><span style=\"font-weight: 400;\">La pesta\u00f1a contiene la Normativa Internacional y Nacional, e incluso todas las resoluciones dictadas por este Consejo en la materia.\u00a0<\/span><\/p><p><span style=\"font-weight: 400;\">Asimismo contamos con Jurisprudencia Internacional, los fallos m\u00e1s destacados de la Corte Suprema de Justicia de la Naci\u00f3n y\u00a0 una selecci\u00f3n de sentencias y autos interlocutorios dictadas por los tribunales de distintas provincias argentinas.<\/span><\/p><p><span style=\"font-weight: 400;\">El objeto central de este compendio, es que aquellas piezas jur\u00eddicas se\u00a0 encuentren a disposici\u00f3n de los justiciables y de los operadores del sistema de justicia de todo el pa\u00eds permitiendo una b\u00fasqueda r\u00e1pida de normas o est\u00e1ndares internacionales sobre este tema. Se encuentran agregados algunos documentos y res\u00famenes acerca de los documentos citados.<\/span><\/p>\t\t\t\t\t\t\t\t<\/div>\n\t\t\t\t<\/div>\n\t\t\t\t\t<\/div>\n\t\t<\/div>\n\t\t\t\t\t<\/div>\n\t\t<\/section>\n\t\t\t\t<section class=\"elementor-section elementor-top-section elementor-element elementor-element-9178a5b elementor-section-boxed elementor-section-height-default elementor-section-height-default\" data-id=\"9178a5b\" data-element_type=\"section\">\n\t\t\t\t\t\t<div class=\"elementor-container elementor-column-gap-no\">\n\t\t\t\t\t<div class=\"elementor-column elementor-col-100 elementor-top-column elementor-element elementor-element-5b6edb0\" data-id=\"5b6edb0\" data-element_type=\"column\">\n\t\t\t<div class=\"elementor-widget-wrap elementor-element-populated\">\n\t\t\t\t\t\t\t<\/div>\n\t\t<\/div>\n\t\t\t\t\t<\/div>\n\t\t<\/section>\n\t\t\t\t<section class=\"elementor-section elementor-top-section elementor-element elementor-element-9c3ca84 elementor-section-boxed elementor-section-height-default elementor-section-height-default\" data-id=\"9c3ca84\" data-element_type=\"section\">\n\t\t\t\t\t\t<div class=\"elementor-container elementor-column-gap-no\">\n\t\t\t\t\t<div class=\"elementor-column elementor-col-100 elementor-top-column elementor-element elementor-element-143351f\" data-id=\"143351f\" data-element_type=\"column\">\n\t\t\t<div class=\"elementor-widget-wrap elementor-element-populated\">\n\t\t\t\t\t\t<div class=\"elementor-element elementor-element-df5ff0a elementor-widget elementor-widget-spacer\" data-id=\"df5ff0a\" data-element_type=\"widget\" data-widget_type=\"spacer.default\">\n\t\t\t\t<div class=\"elementor-widget-container\">\n\t\t\t\t\t\t\t<div class=\"elementor-spacer\">\n\t\t\t<div class=\"elementor-spacer-inner\"><\/div>\n\t\t<\/div>\n\t\t\t\t\t\t<\/div>\n\t\t\t\t<\/div>\n\t\t\t\t\t<\/div>\n\t\t<\/div>\n\t\t\t\t\t<\/div>\n\t\t<\/section>\n\t\t\t\t<section class=\"elementor-section elementor-top-section elementor-element elementor-element-cca82a7 elementor-section-boxed elementor-section-height-default elementor-section-height-default\" data-id=\"cca82a7\" data-element_type=\"section\">\n\t\t\t\t\t\t<div class=\"elementor-container elementor-column-gap-no\">\n\t\t\t\t\t<div class=\"elementor-column elementor-col-100 elementor-top-column elementor-element elementor-element-50e213b\" data-id=\"50e213b\" data-element_type=\"column\">\n\t\t\t<div class=\"elementor-widget-wrap elementor-element-populated\">\n\t\t\t\t\t\t<div class=\"elementor-element elementor-element-8ad2322 elementor-widget elementor-widget-html\" data-id=\"8ad2322\" data-element_type=\"widget\" data-widget_type=\"html.default\">\n\t\t\t\t<div class=\"elementor-widget-container\">\n\t\t\t\t\t\r\n<script src=\"https:\/\/ajax.googleapis.com\/ajax\/libs\/jquery\/2.2.0\/jquery.min.js\"><\/script>\r\n\r\n<div class=\"row\">\r\n<!-- ====== LEFT ====== -->\r\n<div class=\"left\">\r\n<ul class=\"accordion\">\r\n<li>\r\n<div class=\"accordion-button\">\r\n<h2 class=\"tit-aco\">\u00cdndice Jurisprudencia Internacional<\/h2>\r\n<\/div>\r\n<div class=\"accordion-panel\">\r\n<h3 class=\"titulo-texto-1\" >I) Sentencias de la Corte Interamericana DDHH<\/h3>\r\n\r\n<p>\r\n<b>-<\/b> Penal Miguel Castro Castro vs. Per\u00fa - Fondo, reparaciones y costas - 25 de noviembre de 2006\r\n<\/p>\r\n\r\n\r\n<p><b>-<\/b> Gonz\u00e1lez y otras vs. M\u00e9xico (\u201cCampo Algodonero\u201d) - Excepci\u00f3n preliminar, fondo, reparaciones y costas - 16 de noviembre de 2009    \r\n<\/p>\r\n\r\n<p><b>-<\/b> Masacre de las Dos Erres vs. Guatemala - Excepci\u00f3n preliminar,\r\nfondo, reparaciones y costas - 24 de noviembre de 2009    \r\n<\/p>\r\n\r\n<p><b>-<\/b> Rosendo Cant\u00fa y otra vs. M\u00e9xico - Excepci\u00f3n Preliminar,\r\nFondo, Reparaciones y Costas - 31 de agosto de 2010 \r\n<\/p>\r\n\r\n<p><b>-<\/b> Caso Beatriz vs El Salvador \r\n<\/p>\r\n\r\n<p><b>-<\/b> Caso Br\u00edtez Arce y otros vs Argentina \r\n<\/p>\r\n\r\n<p><b>-<\/b> Caso Manuela y otros vs El Salvador \r\n<\/p>\r\n\r\n<p><b>-<\/b> Caso Mar\u00eda y su hijo Mariano \r\n<\/p>\r\n\r\n<p><b>-<\/b> Caso Vicky Hern\u00e1ndez y otras vs Honduras \r\n<\/p>\r\n\r\n\r\n\r\n<div class=\"line-div\"><\/div>\r\n\r\n\r\n\r\n<h3 class=\"titulo-texto-1\">II) Decisiones de la Comisi\u00f3n Interamericana DDHH<\/h3> \r\n\r\n\r\n<P><b>-<\/b> Raquel Mart\u00edn de Mej\u00eda vs. Per\u00fa. Caso N\u00ba 10.970 - Informe N\u00ba 5\/96 \u2013 1 de marzo de 1996    \r\n<\/P>\r\n\r\n<P><b>-<\/b> X e Y vs. Argentina. Caso N\u00ba 10.506 - Informe N\u00ba 38\/96 \u2013 15 de octubre de 1996\r\n    \r\n<\/P>\r\n\r\n<P><b>-<\/b> Mar\u00eda Eugenia Morales de Sierra vs. Guatemala Caso N\u00ba 11.625 - Informe N\u00ba 4\/01 \u2013 19 de enero de 2001    \r\n    \r\n<\/P>\r\n\r\n<P><b>-<\/b> Ana, Beatriz y Celia Gonz\u00e1lez P\u00e9rez vs. M\u00e9xico. Caso N\u00ba 11.565 - Informe N\u00ba 53\/01 \u2013 4 de abril de 2001    \r\n    \r\n<\/P>\r\n\r\n<P><b>-<\/b> Maria da Penha Maia Fernandes vs. Brasil. Caso N\u00ba 12.051 - Informe N\u00ba 54\/01 \u2013 16 de abril de 2001    \r\n<\/P>\r\n\r\n<P><b>-<\/b> Jessica Lenahan (Gonzales) y otros vs. Estados Unidos. Caso N\u00ba 12.626 - Informe N\u00ba 80\/11 - 21 de julio de 2011    \r\n<\/P>\r\n\r\n\r\n\r\n\r\n<div class=\"line-div\"><\/div>\r\n\r\n\r\n\r\n<h3 class=\"titulo-texto-1\">III) Sentencias de la Corte Europea de DDHH<\/h3> \r\n\r\n<p><b>-<\/b> Aydin vs Turqu\u00eda \r\n<\/p>\r\n\r\n<p><b>-<\/b> Sentencia del 25 de septiembre de 1997    \r\n<\/p>\r\n\r\n<p><b>-<\/b> Jabari vs. Turqu\u00eda    \r\n<\/p>\r\n\r\n<p><b>-<\/b> Demanda N\u00ba 40035\/98 - Sentencia del 11 de julio de 2000    \r\n<\/p>\r\n\r\n\r\n<p><b>-<\/b> Y. F. vs. Turqu\u00eda    \r\n<\/p>\r\n\r\n\r\n<p><b>-<\/b> Demanda N\u00ba 24209\/94 - Sentencia del 22 de julio de 2003    \r\n<\/p>\r\n\r\n<p><b>-<\/b> M. C. vs. Bulgaria    \r\n<\/p>\r\n\r\n\r\n<p><b>-<\/b> Demanda N\u00ba 39272\/98 - Sentencia del 4 de diciembre de 2003    \r\n<\/p>\r\n\r\n\r\n<p><b>-<\/b> Siliadin vs. Francia    \r\n<\/p>\r\n\r\n<p><b>-<\/b> Demanda N\u00ba 73316\/01 - Sentencia del 26 de julio de 2005    \r\n<\/p>\r\n\r\n<p><b>-<\/b> Bevacqua vs. Bulgaria    \r\n<\/p>\r\n\r\n<p><b>-<\/b> Demanda N\u00ba 71127\/01 - Sentencia del 12 de junio de 2008    \r\n<\/p>\r\n\r\n<p><b>-<\/b> Opuz vs. Turqu\u00eda    \r\n<\/p>\r\n\r\n<p><b>-<\/b> Demanda N\u00ba 33401\/02 - Sentencia del 9 de junio de 2009    \r\n<\/p>\r\n\r\n\r\n\r\n<div class=\"line-div\"><\/div>\r\n\r\n\r\n\r\n<h3 class=\"titulo-texto-1\">IV) Sentencias del Tribunal Penal Internacional<\/h3>\r\n\r\n<p><b>-<\/b> Para Ruanda\r\n<\/p>\r\n\r\n<p><b>-<\/b> Fiscal vs. Jean Paul Akayesu\r\n<\/p>\r\n\r\n<p><b>-<\/b> Caso N\u00ba ICTR-96-4-T - Sentencia del 2 de septiembre de 1998\r\n<\/p>\r\n\r\n<p><b>-<\/b> Fiscal vs. Laurent Semanza\r\n<\/p>\r\n\r\n<p><b>-<\/b> Caso N\u00ba ICTR-97-20-T - Sentencia del 15 de mayo de 2003\r\n<\/p>\r\n\r\n<p><b>-<\/b> Fiscal vs. Mikaeli Muhimana\r\n<\/p>\r\n\r\n<p><b>-<\/b> Caso N\u00ba ICTR-95-1B-T - Sentencia del 28 de abril de 2005\r\n<\/p>\r\n\r\n<p><b>-<\/b> Para la Ex Yugoslavia\r\n<\/p>\r\n\r\n<p><b>-<\/b> Fiscal vs. Zejnil Delali\u0107 et al. - \u010celebi\u0107i\r\n<\/p>\r\n\r\n<p><b>-<\/b> Caso N\u00ba IT-96-21-T - Sentencia del 16 de noviembre de 1998\r\n<\/p>\r\n\r\n<p><b>-<\/b> Fiscal vs. Anto Furund\u017eija\r\n<\/p>\r\n\r\n<p><b>-<\/b> Caso N\u00ba IT-95-17\/1-T - Sentencia del 10 de diciembre de 1998\r\n<\/p>\r\n\r\n<p><b>-<\/b> Fiscal vs. Kunarac et al. - Fo\u010da\r\n<\/p>\r\n\r\n<p><b>-<\/b> Caso N\u00ba IT-96-23-T & IT-96-23\/1-T - Sentencia del 22 de febrero de 2001\r\n<\/p>\r\n\r\n<div class=\"line-div\"><\/div>\r\n\r\n\r\n\r\n<h3 class=\"titulo-texto-1\">V) Sentencias del Tribunal Penal Internacional<\/h3>\r\n\r\n<p><b>-<\/b> Para Sierra Leona\r\n<\/p>\r\n\r\n<p><b>-<\/b> Fiscal vs. Sesay et al.\r\n<\/p>\r\n\r\n<p><b>-<\/b> Caso N\u00ba SCSL-04-15-T - Sentencia del 2 de marzo de 2009\r\n<\/p>\r\n\r\n\r\n<div class=\"line-div\"><\/div>\r\n\r\n\r\n\r\n<h3 class=\"titulo-texto-1\">VI) Decisiones del Comit\u00e9 para la Eliminaci\u00f3n de la Discriminaci\u00f3n contra la Mujer (Cedaw)<\/h3>\r\n\r\n\r\n<p><b>-<\/b> T. vs. Hungr\u00eda\r\n<\/p>\r\n\r\n<p><b>-<\/b> Comunicaci\u00f3n N\u00ba 2\/2003 - Decisi\u00f3n del 26 de enero de 2005\r\n<\/p>\r\n\r\n<p><b>-<\/b> \u015eahide Goekce (fallecida) vs. Austria\r\n<\/p>\r\n\r\n<p><b>-<\/b> Comunicaci\u00f3n N\u00ba 5\/2005 - Decisi\u00f3n del 6 de agosto de 2007\r\n\r\n<\/p>\r\n\r\n<p><b>-<\/b> Fatma Yildirim (fallecida) vs. Austria\r\n<\/p>\r\n\r\n<p><b>-<\/b> Comunicaci\u00f3n N\u00ba 6\/2005 - Decisi\u00f3n del 6 de agosto de 2007\r\n<\/p>\r\n\r\n<p><b>-<\/b> Karen Tayag Vertido vs. Filipinas\r\n<\/p>\r\n\r\n<p><b>-<\/b> Comunicaci\u00f3n N\u00ba 18\/2008 - Decisi\u00f3n del 16 de julio de 2010\r\n<\/p>\r\n\r\n\r\n\r\n<table>\r\n<caption><\/caption>\r\n<thead>\r\n<tr>\r\n<th scope=\"col\"><\/th>\r\n<th scope=\"col\"><\/th>\r\n      \r\n<\/tr>\r\n<\/thead>\r\n<tbody>\r\n    \r\n    \r\n    \r\n<tr>\r\n<td data-label=\"\">Caso Beatriz vs El Salvador<\/td>\r\n<td data-label=\"\">\r\n          \r\n<a href=\"https:\/\/consejomagistratura.gov.ar\/wp-content\/uploads\/2023\/09\/Caso-Beatriz.-El-Salvador-Informe-No.9-20-Caso-13.378.pdf\"><img decoding=\"async\" class=\"img-pdf\" src=\"https:\/\/consejomagistratura.gov.ar\/wp-content\/uploads\/2022\/04\/pdf-flat.png\"\/><\/a>      \r\n          \r\n<\/td>\r\n<\/tr>\r\n\r\n<tr>\r\n<td data-label=\"\">Caso Br\u00edtez Arce y otros vs Argentina<\/td>\r\n<td data-label=\"\">\r\n          \r\n<a href=\"https:\/\/consejomagistratura.gov.ar\/wp-content\/uploads\/2023\/09\/Caso-Britez-Arce-y-otros-vs-Argentina.pdf\"><img decoding=\"async\" class=\"img-pdf\" src=\"https:\/\/consejomagistratura.gov.ar\/wp-content\/uploads\/2022\/04\/pdf-flat.png\"\/><\/a>      \r\n          \r\n<\/td>\r\n<\/tr>\r\n\r\n<tr>\r\n<td data-label=\"\">Caso Manuela y otros vs El Salvador<\/td>\r\n<td data-label=\"\">\r\n          \r\n<a href=\"https:\/\/consejomagistratura.gov.ar\/wp-content\/uploads\/2023\/09\/Caso-Manuela-y-otros-vs.-El-Salvador.pdf\"><img decoding=\"async\" class=\"img-pdf\" src=\"https:\/\/consejomagistratura.gov.ar\/wp-content\/uploads\/2022\/04\/pdf-flat.png\"\/><\/a>      \r\n          \r\n<\/td>\r\n<\/tr>\r\n\r\n<tr>\r\n<td data-label=\"\">Caso Mar\u00eda y su hijo Mariano<\/td>\r\n<td data-label=\"\">\r\n          \r\n<a href=\"https:\/\/consejomagistratura.gov.ar\/wp-content\/uploads\/2023\/09\/Caso-Maria-y-su-hijo-Mariano-Informe-No.-39.-21-Caso-14.059.pdf\"><img decoding=\"async\" class=\"img-pdf\" src=\"https:\/\/consejomagistratura.gov.ar\/wp-content\/uploads\/2022\/04\/pdf-flat.png\"\/><\/a>      \r\n          \r\n<\/td>\r\n<\/tr>\r\n\r\n<tr>\r\n<td data-label=\"\">Caso Vicky Hern\u00e1ndez y otras vs Honduras<\/td>\r\n<td data-label=\"\">\r\n          \r\n<a href=\"https:\/\/consejomagistratura.gov.ar\/wp-content\/uploads\/2023\/09\/Caso-Vicky-Hernandez-y-otras-vs.-Honduras.pdf\"><img decoding=\"async\" class=\"img-pdf\" src=\"https:\/\/consejomagistratura.gov.ar\/wp-content\/uploads\/2022\/04\/pdf-flat.png\"\/><\/a>      \r\n          \r\n<\/td>\r\n<\/tr>\r\n    \r\n    \r\n    \r\n    \r\n    \r\n    \r\n    \r\n    \r\n    \r\n    \r\n    \r\n<tr>\r\n<td data-label=\"\">Campo Algodonero<\/td>\r\n<td data-label=\"\">\r\n          \r\n<a href=\"https:\/\/consejomagistratura.gov.ar\/wp-content\/uploads\/2022\/04\/CAMPO-ALGODONERO.pdf\"><img decoding=\"async\" class=\"img-pdf\" src=\"https:\/\/consejomagistratura.gov.ar\/wp-content\/uploads\/2022\/04\/pdf-flat.png\"\/><\/a>      \r\n          \r\n<\/td>\r\n<\/tr>\r\n    \r\n<tr>\r\n<td scope=\"row\" data-label=\"\">Caso Miguel Castro Castro<\/td>\r\n<td data-label=\"\">\r\n          \r\n<a href=\"https:\/\/consejomagistratura.gov.ar\/wp-content\/uploads\/2022\/04\/CASO-MIGUEL-CASTRO-CASTRO.pdf\"><img decoding=\"async\" class=\"img-pdf\" src=\"https:\/\/consejomagistratura.gov.ar\/wp-content\/uploads\/2022\/04\/pdf-flat.png\"\/><\/a>       \r\n          \r\n<\/td>\r\n<\/tr>\r\n\r\n<tr>\r\n<td scope=\"row\" data-label=\"\">Fallo Atala Riffo<\/td>\r\n<td data-label=\"\">\r\n          \r\n<a href=\"https:\/\/consejomagistratura.gov.ar\/wp-content\/uploads\/2022\/04\/Fallo-Atala-Riffo.pdf\"><img decoding=\"async\" class=\"img-pdf\" src=\"https:\/\/consejomagistratura.gov.ar\/wp-content\/uploads\/2022\/04\/pdf-flat.png\"\/><\/a>       \r\n          \r\n<\/td>\r\n<\/tr>\r\n    \r\n<tr>\r\n<td scope=\"row\" data-label=\"\">Masacre de las Dos Erres vs. Guatemala<\/td>\r\n<td data-label=\"\">\r\n          \r\n<a href=\"https:\/\/consejomagistratura.gov.ar\/wp-content\/uploads\/2022\/04\/MASACRE-DE-LAS-DOR-ERRES-VS-GUATEMALA.pdf\"><img decoding=\"async\" class=\"img-pdf\" src=\"https:\/\/consejomagistratura.gov.ar\/wp-content\/uploads\/2022\/04\/pdf-flat.png\"\/><\/a>       \r\n          \r\n<\/td>\r\n<\/tr>\r\n\r\n<tr>\r\n<td scope=\"row\" data-label=\"\">Sentencia Corte Interamericana - Caso Rosendo Cant\u00fa<\/td>\r\n<td data-label=\"\">\r\n          \r\n<a href=\"https:\/\/consejomagistratura.gov.ar\/wp-content\/uploads\/2022\/04\/Sentencia-Corte-Interamericana-Caso-ROSENDO-CANTU.pdf\"><img decoding=\"async\" class=\"img-pdf\" src=\"https:\/\/consejomagistratura.gov.ar\/wp-content\/uploads\/2022\/04\/pdf-flat.png\"\/><\/a>     \r\n          \r\n          \r\n<\/td>\r\n <\/tr>\r\n<\/tbody>\r\n<\/table>\r\n\r\n\r\n\r\n\r\n          <\/div>\r\n      <\/li>\r\n      \r\n      \r\n\r\n\r\n\r\n      \r\n\r\n      \r\n\r\n      <li>\r\n        <div class=\"accordion-button\">\r\n          <h2 class=\"tit-aco\">Fallos de la Corte<\/h2>\r\n        <\/div>\r\n          <div class=\"accordion-panel\">\r\n            <p>Destacamos ocho fallos dictados por el M\u00e1ximo Tribunal de nuestro pa\u00eds, durante los \u00faltimos a\u00f1os, en materia de g\u00e9nero.<\/p>\r\n<p>El movimiento feminista en nuestro pa\u00eds, en Latinoam\u00e9rica y en el mundo viene expandi\u00e9ndose en todos los \u00e1mbitos.<\/p> \r\n<p>En lo que va del 2022 hubo m\u00e1s de 76 femicidios en Argentina, que potencia el reclamo por una reforma judicial feminista, para que se act\u00fae con una real perspectiva de g\u00e9nero.<\/p>\r\n<p>En ese contexto, decidimos destacar de nuestro M\u00e1ximo Tribunal en materia de g\u00e9nero.  algunos pronunciamientos dictados en los \u00faltimos a\u00f1os, aunque no todos han sentado un precedente positivo.<\/p>\r\n\r\n<h3 class=\"titulo-texto-1\">Leiva, Mar\u00eda Cecilia\u00a0 s\/homicidio simple (2011)<\/h3>\r\n\r\n<p>La Corte de Justicia de Catamarca confirm\u00f3 la sentencia que conden\u00f3 a Mar\u00eda Cecilia Leiva por el homicidio de su pareja y padre de sus hijos\/as, sin considerar las pruebas que evidenciaban que hab\u00eda obrado en leg\u00edtima defensa. Los informes m\u00e9dicos arrojaron que ella contaba con varias heridas en su cuerpo y que presentaba un estado depresivo. La justicia de Catamarca no s\u00f3lo ignor\u00f3 el contexto de violencia de g\u00e9nero, si no que responsabiliz\u00f3 a la mujer por ello, por encontrarse conviviendo con el agresor.<\/P>\r\n<p>La Corte Suprema de Justicia de la Naci\u00f3n (CSJN) dej\u00f3 sin efecto esta sentencia. El voto de Highton de Nolasco refiere que \u201cla ley 26.485 de Protecci\u00f3n Integral de la Mujer, establece un principio de amplitud probatoria \u2018para acreditar los hechos denunciados, teniendo en cuenta las circunstancias especiales en las que se desarrollan los actos de violencia\u2019, tanto para tener por acreditados los hechos cuanto para resolver en un fallo al respecto\u201d y que el descarte de la leg\u00edtima defensa infiriendo que \u201cLeiva se someti\u00f3 libremente a una hipot\u00e9tica agresi\u00f3n ileg\u00edtima, no solo soslaya las disposiciones de convenciones internacionales y normas internas que avanzan sobre la materia, sino que lisa y llanamente aparece en colisi\u00f3n con su contenido\u201d.<\/p>\r\n\r\n<h3 class=\"titulo-texto-1\">F.A.L s\/medida autosatisfactiva (2012)\r\n<\/h3>\r\n\r\n<p>En este caso, la Corte fij\u00f3 la manera en la que los tribunales deb\u00edan interpretar y aplicar el art\u00edculo 86 inc. 2 del C\u00f3digo Penal, delimitando el alcance del aborto no punible. Algunas instancias judiciales entend\u00edan que dicho art\u00edculo s\u00f3lo se aplicaba respecto de la v\u00edctima de una violaci\u00f3n que poseyera alguna discapacidad mental, lo que llev\u00f3 a que la cuesti\u00f3n se judicializara a lo largo del pa\u00eds con resultados adversos.<\/p>\r\n<p>La Corte Suprema, por unanimidad, entendi\u00f3 que dicho supuesto de aborto no punible se aplica a todas aquellas personas embarazadas producto de una violaci\u00f3n, independientemente de su salud mental. Adem\u00e1s estableci\u00f3 que los m\u00e9dicos no pueden requerir autorizaci\u00f3n judicial para realizar esta clase de abortos, debiendo practicarlos requiriendo exclusivamente una declaraci\u00f3n jurada de la v\u00edctima, o de su representante legal.<\/p>\r\n<p>Por otra parte, exhort\u00f3 a las autoridades nacionales, provinciales y de la Ciudad Aut\u00f3noma de Buenos Aires a implementar protocolos hospitalarios para la atenci\u00f3n de los abortos no punibles.<\/p>\r\n<p>Cabe aclarar que la Corte declar\u00f3 este caso como abstracto. No obstante, seg\u00fan su propia jurisprudencia estaba autorizado a pronunciarse ya que \u201ca) que el tiempo que implica el tr\u00e1mite judicial de cuestiones de esta naturaleza excede el que lleva su de curso natural, b) que era necesario el dictado de un pronunciamiento que pudiera servir de gu\u00eda para la soluci\u00f3n de futuros casos an\u00e1logos\u00a0 y c) estaba comprometida la responsabilidad internacional del Estado Argentino\u201d.<\/p>\r\n\r\n<h3 class=\"titulo-texto-1\">G\u00f3ngora, Gabriel Arnaldo (2013)<\/h3>\r\n\r\n<p>En este fallo, la CSJN, rechaz\u00f3 la suspensi\u00f3n del juicio a prueba solicitada por el imputado, entendiendo que con ello se frustrar\u00eda la posibilidad de dilucidar hechos de violencia contra la mujer y ser\u00eda imposible garantizar el derecho de la v\u00edctima de acceder al proceso, tal como lo ordena la Convenci\u00f3n Interamericana para Prevenir, Sancionar y Erradicar la Violencia contra la Mujer.<\/p>\r\n<p>Hay que tener en cuenta que ese instituto tiene como principal consecuencia, tal como su nombre lo indica, la suspensi\u00f3n de la realizaci\u00f3n del debate y, en caso de que el imputado cumpla con lo previsto en las normas durante el tiempo de suspensi\u00f3n, la posibilidad de realizar el juicio se cancela definitivamente. Esto, aplicado en casos de violencia de g\u00e9nero, desatiende las obligaciones internacionalmente asumidas por el Estado argentino.<\/p>\r\n\r\n<h3 class=\"titulo-texto-1\">Sisnero Mirtha Graciela y otros c\/ Taldelva SRL y otros s\/ amparo (2014)<\/h3>\r\n\r\n<p>El caso se trata de una acci\u00f3n de amparo interpuesta por Mirtha Graciela Sisnero contra varias empresas de transporte p\u00fablico de pasajeros de la ciudad de Salta, por impedirle acceder al puesto de chofer, pese a cumplir con los requisitos de idoneidad exigidos. El caso tuvo sentencia favorable, que fue confirmada por la C\u00e1mara de Apelaciones Civil y Comercial de la ciudad de Salta. Sin embargo, el fallo lleg\u00f3 a la Corte Suprema de Justicia de Salta que revoc\u00f3 ese pronunciamiento y consider\u00f3 que en la causa no se configuraba un caso de discriminaci\u00f3n y que la prueba presentada era insuficiente.<\/p>\r\n<p>As\u00ed lleg\u00f3 el caso a la Corte Suprema de Justicia de la Naci\u00f3n, que dej\u00f3 sin efecto el fallo de la corte provincial y destac\u00f3 que la Convenci\u00f3n para la Eliminaci\u00f3n de la Violencia contra la Mujer (CEDAW) establece que los Estados parte deber\u00e1n adoptar medidas en el \u00e1mbito laboral, para garantizar el derecho a las mujeres a las mismas oportunidades de empleo y modificar o derogar leyes, reglamentos, usos o pr\u00e1cticas que constituyan discriminaci\u00f3n contra la mujer.<\/p>\r\n<p>Adem\u00e1s, la CSJN concluy\u00f3 que \u201csi el reclamante puede acreditar la existencia de\u00a0 hechos de\u00a0 los que pueda presumirse su\u00a0 car\u00e1cter discriminatorio, corresponder\u00e1 al demandado la prueba de\u00a0 su\u00a0 inexistencia\u201d.\u00a0Al analizar la postura de las demandadas, observ\u00f3 que \u201clas dogm\u00e1ticas explicaciones esbozadas por las empresas resultan inadmisibles para destruir la\u00a0 presunci\u00f3n de\u00a0 que las demandadas han incurrido en\u00a0 conductas y\u00a0 pr\u00e1cticas discriminatorias contra las mujeres en general y\u00a0 contra Sisnero, en particular\u201d.<\/p>\r\n\r\n<h3 class=\"titulo-texto-1\">Ciudad Futura (2018)\r\n<\/h3>\r\n\r\n<p>La C\u00e1mara Nacional Electoral confirm\u00f3 la sentencia de primera instancia que orden\u00f3 la adecuaci\u00f3n de la lista \u201cCiudad Futura\u201d por estar integrada en su totalidad por precandidatas mujeres. El voto mayoritario de los jueces Alberto R. Dalla Via y Mart\u00edn Irurzun, expres\u00f3 que \u201csi bien es cierto que la ley 24.012 se sanciona en resguardo de los derechos de las mujeres a gozar de iguales oportunidades que los hombres en la postulaci\u00f3n para cargos electivos, ello no implica que no deba resguardarse id\u00e9ntico derecho para los hombres. M\u00e1xime a la luz del art\u00edculo 37 de la Constituci\u00f3n Nacional, que garantiza iguales derechos a ambos sexos, sin ning\u00fan tipo de diferenciaci\u00f3n\u201d y que \u201cque nuestro pa\u00eds ha seguido los principios consagrados en el orden internacional que en materia electoral y de partidos pol\u00edticos se pronuncian claramente en favor de una participaci\u00f3n igualitaria y sin discriminaciones fundadas en meros prejuicios entre varones y mujeres\u201d.<\/p>\r\n<p>El fallo lleg\u00f3 a la Corte Suprema de Justicia de la Naci\u00f3n, que declar\u00f3 el caso como abstracto dado que las elecciones ya se hab\u00edan celebrado.<\/p>\r\n\r\n\r\n\r\n<h3 class=\"titulo-texto-1\">Caso CC y otros sobre violaci\u00f3n de secretos\r\n<\/h3>\r\n\r\n<h3 class=\"titulo-texto-1\">S.J.M sobre  Abuso sexual\r\n<\/h3>\r\n\r\n<h3 class=\"titulo-texto-1\">Internas de la Unidad  del SPF y otros sobre Habeas Corpus\r\n<\/h3>\r\n\r\n\r\n   <table>\r\n<caption><\/caption>\r\n<thead>\r\n<tr>\r\n<th scope=\"col\"><\/th>\r\n<th scope=\"col\"><\/th>\r\n      \r\n<\/tr>\r\n<\/thead>\r\n<tbody>\r\n<tr>\r\n<td data-label=\"\">FAL Medida Autosatisfactiva<\/td>\r\n<td data-label=\"\">\r\n          \r\n<a href=\"https:\/\/consejomagistratura.gov.ar\/wp-content\/uploads\/2022\/04\/FAL-medida-autosatisfactiva.pdf\"><img decoding=\"async\" class=\"img-pdf\" src=\"https:\/\/consejomagistratura.gov.ar\/wp-content\/uploads\/2022\/04\/pdf-flat.png\"\/><\/a>          \r\n          \r\n<\/td>\r\n<\/tr>\r\n    \r\n<tr>\r\n<td scope=\"row\" data-label=\"\">Fallo FRE 008033_2015_TO01_6_RH001<\/td>\r\n<td data-label=\"\">\r\n          \r\n<a href=\"https:\/\/consejomagistratura.gov.ar\/wp-content\/uploads\/2022\/04\/FALLO-FRE-008033_2015_TO01_6_RH001-2.pdf\"><img decoding=\"async\" class=\"img-pdf\" src=\"https:\/\/consejomagistratura.gov.ar\/wp-content\/uploads\/2022\/04\/pdf-flat.png\"\/><\/a>       \r\n          \r\n<\/td>\r\n<\/tr>\r\n\r\n<tr>\r\n<td scope=\"row\" data-label=\"\">Gongora<\/td>\r\n<td data-label=\"\">\r\n          \r\n<a href=\"https:\/\/consejomagistratura.gov.ar\/wp-content\/uploads\/2022\/04\/GONGORA.pdf\"><img decoding=\"async\" class=\"img-pdf\" src=\"https:\/\/consejomagistratura.gov.ar\/wp-content\/uploads\/2022\/04\/pdf-flat.png\"\/><\/a>       \r\n          \r\n<\/td>\r\n<\/tr>\r\n    \r\n<tr>\r\n<td scope=\"row\" data-label=\"\">Leiva Mar\u00eda Cecilia<\/td>\r\n<td data-label=\"\">\r\n          \r\n<a href=\"https:\/\/consejomagistratura.gov.ar\/wp-content\/uploads\/2022\/04\/LEIVA-MARIA-CECILIA-.pdf\"><img decoding=\"async\" class=\"img-pdf\" src=\"https:\/\/consejomagistratura.gov.ar\/wp-content\/uploads\/2022\/04\/pdf-flat.png\"\/><\/a>       \r\n          \r\n<\/td>\r\n<\/tr>\r\n\r\n<tr>\r\n<td scope=\"row\" data-label=\"\">Sisneros<\/td>\r\n<td data-label=\"\">\r\n          \r\n<a href=\"https:\/\/consejomagistratura.gov.ar\/wp-content\/uploads\/2022\/04\/SISNEROS.pdf\"><img decoding=\"async\" class=\"img-pdf\" src=\"https:\/\/consejomagistratura.gov.ar\/wp-content\/uploads\/2022\/04\/pdf-flat.png\"\/><\/a>     \r\n          \r\n          \r\n<\/td>\r\n <\/tr>\r\n<\/tbody>\r\n<\/table> \r\n\r\n\r\n\r\n          <\/div>\r\n      <\/li>\r\n      \r\n      \r\n      \r\n\r\n      \r\n      \r\n\r\n      <li>\r\n        <div class=\"accordion-button\">\r\n          <h2 class=\"tit-aco\">Jurisprudencia Nacional<\/h2>\r\n        <\/div>\r\n          <div class=\"accordion-panel\">\r\n              \r\n<p>Se presenta una selecci\u00f3n de sentencias y autos interlocutorios dictadas por la Justicia de distintas provincias argentinas. Con el objetivo de mayor accesibilidad introductoria y federalismo se ha seleccionado un fallo por provincia.<\/p>\r\n<p>Cada una de las decisiones que integran esta solapa preserva la identidad de las partes, conforme la normativa vigente. Se pueden leer los autos anonimizados.<\/p> \r\n<p>En 2020, la Comisi\u00f3n Permanente de G\u00e9nero y Acceso a la Justicia de la Cumbre Judicial Iberoamericana convoc\u00f3 a todos los poderes judiciales a enviar fallos, a fin de integrar un proyecto de an\u00e1lisis de sentencias con perspectiva de g\u00e9nero de todos los pa\u00edses de la regi\u00f3n.<\/p>\r\n<p>Las sentencias y autos interlocutorios remitidos a la Oficina de la Mujer de la Corte Suprema de Justicia de la Naci\u00f3n, debieron abordar la protecci\u00f3n de los derechos de mujeres, ni\u00f1as, adolescentes y del colectivo LGBTTIQ (lesbianas, gays, bisexuales, travestis, transg\u00e9nero, intersexuales y queer) y hacer alusi\u00f3n al derecho a la igualdad, las relaciones asim\u00e9tricas de poder, los estereotipos discriminatorios de g\u00e9nero, la discriminaci\u00f3n o los diferentes tipos de violencia de g\u00e9nero y el cuestionamiento de la neutralidad de la norma.<\/p>\r\n<p>Con todo el material remitido, la O.M present\u00f3 el primer compendio de sentencias con perspectiva de g\u00e9nero de la Argentina, cada una de ellas se encuentran disponibles en\u00a0la \"Base de jurisprudencia\". Los invitamos a revisitarla para mayor profundizaci\u00f3n.<\/p>\r\n\r\n\r\n<h3 class=\"titulo-texto-1\">Caso Diana Sacay\u00e1n\r\n<\/h3>\r\n\r\n\r\n\r\n <table>\r\n<caption><\/caption>\r\n<thead>\r\n<tr>\r\n<th scope=\"col\"><\/th>\r\n<th scope=\"col\"><\/th>\r\n      \r\n<\/tr>\r\n<\/thead>\r\n<tbody>\r\n    \r\n    \r\n    \r\n    \r\n<tr>\r\n<td data-label=\"\">Caso Diana Sacay\u00e1n<\/td>\r\n<td data-label=\"\">\r\n          \r\n<a href=\"https:\/\/consejomagistratura.gov.ar\/wp-content\/uploads\/2023\/09\/sentencia-casacion-sacayan-5-10-2020.pdf\"><img decoding=\"async\" class=\"img-pdf\" src=\"https:\/\/consejomagistratura.gov.ar\/wp-content\/uploads\/2022\/04\/pdf-flat.png\"\/><\/a>      \r\n          \r\n<\/td>\r\n<\/tr>    \r\n    \r\n    \r\n    \r\n<tr>\r\n<td data-label=\"\">C\u00e1mara Federal de Apelaciones de la Plata<\/td>\r\n<td data-label=\"\">\r\n          \r\n<a href=\"https:\/\/consejomagistratura.gov.ar\/wp-content\/uploads\/2022\/04\/Camara-Federal-de-Apelaciones-de-la-Plata.pdf\"><img decoding=\"async\" class=\"img-pdf\" src=\"https:\/\/consejomagistratura.gov.ar\/wp-content\/uploads\/2022\/04\/pdf-flat.png\"\/><\/a>      \r\n          \r\n<\/td>\r\n<\/tr>\r\n    \r\n<tr>\r\n<td scope=\"row\" data-label=\"\">C\u00e1mara Federal de Casaci\u00f3n Penal<\/td>\r\n<td data-label=\"\">\r\n          \r\n<a href=\"https:\/\/consejomagistratura.gov.ar\/wp-content\/uploads\/2022\/04\/Camara-Federal-de-Casacion-Penal.pdf\"><img decoding=\"async\" class=\"img-pdf\" src=\"https:\/\/consejomagistratura.gov.ar\/wp-content\/uploads\/2022\/04\/pdf-flat.png\"\/><\/a>       \r\n          \r\n<\/td>\r\n<\/tr>\r\n\r\n<tr>\r\n<td scope=\"row\" data-label=\"\">C\u00e1mara nacional de Casaci\u00f3n Crim. y Correc. CABA<\/td>\r\n<td data-label=\"\">\r\n          \r\n<a href=\"https:\/\/consejomagistratura.gov.ar\/wp-content\/uploads\/2022\/04\/Camara-nacional-de-Casacion-Crim-y-Correc.-CABA.pdf\"><img decoding=\"async\" class=\"img-pdf\" src=\"https:\/\/consejomagistratura.gov.ar\/wp-content\/uploads\/2022\/04\/pdf-flat.png\"\/><\/a>       \r\n          \r\n<\/td>\r\n<\/tr>\r\n    \r\n<tr>\r\n<td scope=\"row\" data-label=\"\">C\u00e1mara Nacional de Casaci\u00f3n en lo Crim y Correc.<\/td>\r\n<td data-label=\"\">\r\n          \r\n<a href=\"https:\/\/consejomagistratura.gov.ar\/wp-content\/uploads\/2022\/04\/Camara-Nacional-de-Casacion-en-lo-Crim-y-correc.pdf\"><img decoding=\"async\" class=\"img-pdf\" src=\"https:\/\/consejomagistratura.gov.ar\/wp-content\/uploads\/2022\/04\/pdf-flat.png\"\/><\/a>       \r\n          \r\n<\/td>\r\n<\/tr>\r\n\r\n<tr>\r\n<td scope=\"row\" data-label=\"\">Catamarca<\/td>\r\n<td data-label=\"\">\r\n          \r\n<a href=\"https:\/\/consejomagistratura.gov.ar\/wp-content\/uploads\/2022\/04\/Catamarca.pdf\"><img decoding=\"async\" class=\"img-pdf\" src=\"https:\/\/consejomagistratura.gov.ar\/wp-content\/uploads\/2022\/04\/pdf-flat.png\"\/><\/a>     \r\n          \r\n          \r\n<\/td>\r\n<\/tr>\r\n\r\n<tr>\r\n<td scope=\"row\" data-label=\"\">Chaco<\/td>\r\n<td data-label=\"\">\r\n          \r\n<a href=\"https:\/\/consejomagistratura.gov.ar\/wp-content\/uploads\/2022\/04\/Chaco.pdf\"><img decoding=\"async\" class=\"img-pdf\" src=\"https:\/\/consejomagistratura.gov.ar\/wp-content\/uploads\/2022\/04\/pdf-flat.png\"\/><\/a>     \r\n          \r\n          \r\n<\/td>\r\n<\/tr>\r\n\r\n<tr>\r\n<td scope=\"row\" data-label=\"\">Ciudad Aut\u00f3noma de Buenos Aires<\/td>\r\n<td data-label=\"\">\r\n          \r\n<a href=\"https:\/\/consejomagistratura.gov.ar\/wp-content\/uploads\/2022\/04\/Ciudad-Autonoma-de-Buenos-Aires.pdf\"><img decoding=\"async\" class=\"img-pdf\" src=\"https:\/\/consejomagistratura.gov.ar\/wp-content\/uploads\/2022\/04\/pdf-flat.png\"\/><\/a>     \r\n          \r\n          \r\n<\/td>\r\n<\/tr>\r\n\r\n<tr>\r\n<td scope=\"row\" data-label=\"\">Ciudad Aut\u00f3noma de Buenos Aires (2)<\/td>\r\n<td data-label=\"\">\r\n          \r\n<a href=\"https:\/\/consejomagistratura.gov.ar\/wp-content\/uploads\/2022\/04\/Ciudad-Autonoma-de-Buenos-Aires-2.pdf\"><img decoding=\"async\" class=\"img-pdf\" src=\"https:\/\/consejomagistratura.gov.ar\/wp-content\/uploads\/2022\/04\/pdf-flat.png\"\/><\/a>     \r\n          \r\n          \r\n<\/td>\r\n<\/tr>\r\n\r\n<tr>\r\n<td scope=\"row\" data-label=\"\">C\u00f3rdoba<\/td>\r\n<td data-label=\"\">\r\n          \r\n<a href=\"https:\/\/consejomagistratura.gov.ar\/wp-content\/uploads\/2022\/04\/Cordoba.pdf\"><img decoding=\"async\" class=\"img-pdf\" src=\"https:\/\/consejomagistratura.gov.ar\/wp-content\/uploads\/2022\/04\/pdf-flat.png\"\/><\/a>     \r\n          \r\n          \r\n<\/td>\r\n<\/tr>\r\n\r\n<tr>\r\n<td scope=\"row\" data-label=\"\">Corrientes<\/td>\r\n<td data-label=\"\">\r\n          \r\n<a href=\"https:\/\/consejomagistratura.gov.ar\/wp-content\/uploads\/2022\/04\/Corrientes.pdf\"><img decoding=\"async\" class=\"img-pdf\" src=\"https:\/\/consejomagistratura.gov.ar\/wp-content\/uploads\/2022\/04\/pdf-flat.png\"\/><\/a>     \r\n          \r\n          \r\n<\/td>\r\n<\/tr>\r\n\r\n<tr>\r\n<td scope=\"row\" data-label=\"\">Entre R\u00edos<\/td>\r\n<td data-label=\"\">\r\n          \r\n<a href=\"https:\/\/consejomagistratura.gov.ar\/wp-content\/uploads\/2022\/04\/Entre-Rios.pdf\"><img decoding=\"async\" class=\"img-pdf\" src=\"https:\/\/consejomagistratura.gov.ar\/wp-content\/uploads\/2022\/04\/pdf-flat.png\"\/><\/a>     \r\n          \r\n          \r\n<\/td>\r\n<\/tr>\r\n\r\n<tr>\r\n<td scope=\"row\" data-label=\"\">Entre R\u00edos (2)<\/td>\r\n<td data-label=\"\">\r\n          \r\n<a href=\"https:\/\/consejomagistratura.gov.ar\/wp-content\/uploads\/2022\/04\/Entre-Rios-2.pdf\"><img decoding=\"async\" class=\"img-pdf\" src=\"https:\/\/consejomagistratura.gov.ar\/wp-content\/uploads\/2022\/04\/pdf-flat.png\"\/><\/a>     \r\n          \r\n          \r\n<\/td>\r\n<\/tr>\r\n\r\n<tr>\r\n<td scope=\"row\" data-label=\"\">Entre R\u00edos (3)<\/td>\r\n<td data-label=\"\">\r\n          \r\n<a href=\"https:\/\/consejomagistratura.gov.ar\/wp-content\/uploads\/2022\/04\/Entre-Rios-3.pdf\"><img decoding=\"async\" class=\"img-pdf\" src=\"https:\/\/consejomagistratura.gov.ar\/wp-content\/uploads\/2022\/04\/pdf-flat.png\"\/><\/a>     \r\n          \r\n          \r\n<\/td>\r\n<\/tr>\r\n\r\n<tr>\r\n<td scope=\"row\" data-label=\"\">Entre R\u00edos (4)<\/td>\r\n<td data-label=\"\">\r\n          \r\n<a href=\"https:\/\/consejomagistratura.gov.ar\/wp-content\/uploads\/2022\/04\/Entre-Rios-4.pdf\"><img decoding=\"async\" class=\"img-pdf\" src=\"https:\/\/consejomagistratura.gov.ar\/wp-content\/uploads\/2022\/04\/pdf-flat.png\"\/><\/a>     \r\n          \r\n          \r\n<\/td>\r\n<\/tr>\r\n\r\n<tr>\r\n<td scope=\"row\" data-label=\"\">Formosa<\/td>\r\n<td data-label=\"\">\r\n          \r\n<a href=\"https:\/\/consejomagistratura.gov.ar\/wp-content\/uploads\/2022\/04\/Formosa.pdf\"><img decoding=\"async\" class=\"img-pdf\" src=\"https:\/\/consejomagistratura.gov.ar\/wp-content\/uploads\/2022\/04\/pdf-flat.png\"\/><\/a>     \r\n          \r\n          \r\n<\/td>\r\n<\/tr>\r\n\r\n<tr>\r\n<td scope=\"row\" data-label=\"\">La Pampa<\/td>\r\n<td data-label=\"\">\r\n          \r\n<a href=\"https:\/\/consejomagistratura.gov.ar\/wp-content\/uploads\/2022\/04\/La-Pampa.pdf\"><img decoding=\"async\" class=\"img-pdf\" src=\"https:\/\/consejomagistratura.gov.ar\/wp-content\/uploads\/2022\/04\/pdf-flat.png\"\/><\/a>     \r\n          \r\n          \r\n<\/td>\r\n<\/tr>\r\n\r\n<tr>\r\n<td scope=\"row\" data-label=\"\">La Rioja<\/td>\r\n<td data-label=\"\">\r\n          \r\n<a href=\"https:\/\/consejomagistratura.gov.ar\/wp-content\/uploads\/2022\/04\/La-Rioja.pdf\"><img decoding=\"async\" class=\"img-pdf\" src=\"https:\/\/consejomagistratura.gov.ar\/wp-content\/uploads\/2022\/04\/pdf-flat.png\"\/><\/a>     \r\n          \r\n          \r\n<\/td>\r\n<\/tr>\r\n\r\n<tr>\r\n<td scope=\"row\" data-label=\"\">Mendoza<\/td>\r\n<td data-label=\"\">\r\n          \r\n<a href=\"https:\/\/consejomagistratura.gov.ar\/wp-content\/uploads\/2022\/04\/Mendoza.pdf\"><img decoding=\"async\" class=\"img-pdf\" src=\"https:\/\/consejomagistratura.gov.ar\/wp-content\/uploads\/2022\/04\/pdf-flat.png\"\/><\/a>     \r\n          \r\n          \r\n<\/td>\r\n<\/tr>\r\n\r\n<tr>\r\n<td scope=\"row\" data-label=\"\">Neuqu\u00e9n<\/td>\r\n<td data-label=\"\">\r\n          \r\n<a href=\"https:\/\/consejomagistratura.gov.ar\/wp-content\/uploads\/2022\/04\/Neuquen.pdf\"><img decoding=\"async\" class=\"img-pdf\" src=\"https:\/\/consejomagistratura.gov.ar\/wp-content\/uploads\/2022\/04\/pdf-flat.png\"\/><\/a>     \r\n          \r\n          \r\n<\/td>\r\n<\/tr>\r\n\r\n<tr>\r\n<td scope=\"row\" data-label=\"\">R\u00edo Negro<\/td>\r\n<td data-label=\"\">\r\n          \r\n<a href=\"https:\/\/consejomagistratura.gov.ar\/wp-content\/uploads\/2022\/04\/Rio-Negro.pdf\"><img decoding=\"async\" class=\"img-pdf\" src=\"https:\/\/consejomagistratura.gov.ar\/wp-content\/uploads\/2022\/04\/pdf-flat.png\"\/><\/a>     \r\n          \r\n          \r\n<\/td>\r\n<\/tr>\r\n\r\n<tr>\r\n<td scope=\"row\" data-label=\"\">Santa Cruz<\/td>\r\n<td data-label=\"\">\r\n          \r\n<a href=\"https:\/\/consejomagistratura.gov.ar\/wp-content\/uploads\/2022\/04\/Santa-Cruz.pdf\"><img decoding=\"async\" class=\"img-pdf\" src=\"https:\/\/consejomagistratura.gov.ar\/wp-content\/uploads\/2022\/04\/pdf-flat.png\"\/><\/a>     \r\n          \r\n          \r\n<\/td>\r\n<\/tr>\r\n\r\n<tr>\r\n<td scope=\"row\" data-label=\"\">Santa Cruz (2)<\/td>\r\n<td data-label=\"\">\r\n          \r\n<a href=\"https:\/\/consejomagistratura.gov.ar\/wp-content\/uploads\/2022\/04\/Santa-Cruz-2.pdf\"><img decoding=\"async\" class=\"img-pdf\" src=\"https:\/\/consejomagistratura.gov.ar\/wp-content\/uploads\/2022\/04\/pdf-flat.png\"\/><\/a>     \r\n          \r\n          \r\n<\/td>\r\n<\/tr>\r\n\r\n<tr>\r\n<td scope=\"row\" data-label=\"\">Santa Fe<\/td>\r\n<td data-label=\"\">\r\n          \r\n<a href=\"https:\/\/consejomagistratura.gov.ar\/wp-content\/uploads\/2022\/04\/Santa-Fe.pdf\"><img decoding=\"async\" class=\"img-pdf\" src=\"https:\/\/consejomagistratura.gov.ar\/wp-content\/uploads\/2022\/04\/pdf-flat.png\"\/><\/a>     \r\n          \r\n          \r\n<\/td>\r\n<\/tr>\r\n\r\n<tr>\r\n<td scope=\"row\" data-label=\"\">Santa Fe - Ciudad Futura<\/td>\r\n<td data-label=\"\">\r\n          \r\n<a href=\"https:\/\/consejomagistratura.gov.ar\/wp-content\/uploads\/2022\/04\/Santa-Fe-CIUDAD-FUTURA.pdf\"><img decoding=\"async\" class=\"img-pdf\" src=\"https:\/\/consejomagistratura.gov.ar\/wp-content\/uploads\/2022\/04\/pdf-flat.png\"\/><\/a>     \r\n          \r\n          \r\n<\/td>\r\n<\/tr>\r\n\r\n<tr>\r\n<td scope=\"row\" data-label=\"\">Tucum\u00e1n<\/td>\r\n<td data-label=\"\">\r\n          \r\n<a href=\"https:\/\/consejomagistratura.gov.ar\/wp-content\/uploads\/2022\/04\/Tucuman.pdf\"><img decoding=\"async\" class=\"img-pdf\" src=\"https:\/\/consejomagistratura.gov.ar\/wp-content\/uploads\/2022\/04\/pdf-flat.png\"\/><\/a>     \r\n          \r\n          \r\n<\/td>\r\n<\/tr>\r\n<\/tbody>\r\n<\/table>        \r\n<\/div>\r\n<\/li>\r\n      \r\n      \r\n\r\n<li>\r\n        <div class=\"accordion-button\">\r\n          <h2 class=\"tit-aco\">Normativa Internacional<\/h2>\r\n        <\/div>\r\n          <div class=\"accordion-panel\">\r\n            <p>El\u00a0derecho internacional de los derechos humanos\u00a0brinda un marco de referencia importante para avanzar en los derechos de las mujeres. A lo largo de las \u00faltimas d\u00e9cadas, los avances en el reconocimiento de derechos de las mujeres han sido muy significativos para promover la igualdad de g\u00e9nero, tanto en el sistema internacional como en el sistema regional de protecci\u00f3n de derechos humanos.<\/p>\r\n<p>Desde la fundaci\u00f3n misma de las Naciones Unidas, la igualdad entre varones y mujeres estuvo incluida entre las garant\u00edas fundamentales. As\u00ed, la Carta de las Naciones Unidas aprobada en 1945, establece entre sus objetivos el de \u201creafirmar la fe en los derechos fundamentales del hombre, en la dignidad y el valor de la persona humana [y] en la igualdad de derechos de hombres y mujeres\u201d. En esa l\u00ednea, la prohibici\u00f3n de la discriminaci\u00f3n por motivos de sexo (adem\u00e1s de por motivos vinculados con la raza, el idioma o la religi\u00f3n) se reitera no s\u00f3lo entre los prop\u00f3sitos establecidos en la Carta, sino adem\u00e1s entre los mandatos de la Asamblea General.<\/p>\r\n<p>La\u00a0Declaraci\u00f3n Universal de Derechos Humanos\u00a0aprobada en 1948 establece el principio general de no discriminaci\u00f3n que fue adoptado m\u00e1s tarde por los primeros instrumentos internacionales de derechos humanos, al disponer que todas las personas tienen los derechos y libertades proclamados en la Declaraci\u00f3n \u201csin distinci\u00f3n alguna de raza, color, sexo, idioma, religi\u00f3n, opini\u00f3n pol\u00edtica o de cualquier otra \u00edndole, origen nacional o social, posici\u00f3n econ\u00f3mica, nacimiento o cualquier otra condici\u00f3n\u201d (art. 2\u00b0 de la\u00a0Declaraci\u00f3n Universal de Derechos Humanos). Esta misma prohibici\u00f3n gen\u00e9rica de la discriminaci\u00f3n, entre otros motivos, en raz\u00f3n del sexo de las personas, fue incluida en t\u00e9rminos id\u00e9nticos en el\u00a0Pacto Internacional de Derechos Civiles y Pol\u00edticos\u00a0y en el\u00a0Pacto Internacional de Derechos Econ\u00f3micos, Sociales y Culturales (PIDESC)\u00a0(ambos aprobados por la Asamblea General de las Naciones Unidas en 1966) que, adem\u00e1s, garantizan \u201ca los hombres y a las mujeres la igualdad en el goce de todos los derechos\u201d enunciados en cada uno de los Pactos mencionados (art. 3\u00b0).<\/p>\r\n<p>Sin embargo, pronto fue evidente que esta prohibici\u00f3n gen\u00e9rica no lograba capturar la especificidad de las distintas formas de discriminaci\u00f3n que enfrentan las mujeres en todos los \u00f3rdenes de la vida social, pol\u00edtica y econ\u00f3mica. Por lo tanto, en 1967, los Estados miembros de las Naciones Unidas aprobaron la\u00a0Declaraci\u00f3n sobre la Eliminaci\u00f3n de la Discriminaci\u00f3n contra la Mujer, instando a los Estados a adoptar medidas para \u201cabolir las leyes, costumbres, reglamentos y pr\u00e1cticas existentes que constituyen una discriminaci\u00f3n en contra de la mujer, y para segurar la protecci\u00f3n jur\u00eddica adecuada de la igualdad de derechos del hombre y la mujer\u201d. Esta Declaraci\u00f3n llev\u00f3 a la comunidad internacional a trabajar en un tratado espec\u00edfico que fuera jur\u00eddicamente vinculante: la\u00a0Convenci\u00f3n sobre la Eliminaci\u00f3n de Todas las Formas de Discriminaci\u00f3n contra la Mujer,\u00a0aprobada por la Asamblea General de las Naciones Unidas en 1979 (conocida como la CEDAW, por sus siglas en ingl\u00e9s).<\/p>\r\n<p>La CEDAW establece principios generales que constituyen un marco de referencia ineludible para considerar las obligaciones espec\u00edficas que tienen los Estados para eliminar las distintas formas de discriminaci\u00f3n, considerando el \u00e1mbito pol\u00edtico, social, econ\u00f3mico y cultural, incluyendo los derechos civiles y pol\u00edticos, el derecho a la educaci\u00f3n, al trabajo, a la salud y a la vida familiar en condiciones de igualdad. La definici\u00f3n de discriminaci\u00f3n que brinda la Convenci\u00f3n es abarcadora de \u201ctoda distinci\u00f3n, exclusi\u00f3n o restricci\u00f3n basada en el sexo que tenga por objeto o resultado menoscabar o anular el reconocimiento, goce o ejercicio por la mujer, independientemente de su estado civil, sobre la base de la igualdad del hombre y la mujer, de los derechos humanos y las libertades fundamentales\u201d.<p>\r\n<p>Es particularmente interesante considerar la obligaci\u00f3n que la CEDAW establece para que los Estados deban no s\u00f3lo promover la igualdad sustantiva promoviendo la igualdad jur\u00eddica de las mujeres, sino que adem\u00e1s establece la obligaci\u00f3n de los Estados para tomar medidas apropiadas dirigidas a \u201cmodificar los patrones socioculturales de conducta de hombres y mujeres, con miras a alcanzar la eliminaci\u00f3n de los prejuicios y las pr\u00e1cticas consuetudinarias y de cualquier otra \u00edndole que est\u00e9n basados en la idea de la inferioridad o superioridad de cualquiera de los sexos o en funciones estereotipadas de hombres y mujeres\u201d (art. 5\u00b0).<p>\r\n<p>Los derechos de las mujeres est\u00e1n presentes desde hace varias d\u00e9cadas en la agenda internacional de los derechos humanos. En particular, el movimiento cobr\u00f3 un impulso importante cuando en 1993 se celebr\u00f3 la Conferencia Mundial de Derechos Humanos en Viena y se logr\u00f3 dar visibilidad y centralidad a los derechos humanos de las ni\u00f1as y las mujeres. En la Conferencia se aprob\u00f3 la Declaraci\u00f3n y Programa de Acci\u00f3n de Viena, que afirm\u00f3 en su p\u00e1rrafo 18 que \u201clos derechos humanos de la mujer y de la ni\u00f1a son parte inalienable, integrante e indivisible de los derechos humanos universales\u201d, y se insist\u00eda especialmente en la necesidad de avanzar en la eliminaci\u00f3n de todas las formas de violencia contra las mujeres.<p>\r\n<p>As\u00ed, en el sistema regional de protecci\u00f3n de derechos humanos de Am\u00e9rica Latina y el Caribe, se agrega un instrumento de valor fundamental para avanzar en la igualdad de g\u00e9nero: en 1994 se aprob\u00f3 la\u00a0Convenci\u00f3n Interamericana para Prevenir, Sancionar y Erradicar la Violencia contra la Mujer (conocida como Convenci\u00f3n de Bel\u00e9m do Par\u00e1). Esta Convenci\u00f3n, primera en su tipo, establece con toda claridad la obligaci\u00f3n de los Estados de abordar todas las formas de violencia contra las mujeres tanto en el \u00e1mbito dom\u00e9stico (es decir, dentro del \u00e1mbito de las familias), as\u00ed como tambi\u00e9n la violencia que se ejerce contra las mujeres en la comunidad, y aquella que es tolerada o perpetrada por el Estado o sus agentes.<p>\r\n<p>Los instrumentos internacionales, con sus obligaciones jur\u00eddicas y mecanismos de monitoreo, evaluaci\u00f3n y rendici\u00f3n de cuentas a los que se sujetan los Estados, se complementan y articulan con otros instrumentos que contribuyen a establecer las pol\u00edticas a favor de la igualdad. Desde la d\u00e9cada de 1970, los derechos de las mujeres han sido tema central de una serie de conferencias internacionales que generaron importantes compromisos pol\u00edticos a favor de la igualdad, que fueron progresivamente modelando las agendas de desarrollo.<\/p>\r\n<p>En 1975, designado como el A\u00f1o Internacional de la Mujer, se celebr\u00f3 en la ciudad de M\u00e9xico la Primera Conferencia Mundial de la Mujer. Esta Conferencia dio lugar al Plan Mundial de Acci\u00f3n para la Promoci\u00f3n de la Mujer, as\u00ed como a la Declaraci\u00f3n del Decenio de las Naciones Unidas para la Mujer y el Desarrollo, para el per\u00edodo 1975-1985. En los a\u00f1os que siguieron, las Naciones Unidas organizaron otras tres conferencias mundiales sobre la mujer, celebradas en Copenhague (1980), Nairobi (1985) y Beijing (1995), seguidas de procesos de revisi\u00f3n quinquenales respecto de los avances y desaf\u00edos en el cumplimiento de los compromisos asumidos.<\/p>\r\n<p>En la d\u00e9cada de 1990 fueron dos las conferencias que marcaron puntos de inflexi\u00f3n para la agenda mundial por la igualdad de g\u00e9nero: la Conferencia Internacional sobre la Poblaci\u00f3n y el Desarrollo (El Cairo, 1994) y la\u00a0Cuarta Conferencia Mundial sobre la Mujer (Beijing, 1995). La primera marc\u00f3 un hito en los derechos de las mujeres al considerar los temas de poblaci\u00f3n no desde una perspectiva demogr\u00e1fica sino como un tema central de los derechos humanos, reconociendo fundamentalmente los derechos de la mujer a la salud reproductiva, al control de la natalidad y la planificaci\u00f3n familiar. El Programa de Acci\u00f3n de El Cairo establece con toda contundencia que \u201cPromover la equidad y la igualdad de los sexos y los derechos de la mujer, as\u00ed como eliminar la violencia de todo tipo contra la mujer y asegurarse de que sea ella quien controle su propia fecundidad, son la piedra angular de los programas de poblaci\u00f3n y desarrollo\u201d.<\/p>\r\n<p>Por su parte, la\u00a0Conferencia de Beijing (1995)\u00a0y su Plataforma de Acci\u00f3n brind\u00f3 un verdadero programa a favor del empoderamiento de la mujer, estableciendo una serie de objetivos estrat\u00e9gicos y medidas para el progreso de las mujeres. Las acciones y estrategias previstas se organizaron en una serie de esferas consideradas centrales: pobreza, educaci\u00f3n y capacitaci\u00f3n, salud, violencia, el impacto de los conflictos armados, la participaci\u00f3n de las mujeres en la econom\u00eda, el ejercicio del poder y la participaci\u00f3n en los procesos de toma de decisiones, los mecanismos institucionales para el adelanto de las mujeres, los derechos humanos de las mujeres, los medios de difusi\u00f3n, el medioambiente y la particular situaci\u00f3n de las ni\u00f1as.<\/p>\r\n<p>Los ex\u00e1menes quinquenales posteriores, realizados en seguimiento de la Declaraci\u00f3n y la Plataforma de Acci\u00f3n de Beijing, mostraron avances y retrocesos, en contextos variables donde continuaban existiendo leyes discriminatorias y pr\u00e1cticas tradicionales nocivas, que promueven estereotipos negativos sobre las mujeres y los varones. En definitiva, la igualdad en los derechos y en las condiciones para su ejercicio efectivo sigue siendo una promesa incumplida.<\/p>\r\n<p>De todas maneras, es claro que se registra un camino marcado por la conquista progresiva de derechos, impulsado por un movimiento de mujeres y feministas que promueven una agenda igualitaria para la regi\u00f3n de Am\u00e9rica Latina y el Caribe. Se trata de una agenda que superando la mirada inicial sobre la vulnerabilidad de las mujeres y su situaci\u00f3n de discriminaci\u00f3n en todas las esferas de la vida social, pol\u00edtica y econ\u00f3mica, coloca el acento de las pol\u00edticas en la necesidad de garantizar las condiciones para el ejercicio de la autonom\u00eda de las mujeres: la autonom\u00eda f\u00edsica, la autonom\u00eda en la toma de decisiones y la autonom\u00eda econ\u00f3mica.<\/p>\r\n<p>Esta innegable evoluci\u00f3n positiva en el marco internacional de los derechos humanos se\u00f1ala los est\u00e1ndares que los Estados deben observar en sus normas y pol\u00edticas internas, como un verdadero plan de acci\u00f3n que constituye al mismo tiempo una obligaci\u00f3n jur\u00eddicamente exigible para la ciudadan\u00eda, en ejercicio de su derecho al acceso a la justicia.<\/p>\r\n\r\n\r\n\r\n<table>\r\n<caption><\/caption>\r\n<thead>\r\n<tr>\r\n<th scope=\"col\"><\/th>\r\n<th scope=\"col\"><\/th>\r\n      \r\n<\/tr>\r\n<\/thead>\r\n<tbody>\r\n    \r\n    \r\n    \r\n<tr>\r\n<td data-label=\"\">Acuerdo de Soluci\u00f3n Amistosa Olga del Rosario Diaz vs Estado Argentino<\/td>\r\n<td data-label=\"\">\r\n          \r\n<a href=\"https:\/\/consejomagistratura.gov.ar\/wp-content\/uploads\/2023\/09\/Acuerdo-Olga-Diaz.pdf\"><img decoding=\"async\" class=\"img-pdf\" src=\"https:\/\/consejomagistratura.gov.ar\/wp-content\/uploads\/2022\/04\/pdf-flat.png\"\/><\/a>      \r\n          \r\n<\/td>\r\n<\/tr>    \r\n\r\n  \r\n    \r\n    \r\n<tr>\r\n<td data-label=\"\">Conferencia Internacional sobre Poblaci\u00f3n y Desarrollo en El Cairo 1994<\/td>\r\n<td data-label=\"\">\r\n          \r\n<a href=\"https:\/\/consejomagistratura.gov.ar\/wp-content\/uploads\/2022\/04\/Conferencia-Internacional-sobre-Poblacion-y-Desarrollo-en-El-Cairo-1994.pdf\"><img decoding=\"async\" class=\"img-pdf\" src=\"https:\/\/consejomagistratura.gov.ar\/wp-content\/uploads\/2022\/04\/pdf-flat.png\"\/><\/a>      \r\n          \r\n<\/td>\r\n<\/tr>\r\n\r\n\r\n\r\n<tr>\r\n<td data-label=\"\">Convenci\u00f3n de los Derechos del Ni\u00f1o 1989<\/td>\r\n<td data-label=\"\">\r\n          \r\n<a href=\"https:\/\/consejomagistratura.gov.ar\/wp-content\/uploads\/2023\/09\/Convencion-sobre-los-Derechos-del-Nino-1989.pdf\"><img decoding=\"async\" class=\"img-pdf\" src=\"https:\/\/consejomagistratura.gov.ar\/wp-content\/uploads\/2022\/04\/pdf-flat.png\"\/><\/a>      \r\n          \r\n<\/td>\r\n<\/tr>\r\n\r\n\r\n\r\n    \r\n<tr>\r\n<td scope=\"row\" data-label=\"\">Convenci\u00f3n sobre la Eliminaci\u00f3n de Todas Formas de Discriminaci\u00f3n Contra La Mujer<\/td>\r\n<td data-label=\"\">\r\n          \r\n<a href=\"https:\/\/consejomagistratura.gov.ar\/wp-content\/uploads\/2022\/04\/Convencion-Eliminacion-Todas-Formas-De-Discriminacion-Contra-La-Mujer.pdf\"><img decoding=\"async\" class=\"img-pdf\" src=\"https:\/\/consejomagistratura.gov.ar\/wp-content\/uploads\/2022\/04\/pdf-flat.png\"\/><\/a>       \r\n          \r\n<\/td>\r\n<\/tr>\r\n\r\n<tr>\r\n<td scope=\"row\" data-label=\"\">Convenci\u00f3n Interamericana De Belem Do Para<\/td>\r\n<td data-label=\"\">\r\n          \r\n<a href=\"https:\/\/consejomagistratura.gov.ar\/wp-content\/uploads\/2022\/04\/Convencion-Interamericana-De-Belem-Do-Para.pdf\"><img decoding=\"async\" class=\"img-pdf\" src=\"https:\/\/consejomagistratura.gov.ar\/wp-content\/uploads\/2022\/04\/pdf-flat.png\"\/><\/a>       \r\n          \r\n<\/td>\r\n<\/tr>\r\n    \r\n<tr>\r\n<td scope=\"row\" data-label=\"\">Convenci\u00f3n sobre la Eliminaci\u00f3n de Todas Formas de Discriminaci\u00f3n Contra La Mujer (2)<\/td>\r\n<td data-label=\"\">\r\n          \r\n<a href=\"https:\/\/consejomagistratura.gov.ar\/wp-content\/uploads\/2022\/04\/CONVENCION-SOBRE-LA-ELIMINACION-DE-TODAS-LAS-FORMAS-DE-DISCRIMINACION-CONTRA-LA-MUJER-.pdf\"><img decoding=\"async\" class=\"img-pdf\" src=\"https:\/\/consejomagistratura.gov.ar\/wp-content\/uploads\/2022\/04\/pdf-flat.png\"\/><\/a>       \r\n          \r\n<\/td>\r\n<\/tr>\r\n\r\n\r\n<tr>\r\n<td data-label=\"\">Convenio OIT 190<\/td>\r\n<td data-label=\"\">\r\n          \r\n<a href=\"https:\/\/consejomagistratura.gov.ar\/wp-content\/uploads\/2023\/09\/Convenio-C190-Convenio-sobre-la-violencia-y-el-acoso-2019-num.-190.pdf\"><img decoding=\"async\" class=\"img-pdf\" src=\"https:\/\/consejomagistratura.gov.ar\/wp-content\/uploads\/2022\/04\/pdf-flat.png\"\/><\/a>      \r\n          \r\n<\/td>\r\n<\/tr>  \r\n\r\n\r\n<tr>\r\n<td scope=\"row\" data-label=\"\">Corte Interamericana de Derechos Humanos. Opini\u00f3n Consultiva 27\/21. Solicitada por la Comisi\u00f3n Interamericana de DDHH. A la libertad sindical, negociaci\u00f3n colectiva y huelga y su relaci\u00f3n con otros derechos, con perspectiva de g\u00e9nero.<\/td>\r\n<td data-label=\"\">\r\n          \r\n<a href=\"https:\/\/consejomagistratura.gov.ar\/wp-content\/uploads\/2023\/09\/Opinion-Consultiva-Oc-27-2021-CIDH.pdf\"><img decoding=\"async\" class=\"img-pdf\" src=\"https:\/\/consejomagistratura.gov.ar\/wp-content\/uploads\/2022\/04\/pdf-flat.png\"\/><\/a>     \r\n          \r\n          \r\n<\/td>\r\n <\/tr>\r\n\r\n\r\n\r\n\r\n<tr>\r\n<td scope=\"row\" data-label=\"\">Declaraci\u00f3n Universal de los Derechos del Hombre<\/td>\r\n<td data-label=\"\">\r\n          \r\n<a href=\"https:\/\/consejomagistratura.gov.ar\/wp-content\/uploads\/2022\/04\/Declaracion-Universal-de-los-Derechos-del-Hombre.pdf\"><img decoding=\"async\" class=\"img-pdf\" src=\"https:\/\/consejomagistratura.gov.ar\/wp-content\/uploads\/2022\/04\/pdf-flat.png\"\/><\/a>     \r\n          \r\n          \r\n<\/td>\r\n <\/tr>\r\n \r\n \r\n<tr>\r\n<td scope=\"row\" data-label=\"\">Declaraci\u00f3n y Plataforma de Beijin<\/td>\r\n<td data-label=\"\">\r\n          \r\n<a href=\"https:\/\/consejomagistratura.gov.ar\/wp-content\/uploads\/2022\/04\/Declaracion-y-plataforma-de-Beijin.pdf\"><img decoding=\"async\" class=\"img-pdf\" src=\"https:\/\/consejomagistratura.gov.ar\/wp-content\/uploads\/2022\/04\/pdf-flat.png\"\/><\/a>     \r\n          \r\n          \r\n<\/td>\r\n <\/tr>\r\n \r\n \r\n  <tr>\r\n<td data-label=\"\">OEA. Convenci\u00f3n Belem Do Para (MESECVI) Recomendaci\u00f3n General N. 1 del Comit\u00e9 de Expertas del MESECVI sobre leg\u00edtima defensa y violencia contra las mujeres.<\/td>\r\n<td data-label=\"\">\r\n          \r\n<a href=\"https:\/\/consejomagistratura.gov.ar\/wp-content\/uploads\/2023\/09\/OEA-MESECVI-Recomendacion-General-N.-1-del-Comite-de-Expertas-del-MESECVI-sobre-legitima-defensa-y-violencia-contra-las-mujeres-de-acuerdo-a.pdf\"><img decoding=\"async\" class=\"img-pdf\" src=\"https:\/\/consejomagistratura.gov.ar\/wp-content\/uploads\/2022\/04\/pdf-flat.png\"\/><\/a>      \r\n          \r\n<\/td>\r\n<\/tr> \r\n \r\n \r\n \r\n <tr>\r\n<td data-label=\"\">ONU Recopilaci\u00f3n y gesti\u00f3n de datos como medio para fomentar la sensibilizaci\u00f3n acerca de la violencia y la discriminaci\u00f3n por motivos de orientaci\u00f3n sexual o identidad de g\u00e9nero Informe del Experto Independiente sobre la protecci\u00f3n contra la violencia y la discriminaci\u00f3n por motivos de orientaci\u00f3n sexual o identidad de g\u00e9nero 2019.<\/td>\r\n<td data-label=\"\">\r\n          \r\n<a href=\"https:\/\/consejomagistratura.gov.ar\/wp-content\/uploads\/2023\/09\/iii-2019-Recopilacion-del-Informe-del-Experto-1.pdf\"><img decoding=\"async\" class=\"img-pdf\" src=\"https:\/\/consejomagistratura.gov.ar\/wp-content\/uploads\/2022\/04\/pdf-flat.png\"\/><\/a>      \r\n          \r\n<\/td>\r\n<\/tr> \r\n\r\n <tr>\r\n<td data-label=\"\">ONU. Comit\u00e9 para la Eliminaci\u00f3n de la Discriminaci\u00f3n contra la Mujer Recomendaci\u00f3n general n\u00famero. 35 sobre la violencia por raz\u00f3n de g\u00e9nero contra la mujer, por la que se actualiza la recomendaci\u00f3n general n\u00famerO 19.<\/td>\r\n<td data-label=\"\">\r\n          \r\n<a href=\"https:\/\/consejomagistratura.gov.ar\/wp-content\/uploads\/2023\/09\/Recomendacion-general-No-35-sobre-violencia-basada-en-el-genero-contra-las-mujeres-actualizacion-de-la-recomendacion-general-19-92.-CEDAW-C-GC-35-14-de-julio-de-2017-Comite-CEDAW.pdf\"><img decoding=\"async\" class=\"img-pdf\" src=\"https:\/\/consejomagistratura.gov.ar\/wp-content\/uploads\/2022\/04\/pdf-flat.png\"\/><\/a>      \r\n          \r\n<\/td>\r\n<\/tr>\r\n\r\n\r\n <tr>\r\n<td data-label=\"\">ONU Comit\u00e9 para la Eliminaci\u00f3n de la Discriminaci\u00f3n contra la Mujer Observaciones finales sobre el s\u00e9ptimo informe peri\u00f3dico de la Argentina<\/td>\r\n<td data-label=\"\">\r\n          \r\n<a href=\"https:\/\/consejomagistratura.gov.ar\/wp-content\/uploads\/2023\/09\/Observaciones-finales-sobre-el-septimo-informe-periodico.pdf\"><img decoding=\"async\" class=\"img-pdf\" src=\"https:\/\/consejomagistratura.gov.ar\/wp-content\/uploads\/2022\/04\/pdf-flat.png\"\/><\/a>      \r\n          \r\n<\/td>\r\n<\/tr>    \r\n\r\n\r\n\r\n \r\n \r\n \r\n \r\n \r\n \r\n \r\n <tr>\r\n<td scope=\"row\" data-label=\"\">Principios de Yogyakarta<\/td>\r\n<td data-label=\"\">\r\n          \r\n<a href=\"https:\/\/consejomagistratura.gov.ar\/wp-content\/uploads\/2023\/09\/Principios-Yogyakarta.pdf\"><img decoding=\"async\" class=\"img-pdf\" src=\"https:\/\/consejomagistratura.gov.ar\/wp-content\/uploads\/2022\/04\/pdf-flat.png\"\/><\/a>     \r\n          \r\n          \r\n<\/td>\r\n <\/tr>\r\n \r\n \r\n \r\n \r\n \r\n<\/tbody>\r\n<\/table>              \r\n\r\n          <\/div>\r\n      <\/li>\r\n      \r\n      \r\n      \r\n      \r\n      \r\n      \r\n   \r\n\r\n      \r\n      \r\n      \r\n      \r\n      \r\n      \r\n      \r\n      \r\n\r\n<li>\r\n        <div class=\"accordion-button\">\r\n          <h2 class=\"tit-aco\">Leyes Nacionales de G\u00e9nero<\/h2>\r\n        <\/div>\r\n          <div class=\"accordion-panel\">\r\n        \r\n        \r\n<h3 class=\"titulo-texto-1\">Leyes y pol\u00edticas de g\u00e9nero en Argentina \r\n<\/h3>            \r\n\r\n<p>Desde la sanci\u00f3n de la Ley 13.010 que estableci\u00f3 el voto femenino obligatorio en todo el pa\u00eds, y con la reinstauraci\u00f3n democr\u00e1tica, en diciembre de 1983, Argentina emprendi\u00f3 un camino de revalorizaci\u00f3n y ampliaci\u00f3n de los derechos humanos, que dio lugar a la sanci\u00f3n de m\u00e1s de cuarenta leyes y normas tendientes a abordar las desigualdades de g\u00e9nero. A continuaci\u00f3n, me centrar\u00e9 en las transformaciones legales.<\/p>\r\n<p>En marzo de 1984 con la Ley 23.054 se aprueba la Convenci\u00f3n americana sobre derechos humanos o pacto de San Jos\u00e9 de Costa Rica (1969) que inaugura esta etapa de retorno a los derechos humanos. Entre 1984 a 1989 se aprobaron e implementaron 8 leyes que fueron muy significativas en la ampliaci\u00f3n de derechos para las mujeres.<\/p>\r\n\r\n<h3 class=\"titulo-texto-1\">1985 \r\n<\/h3> \r\n\r\n<p>Ley 23.179 de aprobaci\u00f3n de la Convenci\u00f3n sobre Eliminaci\u00f3n de todas las Formas de Discriminaci\u00f3n contra la Mujer (CEDAW-ONU, 1979).<\/p>\r\n<p>Ley 23.226 que otorga el derecho a pensi\u00f3n del c\u00f3nyuge en las uniones de hecho<\/p>\r\n<p>Ley 23.264 que establece la patria potestad compartida entre el padre y la madre en relaci\u00f3n con los\/as hijos\/as menores de edad. Adem\u00e1s, elimina toda distinci\u00f3n en la filiaci\u00f3n, estableciendo la igualdad de los\/as hijos\/as nacidos\/as fuera o dentro del matrimonio, ante la ley.<\/p>\r\n\r\n<h3 class=\"titulo-texto-1\">1986 \r\n<\/h3> \r\n\r\n<p>Decreto 2274\/1986 que establece el derecho a decidir sobre la propia reproducci\u00f3n.<\/p>\r\n<p>Ley 23.451 que aprueba el Convenio sobre la igualdad de oportunidades y de trato entre trabajadores y trabajadoras, producto de la 67\u00ba reuni\u00f3n de la Conferencia General de la O.I.T.<\/p>\r\n\r\n\r\n<h3 class=\"titulo-texto-1\">1987 \r\n<\/h3> \r\n\r\n<p>El presidente Ra\u00fal Alfons\u00edn crea la Subsecretar\u00eda de la Mujer,\u00a0dependiente de la Secretar\u00eda de Desarrollo Humano y Familia. Es el primer mecanismo institucional de g\u00e9nero del pa\u00eds con estructura, presupuesto y el objetivo de promover la igualdad para las mujeres (MSyAS, 1994; Atschul, 2013).<\/p>\r\n<p>Ley 23.515 que otorga el derecho al divorcio vincular y a volver a contraer matrimonio. Adem\u00e1s, quita la obligaci\u00f3n para las mujeres de establecer el domicilio en el del c\u00f3nyuge y de llevar la preposici\u00f3n \u201cde\u201d y el apellido del esposo.<\/p>\r\n\r\n<h3 class=\"titulo-texto-1\">1988<\/h3>\r\n\r\n<p>Ley 23.592 de penalizaci\u00f3n de actos discriminatorios, que entre otros actos se\u00f1ala la discriminaci\u00f3n \u201cpor motivo de sexo\u201d.<\/p>\r\n<p>La d\u00e9cada de los Noventa fue menos prol\u00edfica que el quinquenio anterior, sin embargo, el impulso ya estaba dado.<\/p>\r\n\r\n\r\n<h3 class=\"titulo-texto-1\">1990<\/h3>\r\n\r\n<p>Ley 23.798 que declara de inter\u00e9s nacional a la lucha contra el SIDA o Ley Nacional de SIDA, que establece el requisito del consentimiento informado y reitera la confidencialidad frente al test y sus resultados[2].<\/p>\r\n<p>Ley 24.012 de Cupo femenino, que determin\u00f3 que al menos el 30% de las listas electorales de los partidos pol\u00edticos estuviera ocupado por mujeres. Su autora fue la senadora radical y feminista mendocina Margarita Malharro y es la primera ley de este tipo sancionada en Latinoam\u00e9rica.<\/p>\r\n\r\n\r\n<h3 class=\"titulo-texto-1\">1991<\/h3>\r\n\r\n<p>Decreto 378\/91 de creaci\u00f3n del Consejo Coordinador de Pol\u00edticas P\u00fablicas para la Mujer, dependiente de Presidencia, organismo que se transform\u00f3 en el Consejo Nacional de la Mujer creado por Decreto 1426\/92.<\/p>\r\n\r\n\r\n<h3 class=\"titulo-texto-1\">1994<\/h3>\r\n\r\n<p>Ley 24.417 de protecci\u00f3n contra la violencia familiar que a pesar de sus limitaciones signific\u00f3 cuestionar la naturalizaci\u00f3n de la violencia contra las mujeres en el \u00e1mbito dom\u00e9stico.<\/p>\r\n<p>Ley 24.429 que habilita a las mujeres a ingresar al Servicio Militar Voluntario.<\/p>\r\n\r\n\r\n<p style=\"color:#2ac2ed\">En la reforma de la Constituci\u00f3n Nacional se incluyen la CEDAW y el Pacto de San Jos\u00e9 de Costa Rica, d\u00e1ndoles rango constitucional a estos importantes mecanismos internacionales. <\/p> \r\n\r\n<h3 class=\"titulo-texto-1\">1995<\/h3>\r\n\r\n<p>Ley 24.453 que elimin\u00f3 el delito de adulterio del C\u00f3digo Penal.<\/p>\r\n<p>Ley 24.515 de creaci\u00f3n del Instituto Nacional contra la Discriminaci\u00f3n, la Xenofobia y el Racismo (INADI) con el objeto de elaborar pol\u00edticas nacionales y medidas concretas para combatir la discriminaci\u00f3n, la xenofobia y el racismo, impulsando y llevando a cabo acciones a tal fin.<\/p>\r\n<p>Ley 24.660 que establece que las penas privativas de libertad deben ser cumplidas en establecimientos seg\u00fan el sexo, a cargo de personal femenino y brindarse atenciones espec\u00edficas para las internas embarazadas y con hijos\/as lactantes.<\/p>\r\n<p>En los 2000, y posterior a la crisis de 2001, observamos una revigorizaci\u00f3n de las pol\u00edticas de g\u00e9nero, impulsada por diferentes sectores y organizaciones sociales y no s\u00f3lo feministas y de diversidad sexual.<\/p>\r\n\r\n\r\n<h3 class=\"titulo-texto-1\">2000<\/h3>\r\n\r\n<p>Ley 25.273 de creaci\u00f3n de un R\u00e9gimen Especial de Inasistencias Justificadas por razones de gravidez para alumnas que cursen en todos los niveles en todas las jurisdicciones.<\/p>\r\n\r\n\r\n<h3 class=\"titulo-texto-1\">2002<\/h3>\r\n\r\n\r\n<p>Ley 25.584 que proh\u00edbe en los establecimientos de educaci\u00f3n p\u00fablica toda acci\u00f3n institucional que impida el inicio o continuidad del ciclo escolar a alumnas embarazadas.<\/p>\r\n<p>Ley 25.674 de Asociaciones Sindicales donde se establece que la participaci\u00f3n femenina en las unidades de negociaci\u00f3n colectiva de las condiciones laborales tiene que ser representativa de la cantidad de trabajadoras en la rama o actividad de que se trate, integrar mujeres en cargos electivos y representativos de las asociaciones sindicales y los porcentajes de dicha representaci\u00f3n.<\/p>\r\n<p>Decreto 1195\/2002 de creaci\u00f3n del Consejo Nacional de Coordinaci\u00f3n de Pol\u00edticas Sociales de la Presidencia de la Naci\u00f3n, conformado por tres instrumentos de gesti\u00f3n entre ellos el Consejo Nacional de la Mujer cuya funci\u00f3n qued\u00f3 vinculada mayormente con la atenci\u00f3n de la violencia contra las mujeres con \u00e9nfasis en la gesti\u00f3n comunitaria y desarrollo social (Anzorena, 2013; 2015).<\/p>\r\n\r\n\r\n<h3 class=\"titulo-texto-1\">2003<\/h3>\r\n\r\n<p>Ley 25.673 de creaci\u00f3n del Programa Nacional de Salud Sexual y Procreaci\u00f3n Responsable.<\/p>\r\n\r\n<h3 class=\"titulo-texto-1\">2004<\/h3>\r\n\r\n<p>Ley 25.929 de parto respetado<\/p>\r\n\r\n<h3 class=\"titulo-texto-1\">2005<\/h3>\r\n\r\n<p>Ley 26.061 de protecci\u00f3n integral de los derechos de las ni\u00f1as, ni\u00f1os y adolescentes, con \u00e9nfasis en la eliminaci\u00f3n de la discriminaci\u00f3n de g\u00e9nero.<\/p>\r\n\r\n<h3 class=\"titulo-texto-1\">2006<\/h3>\r\n\r\n<p>Ley 26.130 que regula el acceso a la contracepci\u00f3n quir\u00fargica para toda persona mayor de 18 a\u00f1os con el s\u00f3lo consentimiento informado.<\/p>\r\n<p>Ley 26.150 que establece el derecho a recibir educaci\u00f3n sexual integral en los establecimientos educativos p\u00fablicos, de gesti\u00f3n estatal y privada de todas las jurisdicciones, y crea el Programa Nacional de Educaci\u00f3n Sexual Integral (conocido como ESI por sus siglas).<\/p>\r\n<p>Ley 26.171 que aprueba el Protocolo Facultativo de la CEDAW que le da al pa\u00eds mecanismos jur\u00eddicos de exigibilidad para el cumplimiento de la Convenci\u00f3n CEDAW.<\/p>\r\n\r\n<h3 class=\"titulo-texto-1\">2007<\/h3>\r\n\r\n<p>El Ministerio de Salud de la Naci\u00f3n, impuls\u00f3 una serie de protocolos de garant\u00eda para la atenci\u00f3n humanitaria del postaborto y los abortos no punibles de acuerdo con el C\u00f3digo Penal. As\u00ed surge el primer \u201cProtocolo de atenci\u00f3n de aborto no punible\u201d base de las modificaciones que se fueron dando en 2010 y 2015, hasta llegar a 2019 al \u201cProtocolo para la atenci\u00f3n integral de las personas con derecho a la interrupci\u00f3n legal del embarazo\u201d.<\/p>\r\n\r\n<h3 class=\"titulo-texto-1\">2008<\/h3>\r\n\r\n<p>Ley 26.364 de Prevenci\u00f3n y sanci\u00f3n de la trata de personas y asistencia a sus v\u00edctimas.<\/p>\r\n\r\n<h3 class=\"titulo-texto-1\">2009<\/h3>\r\n\r\n<p>Ley 26.485 de Protecci\u00f3n integral para prevenir, sancionar y erradicar la violencia contra las mujeres.<\/p>\r\n<p>Si la ley 26.485 marca un hito a nivel de defensa del derecho de las mujeres a vivir una vida sin violencia, la nueva d\u00e9cada de 2010 abre con una ampliaci\u00f3n de derechos para los colectivos de diversidad sexual vanguardista a nivel mundial.<\/p> \r\n\r\n<h3 class=\"titulo-texto-1\">2010<\/h3>\r\n\r\n<p>Ley 26.618 de Matrimonio Igualitario, que permite contraer matrimonio civil a personas del mismo sexo.<\/p>\r\n\r\n<h3 class=\"titulo-texto-1\">2012<\/h3>\r\n\r\n<p>Ley 26.738 de delitos contra la integridad sexual, que quita la figura del avenimiento para exculpar al violador.<\/p>\r\n<p>Ley 26.743 de Identidad de g\u00e9nero, que reconoce el derecho de las personas a ser tratadas y registradas legalmente con la identidad gen\u00e9rica autopercibida y al acceso a tratamientos m\u00e9dicos para la adecuaci\u00f3n a dicha identidad.<\/p>\r\n<p>Ley 26.791 que agrava los homicidios relacionados con la violencia de g\u00e9nero, tipifica la figura del feminicidio y los cr\u00edmenes de odio en el C\u00f3digo Penal (UFEM, 2016).<\/p>\r\n<p>Ley 26.842, que modifica la Ley 26.364 de Prevenci\u00f3n y Sanci\u00f3n de la Trata de Personas y Asistencia a sus V\u00edctimas. Esta modificaci\u00f3n ampl\u00eda las condenas para los delitos de trata, acelera el proceso judicial, elimina el consentimiento de la v\u00edctima como elemento exculpatorio (Sommer, 2017).<\/p>\r\n\r\n<h3 class=\"titulo-texto-1\">2013<\/h3>\r\n\r\n<p>Ley 26.862 que garantiza de forma gratuita el acceso integral a los procedimientos y t\u00e9cnicas m\u00e9dico-asistenciales de reproducci\u00f3n m\u00e9dicamente asistida, a toda persona mayor de edad, independiente del estado civil u orientaci\u00f3n sexual.<\/p>\r\n\r\n<h3 class=\"titulo-texto-1\">2015<\/h3>\r\n\r\n<p>La multitudinaria marcha Ni Una Menos del 3 de junio de 2015 impact\u00f3 en los modos en que los \u00e1mbitos de decisi\u00f3n pol\u00edtica ver\u00edan al sujeto pol\u00edtico \u201clas mujeres\u201d y cambiar\u00eda el abordaje de la cuesti\u00f3n de la violencia y los femicidios, dirigiendo recursos a estas problem\u00e1ticas. <\/p>\r\n<p>Decreto 228\/2015 del presidente Mauricio Macri, designa titular del Consejo Nacional de la Mujer a Fabiana Tu\u00f1ez, lesbiana y feminista, que trabajaba sobre los femicidios desde el activismo en la organizaci\u00f3n La Casa del Encuentro.<\/p>\r\n\r\n<h3 class=\"titulo-texto-1\">2017<\/h3>\r\n\r\n<p>Decreto 698\/2017 de creaci\u00f3n del Instituto Nacional de las Mujeres como organismo descentralizado en la \u00f3rbita del Ministerio de Desarrollo Social, cuya funci\u00f3n ser\u00eda dise\u00f1ar pol\u00edticas para la implementaci\u00f3n de la Ley 26.485 y se lanza el Plan Nacional de Acci\u00f3n para la Prevenci\u00f3n, Asistencia y Erradicaci\u00f3n de la Violencia contra las Mujeres (2017\u20132019)[3].<\/p>\r\n<p>Ley 27.412 de Paridad de g\u00e9nero en \u00e1mbitos de representaci\u00f3n pol\u00edtica que reemplaza la Ley de cupos. Establece que en las listas se debe intercalar mujeres y varones para garantizar la paridad.<\/p>\r\n\r\n<h3 class=\"titulo-texto-1\">2018<\/h3>\r\n\r\n<p>Obtiene media sanci\u00f3n el proyecto de ley de interrupci\u00f3n voluntaria del embarazo impulsado por Campa\u00f1a Nacional por el Derecho al Aborto Legal, Seguro y Gratuito. Fue rechazada en el Senado, pero dej\u00f3 sentadas las bases de la legitimidad del reclamo.<\/p>\r\n<p>Ley 27.452 o Ley Brisa, que estipula un r\u00e9gimen de reparaci\u00f3n econ\u00f3mica para las ni\u00f1as, ni\u00f1os y adolescentes cuya madre, padre o af\u00edn haya muerto a causa de violencia de g\u00e9nero o dentro de la familia.<\/p>\r\n\r\n<h3 class=\"titulo-texto-1\">2019<\/h3>\r\n\r\n<p>Se reabre la oficina de ONU Mujeres en Argentina.<\/p>\r\n<p>Ley 27.499 o Ley Micaela que establece la capacitaci\u00f3n obligatoria en la tem\u00e1tica de g\u00e9nero y violencia contra las mujeres para todas las personas que se desempe\u00f1en en la funci\u00f3n p\u00fablica en todos los niveles, jerarqu\u00edas y poderes del Estado. Adem\u00e1s, indica los mecanismos de implementaci\u00f3n, la instituci\u00f3n responsable de la aplicaci\u00f3n y el seguimiento.<\/p>\r\n<p>Ley 27.521 de Sistema \u00fanico normalizado de identificaci\u00f3n de talles de indumentaria, impulsado por organizaciones que promueven la diversidad de cuerpos.<\/p>\r\n<p>Decreto 7\/2019 de creaci\u00f3n del Ministerio de Mujeres, G\u00e9nero y Diversidad que ampl\u00eda las incumbencias y suprime al INAM. Aborda problemas relativos a las violencias de g\u00e9nero y femicidio, la diversidad sexual y de g\u00e9nero, participaci\u00f3n pol\u00edtica y trabajo de cuidados.<\/p>\r\n<p>La d\u00e9cada de 2020 inicia con los movimientos feministas en la c\u00faspide de su fuerza pol\u00edtica y capacidad de incidencia. Sin embargo, en marzo se declara la emergencia sanitaria por la pandemia global de COVID19, con medidas de aislamiento social y confinamiento en las viviendas. Esta situaci\u00f3n dej\u00f3 al descubierto tanto la sobrecarga en las tareas de cuidados y dom\u00e9sticas como la precariedad laboral y de subsistencia de las mujeres y personas lgttbiq+, problemas escasamente abordados por las pol\u00edticas.<p>\r\n\r\n<h3 class=\"titulo-texto-1\">2020<\/h3>\r\n\r\n<p>Decreto 721\/2020 de cupo laboral para personas trans en el Sector P\u00fablico Nacional, que establece que los cargos deber\u00e1n ser ocupados por personas trans en una proporci\u00f3n no inferior al 1%.<\/p>\r\n<p>Ley 27.610 de acceso a la interrupci\u00f3n voluntaria del embarazo.<\/p>\r\n<p>Ley 27.610 de atenci\u00f3n y cuidado integral de la salud durante el embarazo y la primera infancia.<\/p>\r\n\r\n<h3 class=\"titulo-texto-1\">2021<\/h3>\r\n\r\n<p>Decreto 14\/2021 que promulga la Ley 27.610 sustituyendo \u201csalud integral\u201d por \u201csalud\u201d solamente.<\/p>\r\n<p>Resoluci\u00f3n ministerial 1531\/2021 se presenta el Protocolo para la atenci\u00f3n integral de las personas con derecho a la interrupci\u00f3n voluntaria y legal del embarazo (IVE\/ILE).<\/p>\r\n<p>A la ley de cupo laboral trans se agrega el Decreto presidencial N\u00b0476\/21 que incorporar la nomenclatura \u201cX\u201d en el Documento Nacional de Identidad y Pasaporte para ciudadanos\/as\/xs argentinos\/as\/xs como opci\u00f3n para las personas que no se identifiquen como var\u00f3n \u201cM\u201d o como mujer \u201cF\u201d.<\/p>\r\n\r\n\r\n\r\n     \r\n <table>\r\n<caption><\/caption>\r\n<thead>\r\n<tr>\r\n<th scope=\"col\"><\/th>\r\n<th scope=\"col\"><\/th>\r\n      \r\n<\/tr>\r\n<\/thead>\r\n<tbody>\r\n    \r\n    \r\n    \r\n<tr>\r\n<td data-label=\"\">Decreto 721\/20 Cupo laboral trans<\/td>\r\n<td data-label=\"\">\r\n          \r\n<a href=\"https:\/\/consejomagistratura.gov.ar\/wp-content\/uploads\/2023\/09\/Decreto-N\u00b0-721-2020-de-Cupo-laboral-para-personas-travestis-transexuales-y-transgenero-en-el-Sector-Publico-Nacional-2020.pdf\"><img decoding=\"async\" class=\"img-pdf\" src=\"https:\/\/consejomagistratura.gov.ar\/wp-content\/uploads\/2022\/04\/pdf-flat.png\"\/><\/a>      \r\n          \r\n<\/td>\r\n<\/tr>   \r\n\r\n\r\n<tr>\r\n<td data-label=\"\">Decreto 476\/21 Registro Nacional de las personas. Sistema de registro e identificaci\u00f3n nacional<\/td>\r\n<td data-label=\"\">\r\n          \r\n<a href=\"https:\/\/consejomagistratura.gov.ar\/wp-content\/uploads\/2023\/09\/Decreto-PEN-476-2021-Adecuacion-del-Registro-Nacional-de-las-Personas-a-la-ley-26.743-de-identidad-de-genero.pdf\"><img decoding=\"async\" class=\"img-pdf\" src=\"https:\/\/consejomagistratura.gov.ar\/wp-content\/uploads\/2022\/04\/pdf-flat.png\"\/><\/a>      \r\n          \r\n<\/td>\r\n<\/tr>   \r\n    \r\n    \r\n    \r\n<tr>\r\n<td data-label=\"\">Decreto 1.246 Cupo Femenino<\/td>\r\n<td data-label=\"\">\r\n          \r\n<a href=\"https:\/\/consejomagistratura.gov.ar\/wp-content\/uploads\/2022\/04\/Decreto-1246-Cupo-Femenino.pdf\"><img decoding=\"async\" class=\"img-pdf\" src=\"https:\/\/consejomagistratura.gov.ar\/wp-content\/uploads\/2022\/04\/pdf-flat.png\"\/><\/a>      \r\n          \r\n<\/td>\r\n<\/tr>\r\n    \r\n<tr>\r\n<td scope=\"row\" data-label=\"\">\u00cdndice Legislacion Nacional y Provincial sobre G\u00e9nero<\/td>\r\n<td data-label=\"\">\r\n          \r\n<a href=\"https:\/\/consejomagistratura.gov.ar\/wp-content\/uploads\/2022\/04\/Indice-Legislacion-nacional-y-provincial-sobre-Genero.docx\"><img decoding=\"async\" class=\"img-pdf\" src=\"https:\/\/consejomagistratura.gov.ar\/wp-content\/uploads\/2022\/04\/pdf-flat.png\"\/><\/a>       \r\n          \r\n<\/td>\r\n<\/tr>\r\n\r\n\r\n<tr>\r\n<td data-label=\"\">Ley 27636\/21 Ley de promoci\u00f3n del acceso al empleo formal Diana Sacayan Lhoana Berkins<\/td>\r\n<td data-label=\"\">\r\n          \r\n<a href=\"https:\/\/consejomagistratura.gov.ar\/wp-content\/uploads\/2023\/09\/Ley-27636-Promocion-del-acceso-al-empleo-formal-para-personas-travestis-transexuales-y-transgenero.pdf\"><img decoding=\"async\" class=\"img-pdf\" src=\"https:\/\/consejomagistratura.gov.ar\/wp-content\/uploads\/2022\/04\/pdf-flat.png\"\/><\/a>      \r\n          \r\n<\/td>\r\n<\/tr>   \r\n\r\n\r\n\r\n<tr>\r\n<td scope=\"row\" data-label=\"\">Ley 26.791 | Tipifica el Homicidio Agravado de Mujeres<\/td>\r\n<td data-label=\"\">\r\n          \r\n<a href=\"https:\/\/consejomagistratura.gov.ar\/wp-content\/uploads\/2022\/04\/Ley-26.791-tipifica-el-homicidio-agravado-de-mujeres..pdf\"><img decoding=\"async\" class=\"img-pdf\" src=\"https:\/\/consejomagistratura.gov.ar\/wp-content\/uploads\/2022\/04\/pdf-flat.png\"\/><\/a>       \r\n          \r\n<\/td>\r\n<\/tr>\r\n    \r\n<tr>\r\n<td scope=\"row\" data-label=\"\">Ley 27.352 | Modifica el C\u00f3digo Penal con el Objetivo de Precisar las Acciones que Implican el Delito de Abuso Sexual<\/td>\r\n<td data-label=\"\">\r\n          \r\n<a href=\"https:\/\/consejomagistratura.gov.ar\/wp-content\/uploads\/2022\/04\/Ley-27.352-Modifica-el-Codigo-Penal-con-el-objetivo-de-precisar-las-acciones-que-implican-el-delito-de-abuso-sexual.pdf\"><img decoding=\"async\" class=\"img-pdf\" src=\"https:\/\/consejomagistratura.gov.ar\/wp-content\/uploads\/2022\/04\/pdf-flat.png\"\/><\/a>       \r\n          \r\n<\/td>\r\n<\/tr>\r\n\r\n<tr>\r\n<td scope=\"row\" data-label=\"\">Ley 14.783 - 2015 | Provincia de Buenos Aires<\/td>\r\n<td data-label=\"\">\r\n          \r\n<a href=\"https:\/\/consejomagistratura.gov.ar\/wp-content\/uploads\/2022\/04\/Ley-14783-2015.-Provincia-de-Buenos-Aires.pdf\"><img decoding=\"async\" class=\"img-pdf\" src=\"https:\/\/consejomagistratura.gov.ar\/wp-content\/uploads\/2022\/04\/pdf-flat.png\"\/><\/a>     \r\n          \r\n          \r\n<\/td>\r\n <\/tr>\r\n \r\n \r\n<tr>\r\n<td scope=\"row\" data-label=\"\">Ley 24.417 | Protecci\u00f3n contra la Violencia Familiar<\/td>\r\n<td data-label=\"\">\r\n          \r\n<a href=\"https:\/\/consejomagistratura.gov.ar\/wp-content\/uploads\/2022\/04\/Ley-24417-PROTECCION-CONTRA-LA-VIOLENCIA-FAMILIAR-.pdf\"><img decoding=\"async\" class=\"img-pdf\" src=\"https:\/\/consejomagistratura.gov.ar\/wp-content\/uploads\/2022\/04\/pdf-flat.png\"\/><\/a>     \r\n          \r\n          \r\n<\/td>\r\n <\/tr>\r\n \r\n <tr>\r\n<td scope=\"row\" data-label=\"\">Ley 25.087 | Delitos Contra la Integridad Sexual<\/td>\r\n<td data-label=\"\">\r\n          \r\n<a href=\"https:\/\/consejomagistratura.gov.ar\/wp-content\/uploads\/2022\/04\/Ley-25087-DelitosContraIntegridadSexual.pdf\"><img decoding=\"async\" class=\"img-pdf\" src=\"https:\/\/consejomagistratura.gov.ar\/wp-content\/uploads\/2022\/04\/pdf-flat.png\"\/><\/a>     \r\n          \r\n          \r\n<\/td>\r\n <\/tr>\r\n \r\n  <tr>\r\n<td scope=\"row\" data-label=\"\">Ley 25.273 | Sistema de Inasistencias Justificadas Gravidez<\/td>\r\n<td data-label=\"\">\r\n          \r\n<a href=\"https:\/\/consejomagistratura.gov.ar\/wp-content\/uploads\/2022\/04\/Ley-25273-SistemaInasistenciasJustificadas-Gravidez.pdf\"><img decoding=\"async\" class=\"img-pdf\" src=\"https:\/\/consejomagistratura.gov.ar\/wp-content\/uploads\/2022\/04\/pdf-flat.png\"\/><\/a>     \r\n          \r\n          \r\n<\/td>\r\n <\/tr>\r\n \r\n  <tr>\r\n<td scope=\"row\" data-label=\"\">Ley 25.584 | Establecimientos Educaci\u00f3n P\u00fablica Alumnas Embarazadas<\/td>\r\n<td data-label=\"\">\r\n          \r\n<a href=\"https:\/\/consejomagistratura.gov.ar\/wp-content\/uploads\/2022\/04\/Ley-25584-Establecimientos-Educacion-Publica-Alumnas-Embarazadas.pdf\"><img decoding=\"async\" class=\"img-pdf\" src=\"https:\/\/consejomagistratura.gov.ar\/wp-content\/uploads\/2022\/04\/pdf-flat.png\"\/><\/a>     \r\n          \r\n          \r\n<\/td>\r\n <\/tr>\r\n \r\n  <tr>\r\n<td scope=\"row\" data-label=\"\">Ley 25.673 | Prog. Nac. Salud Sexual Procreaci\u00f3n Responsable<\/td>\r\n<td data-label=\"\">\r\n          \r\n<a href=\"https:\/\/consejomagistratura.gov.ar\/wp-content\/uploads\/2022\/04\/Ley-25673-Prog-Nac-Salud-Sexual-Procreacion-Responsable.pdf\"><img decoding=\"async\" class=\"img-pdf\" src=\"https:\/\/consejomagistratura.gov.ar\/wp-content\/uploads\/2022\/04\/pdf-flat.png\"\/><\/a>     \r\n          \r\n          \r\n<\/td>\r\n <\/tr>\r\n \r\n  <tr>\r\n<td scope=\"row\" data-label=\"\">Ley 25.929 | Ley de Parto Humanizado<\/td>\r\n<td data-label=\"\">\r\n          \r\n<a href=\"https:\/\/consejomagistratura.gov.ar\/wp-content\/uploads\/2022\/04\/Ley-25929-Ley-de-Parto-Humanizado.pdf\"><img decoding=\"async\" class=\"img-pdf\" src=\"https:\/\/consejomagistratura.gov.ar\/wp-content\/uploads\/2022\/04\/pdf-flat.png\"\/><\/a>     \r\n          \r\n          \r\n<\/td>\r\n <\/tr>\r\n \r\n  <tr>\r\n<td scope=\"row\" data-label=\"\">Ley 26.150 | ESI<\/td>\r\n<td data-label=\"\">\r\n          \r\n<a href=\"https:\/\/consejomagistratura.gov.ar\/wp-content\/uploads\/2022\/04\/Ley-26150-ESI.pdf\"><img decoding=\"async\" class=\"img-pdf\" src=\"https:\/\/consejomagistratura.gov.ar\/wp-content\/uploads\/2022\/04\/pdf-flat.png\"\/><\/a>     \r\n          \r\n          \r\n<\/td>\r\n <\/tr>\r\n \r\n  <tr>\r\n<td scope=\"row\" data-label=\"\">Ley 26.485 | Protecci\u00f3n Integral a las Mujeres<\/td>\r\n<td data-label=\"\">\r\n          \r\n<a href=\"https:\/\/consejomagistratura.gov.ar\/wp-content\/uploads\/2022\/04\/Ley-26485-Proteccion-Integral-a-las-Mujeres.pdf\"><img decoding=\"async\" class=\"img-pdf\" src=\"https:\/\/consejomagistratura.gov.ar\/wp-content\/uploads\/2022\/04\/pdf-flat.png\"\/><\/a>     \r\n          \r\n          \r\n<\/td>\r\n <\/tr>\r\n \r\n  <tr>\r\n<td scope=\"row\" data-label=\"\">Ley 26.618 | Matrimonio Igualitario<\/td>\r\n<td data-label=\"\">\r\n          \r\n<a href=\"https:\/\/consejomagistratura.gov.ar\/wp-content\/uploads\/2022\/04\/Ley-26618-Matrimonio-Igualitario.pdf\"><img decoding=\"async\" class=\"img-pdf\" src=\"https:\/\/consejomagistratura.gov.ar\/wp-content\/uploads\/2022\/04\/pdf-flat.png\"\/><\/a>     \r\n          \r\n          \r\n<\/td>\r\n <\/tr>\r\n \r\n  <tr>\r\n<td scope=\"row\" data-label=\"\">Ley 26.743 | Identidad de G\u00e9nero<\/td>\r\n<td data-label=\"\">\r\n          \r\n<a href=\"https:\/\/consejomagistratura.gov.ar\/wp-content\/uploads\/2022\/04\/Ley-26743-Identidad-de-Genero.pdf\"><img decoding=\"async\" class=\"img-pdf\" src=\"https:\/\/consejomagistratura.gov.ar\/wp-content\/uploads\/2022\/04\/pdf-flat.png\"\/><\/a>     \r\n          \r\n          \r\n<\/td>\r\n <\/tr>\r\n \r\n  <tr>\r\n<td scope=\"row\" data-label=\"\">Ley 26.842 | Trata de Personas y Asistencia a sus V\u00edctimas<\/td>\r\n<td data-label=\"\">\r\n          \r\n<a href=\"https:\/\/consejomagistratura.gov.ar\/wp-content\/uploads\/2022\/04\/Ley-26842-Trata-de-personas-y-asistencia-a-sus-victimas.pdf\"><img decoding=\"async\" class=\"img-pdf\" src=\"https:\/\/consejomagistratura.gov.ar\/wp-content\/uploads\/2022\/04\/pdf-flat.png\"\/><\/a>     \r\n          \r\n          \r\n<\/td>\r\n <\/tr>\r\n \r\n  <tr>\r\n<td scope=\"row\" data-label=\"\">Ley 26.844 | Personal Casas Particulares<\/td>\r\n<td data-label=\"\">\r\n          \r\n<a href=\"https:\/\/consejomagistratura.gov.ar\/wp-content\/uploads\/2022\/04\/Ley-26844-Personal-Casas-Particulares.pdf\"><img decoding=\"async\" class=\"img-pdf\" src=\"https:\/\/consejomagistratura.gov.ar\/wp-content\/uploads\/2022\/04\/pdf-flat.png\"\/><\/a>     \r\n          \r\n          \r\n<\/td>\r\n <\/tr>\r\n \r\n  <tr>\r\n<td scope=\"row\" data-label=\"\">Ley 27.363 | Privaci\u00f3n de la  Responsabilidad Parental<\/td>\r\n<td data-label=\"\">\r\n          \r\n<a href=\"https:\/\/consejomagistratura.gov.ar\/wp-content\/uploads\/2022\/04\/Ley-27363-PRIVACION-DE-LA-RESPONSABILIDAD-PARENTAL.pdf\"><img decoding=\"async\" class=\"img-pdf\" src=\"https:\/\/consejomagistratura.gov.ar\/wp-content\/uploads\/2022\/04\/pdf-flat.png\"\/><\/a>     \r\n          \r\n          \r\n<\/td>\r\n <\/tr>\r\n \r\n  <tr>\r\n<td scope=\"row\" data-label=\"\">Ley 27.452 | Ley de Reparaci\u00f3n Econ\u00f3mica<\/td>\r\n<td data-label=\"\">\r\n          \r\n<a href=\"https:\/\/consejomagistratura.gov.ar\/wp-content\/uploads\/2022\/04\/Ley-27452-LEY-DE-REPARACION-ECONOMICA.pdf\"><img decoding=\"async\" class=\"img-pdf\" src=\"https:\/\/consejomagistratura.gov.ar\/wp-content\/uploads\/2022\/04\/pdf-flat.png\"\/><\/a>     \r\n          \r\n          \r\n<\/td>\r\n <\/tr>\r\n \r\n  <tr>\r\n<td scope=\"row\" data-label=\"\">Ley 27.501 | Acoso Callejero<\/td>\r\n<td data-label=\"\">\r\n          \r\n<a href=\"https:\/\/consejomagistratura.gov.ar\/wp-content\/uploads\/2022\/04\/Ley-27501-ACOSO-CALLEJERO.pdf\"><img decoding=\"async\" class=\"img-pdf\" src=\"https:\/\/consejomagistratura.gov.ar\/wp-content\/uploads\/2022\/04\/pdf-flat.png\"\/><\/a>     \r\n          \r\n          \r\n<\/td>\r\n <\/tr>\r\n \r\n  <tr>\r\n<td scope=\"row\" data-label=\"\">Ley 27.210 | Crease el Cuerpo de Abogados del Estado<\/td>\r\n<td data-label=\"\">\r\n          \r\n<a href=\"https:\/\/consejomagistratura.gov.ar\/wp-content\/uploads\/2022\/04\/Ley_27.210-Crease-el-Cuerpo-de-abogados-del-Estado.pdf\"><img decoding=\"async\" class=\"img-pdf\" src=\"https:\/\/consejomagistratura.gov.ar\/wp-content\/uploads\/2022\/04\/pdf-flat.png\"\/><\/a>     \r\n          \r\n          \r\n<\/td>\r\n <\/tr>\r\n \r\n  <tr>\r\n<td scope=\"row\" data-label=\"\">Ley 27.234 | Educar en Igualdad<\/td>\r\n<td data-label=\"\">\r\n          \r\n<a href=\"https:\/\/consejomagistratura.gov.ar\/wp-content\/uploads\/2022\/04\/Ley_27.234-Educar-en-igualdad.pdf\"><img decoding=\"async\" class=\"img-pdf\" src=\"https:\/\/consejomagistratura.gov.ar\/wp-content\/uploads\/2022\/04\/pdf-flat.png\"\/><\/a>     \r\n          \r\n          \r\n<\/td>\r\n <\/tr>\r\n \r\n  <tr>\r\n<td scope=\"row\" data-label=\"\">Plan Igualdad Oportunidades Varones y Mujeres<\/td>\r\n<td data-label=\"\">\r\n          \r\n<a href=\"https:\/\/consejomagistratura.gov.ar\/wp-content\/uploads\/2022\/04\/Plan-Igualdad-Oportunidades-Varones-y-Mujeres.pdf\"><img decoding=\"async\" class=\"img-pdf\" src=\"https:\/\/consejomagistratura.gov.ar\/wp-content\/uploads\/2022\/04\/pdf-flat.png\"\/><\/a>     \r\n          \r\n          \r\n<\/td>\r\n <\/tr>\r\n \r\n   <tr>\r\n<td scope=\"row\" data-label=\"\">Reglamentacion de Ley Provincial de Bs. As. de Cupo Laboral Trans 14.783. Decreto 1.473 | Noviembre de 2019<\/td>\r\n<td data-label=\"\">\r\n          \r\n<a href=\"https:\/\/consejomagistratura.gov.ar\/wp-content\/uploads\/2022\/04\/Reglamentacion-de-Ley-Provincial-de-Bs-As-de-Cupo-Laboral-Trans-14783.-Decreto-1473-Noviembre-de-2019.pdf\"><img decoding=\"async\" class=\"img-pdf\" src=\"https:\/\/consejomagistratura.gov.ar\/wp-content\/uploads\/2022\/04\/pdf-flat.png\"\/><\/a>     \r\n          \r\n          \r\n<\/td>\r\n <\/tr>\r\n \r\n \r\n \r\n \r\n \r\n<\/tbody>\r\n<\/table>              \r\n\r\n\r\n          <\/div>\r\n      <\/li>     \r\n      \r\n      \r\n      \r\n      \r\n      \r\n      \r\n      \r\n      \r\n<li>\r\n        <div class=\"accordion-button\">\r\n          <h2 class=\"tit-aco\">Resoluciones del Consejo de la Magistratura de la Naci\u00f3n<\/h2>\r\n        <\/div>\r\n          <div class=\"accordion-panel\">\r\n        \r\n        \r\n\r\n\r\n\r\n     \r\n <table>\r\n<caption><\/caption>\r\n<thead>\r\n<tr>\r\n<th scope=\"col\"><\/th>\r\n<th scope=\"col\"><\/th>\r\n      \r\n<\/tr>\r\n<\/thead>\r\n<tbody>\r\n<tr>\r\n<td data-label=\"\">Conv. entre Corte y Consejo. Of. de la Mujer<\/td>\r\n<td data-label=\"\">\r\n          \r\n<a href=\"https:\/\/consejomagistratura.gov.ar\/wp-content\/uploads\/2022\/04\/CONV.-ENTRE-CORTE-Y-CONSEJO.-OF.-DE-LA-MUJER.pdf\"><img decoding=\"async\" class=\"img-pdf\" src=\"https:\/\/consejomagistratura.gov.ar\/wp-content\/uploads\/2022\/04\/pdf-flat.png\"\/><\/a>      \r\n          \r\n<\/td>\r\n<\/tr>\r\n    \r\n<tr>\r\n<td scope=\"row\" data-label=\"\">Encuesta - Percepci\u00f3n igualdad de G\u00e9nero<\/td>\r\n<td data-label=\"\">\r\n          \r\n<a href=\"https:\/\/consejomagistratura.gov.ar\/wp-content\/uploads\/2022\/04\/Encuesta-Percepcion-igualdad-de-Genero.pdf\"><img decoding=\"async\" class=\"img-pdf\" src=\"https:\/\/consejomagistratura.gov.ar\/wp-content\/uploads\/2022\/04\/pdf-flat.png\"\/><\/a>       \r\n          \r\n<\/td>\r\n<\/tr>\r\n\r\n<tr>\r\n<td scope=\"row\" data-label=\"\">Licencia \u00danica por Nacimiento para Personal del CM<\/td>\r\n<td data-label=\"\">\r\n          \r\n<a href=\"https:\/\/consejomagistratura.gov.ar\/wp-content\/uploads\/2022\/04\/Licencia-Unica-por-Nacimiento-para-personal-del-CM.doc\"><img decoding=\"async\" class=\"img-pdf\" src=\"https:\/\/consejomagistratura.gov.ar\/wp-content\/uploads\/2022\/04\/pdf-flat.png\"\/><\/a>       \r\n          \r\n<\/td>\r\n<\/tr>\r\n    \r\n<tr>\r\n<td scope=\"row\" data-label=\"\">Registro Publico de Denuncias contra Magistrados y Magistradas por Violencia de Genero<\/td>\r\n<td data-label=\"\">\r\n          \r\n<a href=\"https:\/\/consejomagistratura.gov.ar\/wp-content\/uploads\/2022\/04\/Registro-Publico-de-denuncias-contra-magistradoy-magistradas-por-violencia-de-genero.doc\"><img decoding=\"async\" class=\"img-pdf\" src=\"https:\/\/consejomagistratura.gov.ar\/wp-content\/uploads\/2022\/04\/pdf-flat.png\"\/><\/a>       \r\n          \r\n<\/td>\r\n<\/tr>\r\n\r\n\r\n<tr>\r\n<td scope=\"row\" data-label=\"\">Resoluci\u00f3n CM 165\/22<\/td>\r\n<td data-label=\"\">\r\n          \r\n<a href=\"https:\/\/consejomagistratura.gov.ar\/wp-content\/uploads\/2022\/04\/Res-CM-207-15-Espacio-para-la-lactancia.pdf\"><img decoding=\"async\" class=\"img-pdf\" src=\"https:\/\/consejomagistratura.gov.ar\/wp-content\/uploads\/2022\/04\/pdf-flat.png\"\/><\/a>     \r\n          \r\n          \r\n<\/td>\r\n <\/tr>\r\n \r\n \r\n <tr>\r\n<td scope=\"row\" data-label=\"\">Resoluci\u00f3n CM 156\/23<\/td>\r\n<td data-label=\"\">\r\n          \r\n<a href=\"https:\/\/consejomagistratura.gov.ar\/wp-content\/uploads\/2023\/09\/Resolucion-156-Protocolo-Para-la-prevencion-y-abordaje-Violencia-Acoso-laboral-P-Genero-.pdf\"><img decoding=\"async\" class=\"img-pdf\" src=\"https:\/\/consejomagistratura.gov.ar\/wp-content\/uploads\/2022\/04\/pdf-flat.png\"\/><\/a>     \r\n          \r\n          \r\n<\/td>\r\n <\/tr>\r\n\r\n<tr>\r\n<td scope=\"row\" data-label=\"\">Res CM 207-15 | Espacio para la Lactancia<\/td>\r\n<td data-label=\"\">\r\n          \r\n<a href=\"https:\/\/consejomagistratura.gov.ar\/wp-content\/uploads\/2022\/04\/Res-CM-207-15-Espacio-para-la-lactancia.pdf\"><img decoding=\"async\" class=\"img-pdf\" src=\"https:\/\/consejomagistratura.gov.ar\/wp-content\/uploads\/2022\/04\/pdf-flat.png\"\/><\/a>     \r\n          \r\n          \r\n<\/td>\r\n <\/tr>\r\n \r\n \r\n<tr>\r\n<td scope=\"row\" data-label=\"\">Reso 28 2020 | Curso Perspectiva G\u00e9nero<\/td>\r\n<td data-label=\"\">\r\n          \r\n<a href=\"https:\/\/consejomagistratura.gov.ar\/wp-content\/uploads\/2022\/04\/Reso-28-2020-Curso-Perspectiva-Genero.pdf\"><img decoding=\"async\" class=\"img-pdf\" src=\"https:\/\/consejomagistratura.gov.ar\/wp-content\/uploads\/2022\/04\/pdf-flat.png\"\/><\/a>     \r\n          \r\n          \r\n<\/td>\r\n <\/tr>\r\n \r\n <tr>\r\n<td scope=\"row\" data-label=\"\">Reso 178 2019 | Curso Trata en Esc. Judicial<\/td>\r\n<td data-label=\"\">\r\n          \r\n<a href=\"https:\/\/consejomagistratura.gov.ar\/wp-content\/uploads\/2022\/04\/Reso-178-2019-curso-Trata-en-Esc-Judicial.pdf\"><img decoding=\"async\" class=\"img-pdf\" src=\"https:\/\/consejomagistratura.gov.ar\/wp-content\/uploads\/2022\/04\/pdf-flat.png\"\/><\/a>     \r\n          \r\n          \r\n<\/td>\r\n <\/tr>\r\n \r\n  <tr>\r\n<td scope=\"row\" data-label=\"\">Reso 266 2019 | Cambio Reglamento G\u00e9nero<\/td>\r\n<td data-label=\"\">\r\n          \r\n<a href=\"https:\/\/consejomagistratura.gov.ar\/wp-content\/uploads\/2022\/04\/Reso-266-2019-cambio-reglamento-GENERO.pdf\"><img decoding=\"async\" class=\"img-pdf\" src=\"https:\/\/consejomagistratura.gov.ar\/wp-content\/uploads\/2022\/04\/pdf-flat.png\"\/><\/a>     \r\n          \r\n          \r\n<\/td>\r\n <\/tr>\r\n \r\n  \r\n \r\n  <tr>\r\n<td scope=\"row\" data-label=\"\">Reso 269 2019 | Reglamento G\u00e9nero<\/td>\r\n<td data-label=\"\">\r\n          \r\n<a href=\"https:\/\/consejomagistratura.gov.ar\/wp-content\/uploads\/2022\/04\/Reso-269-2019-Reglamento-Genero.pdf\"><img decoding=\"async\" class=\"img-pdf\" src=\"https:\/\/consejomagistratura.gov.ar\/wp-content\/uploads\/2022\/04\/pdf-flat.png\"\/><\/a>     \r\n          \r\n          \r\n<\/td>\r\n <\/tr>\r\n \r\n  <tr>\r\n<td scope=\"row\" data-label=\"\">Reso 289 2019 | Reglamento G\u00e9nero Cama\u00f1o<\/td>\r\n<td data-label=\"\">\r\n          \r\n<a href=\"https:\/\/consejomagistratura.gov.ar\/wp-content\/uploads\/2022\/04\/Reso-289-2019-Reglamento-Genero-Camano.pdf\"><img decoding=\"async\" class=\"img-pdf\" src=\"https:\/\/consejomagistratura.gov.ar\/wp-content\/uploads\/2022\/04\/pdf-flat.png\"\/><\/a>     \r\n          \r\n          \r\n<\/td>\r\n <\/tr>\r\n \r\n  <tr>\r\n<td scope=\"row\" data-label=\"\">Reso 169 2012 | Competencia G\u00e9nero Unidad DDHH<\/td>\r\n<td data-label=\"\">\r\n          \r\n<a href=\"https:\/\/consejomagistratura.gov.ar\/wp-content\/uploads\/2022\/04\/Reso169-2012-Competencia-Genero-Unidad-DDHH.pdf\"><img decoding=\"async\" class=\"img-pdf\" src=\"https:\/\/consejomagistratura.gov.ar\/wp-content\/uploads\/2022\/04\/pdf-flat.png\"\/><\/a>     \r\n          \r\n          \r\n<\/td>\r\n <\/tr>\r\n \r\n  <tr>\r\n<td scope=\"row\" data-label=\"\">Resoluci\u00f3n Auditor\u00eda G\u00e9nero<\/td>\r\n<td data-label=\"\">\r\n          \r\n<a href=\"https:\/\/consejomagistratura.gov.ar\/wp-content\/uploads\/2022\/04\/RESOLUCION-AUDITORIA-GENERO.docx\"><img decoding=\"async\" class=\"img-pdf\" src=\"https:\/\/consejomagistratura.gov.ar\/wp-content\/uploads\/2022\/04\/pdf-flat.png\"\/><\/a>     \r\n          \r\n          \r\n<\/td>\r\n <\/tr>\r\n \r\n  \r\n \r\n \r\n \r\n \r\n \r\n<\/tbody>\r\n<\/table>              \r\n\r\n\r\n          <\/div>\r\n      <\/li>           \r\n      \r\n \r\n            \r\n      \r\n      \r\n      \r\n      \r\n      \r\n      \r\n      \r\n      \r\n      \r\n\r\n      \r\n      \r\n      \r\n      \r\n      \r\n    <\/ul>\r\n  <\/div> <!-- END LEFT -->\r\n\r\n\r\n<\/div> <!-- END ROW -->\r\n\r\n<script>\r\n  $(function() {\r\n  $('.accordion-button').on('click', function(e) {\r\n    e.preventDefault();\r\n    if ($(this).hasClass('active')) {\r\n      $(this).removeClass('active');\r\n      $(this).next()\r\n      .stop()\r\n      .slideUp(300);\r\n    } else {\r\n      $(this).addClass('active');\r\n      $(this).next()\r\n      .stop()\r\n      .slideDown(300);\r\n    }\r\n  });\r\n});    \r\n    \r\n<\/script>\t\t\t\t<\/div>\n\t\t\t\t<\/div>\n\t\t\t\t\t<\/div>\n\t\t<\/div>\n\t\t\t\t\t<\/div>\n\t\t<\/section>\n\t\t\t\t<section class=\"elementor-section elementor-top-section elementor-element elementor-element-a70b76c elementor-section-boxed elementor-section-height-default elementor-section-height-default\" data-id=\"a70b76c\" data-element_type=\"section\">\n\t\t\t\t\t\t<div class=\"elementor-container elementor-column-gap-default\">\n\t\t\t\t\t<div class=\"elementor-column elementor-col-100 elementor-top-column elementor-element elementor-element-07adee0\" data-id=\"07adee0\" data-element_type=\"column\">\n\t\t\t<div class=\"elementor-widget-wrap elementor-element-populated\">\n\t\t\t\t\t\t<div class=\"elementor-element elementor-element-927e2a6 elementor-widget elementor-widget-spacer\" data-id=\"927e2a6\" data-element_type=\"widget\" data-widget_type=\"spacer.default\">\n\t\t\t\t<div class=\"elementor-widget-container\">\n\t\t\t\t\t\t\t<div class=\"elementor-spacer\">\n\t\t\t<div class=\"elementor-spacer-inner\"><\/div>\n\t\t<\/div>\n\t\t\t\t\t\t<\/div>\n\t\t\t\t<\/div>\n\t\t\t\t\t<\/div>\n\t\t<\/div>\n\t\t\t\t\t<\/div>\n\t\t<\/section>\n\t\t\t\t<section class=\"elementor-section elementor-top-section elementor-element elementor-element-ee35667 elementor-section-boxed elementor-section-height-default elementor-section-height-default\" data-id=\"ee35667\" data-element_type=\"section\">\n\t\t\t\t\t\t<div class=\"elementor-container elementor-column-gap-default\">\n\t\t\t\t\t<div class=\"elementor-column elementor-col-100 elementor-top-column elementor-element elementor-element-7f11087\" data-id=\"7f11087\" data-element_type=\"column\">\n\t\t\t<div class=\"elementor-widget-wrap\">\n\t\t\t\t\t\t\t<\/div>\n\t\t<\/div>\n\t\t\t\t\t<\/div>\n\t\t<\/section>\n\t\t\t\t<section class=\"elementor-section elementor-top-section elementor-element elementor-element-7104dfa elementor-section-boxed elementor-section-height-default elementor-section-height-default\" data-id=\"7104dfa\" data-element_type=\"section\">\n\t\t\t\t\t\t<div class=\"elementor-container elementor-column-gap-default\">\n\t\t\t\t\t<div class=\"elementor-column elementor-col-100 elementor-top-column elementor-element elementor-element-20239d8\" data-id=\"20239d8\" data-element_type=\"column\">\n\t\t\t<div class=\"elementor-widget-wrap elementor-element-populated\">\n\t\t\t\t\t\t<div class=\"elementor-element elementor-element-25fa30e elementor-widget elementor-widget-spacer\" data-id=\"25fa30e\" data-element_type=\"widget\" data-widget_type=\"spacer.default\">\n\t\t\t\t<div class=\"elementor-widget-container\">\n\t\t\t\t\t\t\t<div class=\"elementor-spacer\">\n\t\t\t<div class=\"elementor-spacer-inner\"><\/div>\n\t\t<\/div>\n\t\t\t\t\t\t<\/div>\n\t\t\t\t<\/div>\n\t\t\t\t\t<\/div>\n\t\t<\/div>\n\t\t\t\t\t<\/div>\n\t\t<\/section>\n\t\t\t\t<\/div>\n\t\t","protected":false},"excerpt":{"rendered":"<p>Facebook Twitter Instagram Youtube NORMATIVA Y JUSRISPRUDENCIA SOBRE VIOLENCIA DE G\u00c9NERO A los 17 d\u00edas del mes de febrero de 2022, se aprob\u00f3 en reuni\u00f3n Plenaria la\u00a0 incorporaci\u00f3n, en este sitio oficial web, de una [&hellip;]<\/p>\n","protected":false},"author":1,"featured_media":12728,"parent":0,"menu_order":0,"comment_status":"closed","ping_status":"closed","template":"elementor_header_footer","meta":{"footnotes":""},"class_list":["post-35270","page","type-page","status-publish","has-post-thumbnail","hentry"],"yoast_head":"<!-- This site is optimized with the Yoast SEO Premium plugin v16.2 (Yoast SEO v17.9) - https:\/\/yoast.com\/wordpress\/plugins\/seo\/ -->\n<title>NORMATIVA Y JUSRISPRUDENCIA SOBRE VIOLENCIA DE G\u00c9NERO | Consejo de la Magistratura<\/title>\n<meta name=\"description\" content=\"Poder Judicial de la Naci\u00f3n\" \/>\n<meta name=\"robots\" content=\"index, follow, max-snippet:-1, max-image-preview:large, max-video-preview:-1\" \/>\n<link rel=\"canonical\" href=\"https:\/\/consejomagistratura.gov.ar\/index.php\/normativa-y-jusrisprudencia-sobre-violencia-de-genero\/\" \/>\n<meta property=\"og:locale\" content=\"es_ES\" \/>\n<meta property=\"og:type\" content=\"article\" \/>\n<meta property=\"og:title\" content=\"NORMATIVA Y JUSRISPRUDENCIA SOBRE VIOLENCIA DE G\u00c9NERO | Consejo de la Magistratura\" \/>\n<meta property=\"og:description\" content=\"Poder Judicial de la Naci\u00f3n\" \/>\n<meta property=\"og:url\" content=\"https:\/\/consejomagistratura.gov.ar\/index.php\/normativa-y-jusrisprudencia-sobre-violencia-de-genero\/\" \/>\n<meta property=\"og:site_name\" content=\"Consejo de la Magistratura\" \/>\n<meta property=\"article:publisher\" content=\"https:\/\/www.facebook.com\/consejomagistratura\" \/>\n<meta property=\"article:modified_time\" content=\"2023-09-06T16:39:12+00:00\" \/>\n<meta property=\"og:image\" content=\"https:\/\/consejomagistratura.gov.ar\/wp-content\/uploads\/2021\/08\/logo_link_2_Mesa-de-trabajo-1.png\" \/>\n\t<meta property=\"og:image:width\" content=\"1067\" \/>\n\t<meta property=\"og:image:height\" content=\"780\" \/>\n\t<meta property=\"og:image:type\" content=\"image\/png\" \/>\n<meta name=\"twitter:card\" content=\"summary_large_image\" \/>\n<meta name=\"twitter:title\" content=\"NORMATIVA Y JUSRISPRUDENCIA SOBRE VIOLENCIA DE G\u00c9NERO | Consejo de la Magistratura\" \/>\n<meta name=\"twitter:description\" content=\"Poder Judicial de la Naci\u00f3n\" \/>\n<meta name=\"twitter:image\" content=\"https:\/\/consejomagistratura.gov.ar\/wp-content\/uploads\/2021\/08\/logo_link_2_Mesa-de-trabajo-1.png\" \/>\n<meta name=\"twitter:site\" content=\"@cmagistratura\" \/>\n<meta name=\"twitter:label1\" content=\"Tiempo de lectura\" \/>\n\t<meta name=\"twitter:data1\" content=\"49 minutos\" \/>\n<script type=\"application\/ld+json\" class=\"yoast-schema-graph\">{\"@context\":\"https:\/\/schema.org\",\"@graph\":[{\"@type\":\"Organization\",\"@id\":\"https:\/\/consejomagistratura.gov.ar\/#organization\",\"name\":\"Consejo de la Magistratura\",\"url\":\"https:\/\/consejomagistratura.gov.ar\/\",\"sameAs\":[\"https:\/\/www.facebook.com\/consejomagistratura\",\"https:\/\/www.instagram.com\/consejodelamagistratura\/\",\"https:\/\/www.youtube.com\/c\/consejodelamagistraturadelanacion\",\"https:\/\/es.wikipedia.org\/wiki\/Consejo_de_la_Magistratura_(Argentina)\",\"https:\/\/twitter.com\/cmagistratura\"],\"logo\":{\"@type\":\"ImageObject\",\"@id\":\"https:\/\/consejomagistratura.gov.ar\/#logo\",\"inLanguage\":\"es-AR\",\"url\":\"https:\/\/consejomagistratura.gov.ar\/wp-content\/uploads\/2021\/08\/logo_link_2_Mesa-de-trabajo-1.png\",\"contentUrl\":\"https:\/\/consejomagistratura.gov.ar\/wp-content\/uploads\/2021\/08\/logo_link_2_Mesa-de-trabajo-1.png\",\"width\":1067,\"height\":780,\"caption\":\"Consejo de la Magistratura\"},\"image\":{\"@id\":\"https:\/\/consejomagistratura.gov.ar\/#logo\"}},{\"@type\":\"WebSite\",\"@id\":\"https:\/\/consejomagistratura.gov.ar\/#website\",\"url\":\"https:\/\/consejomagistratura.gov.ar\/\",\"name\":\"Consejo de la Magistratura\",\"description\":\"\",\"publisher\":{\"@id\":\"https:\/\/consejomagistratura.gov.ar\/#organization\"},\"potentialAction\":[{\"@type\":\"SearchAction\",\"target\":{\"@type\":\"EntryPoint\",\"urlTemplate\":\"https:\/\/consejomagistratura.gov.ar\/?s={search_term_string}\"},\"query-input\":\"required name=search_term_string\"}],\"inLanguage\":\"es-AR\"},{\"@type\":\"ImageObject\",\"@id\":\"https:\/\/consejomagistratura.gov.ar\/index.php\/normativa-y-jusrisprudencia-sobre-violencia-de-genero\/#primaryimage\",\"inLanguage\":\"es-AR\",\"url\":\"https:\/\/consejomagistratura.gov.ar\/wp-content\/uploads\/2021\/08\/logo_link_2_Mesa-de-trabajo-1.png\",\"contentUrl\":\"https:\/\/consejomagistratura.gov.ar\/wp-content\/uploads\/2021\/08\/logo_link_2_Mesa-de-trabajo-1.png\",\"width\":1067,\"height\":780},{\"@type\":\"WebPage\",\"@id\":\"https:\/\/consejomagistratura.gov.ar\/index.php\/normativa-y-jusrisprudencia-sobre-violencia-de-genero\/#webpage\",\"url\":\"https:\/\/consejomagistratura.gov.ar\/index.php\/normativa-y-jusrisprudencia-sobre-violencia-de-genero\/\",\"name\":\"NORMATIVA Y JUSRISPRUDENCIA SOBRE VIOLENCIA DE G\\u00c9NERO | Consejo de la Magistratura\",\"isPartOf\":{\"@id\":\"https:\/\/consejomagistratura.gov.ar\/#website\"},\"primaryImageOfPage\":{\"@id\":\"https:\/\/consejomagistratura.gov.ar\/index.php\/normativa-y-jusrisprudencia-sobre-violencia-de-genero\/#primaryimage\"},\"datePublished\":\"2022-04-20T18:29:10+00:00\",\"dateModified\":\"2023-09-06T16:39:12+00:00\",\"description\":\"Poder Judicial de la Naci\\u00f3n\",\"breadcrumb\":{\"@id\":\"https:\/\/consejomagistratura.gov.ar\/index.php\/normativa-y-jusrisprudencia-sobre-violencia-de-genero\/#breadcrumb\"},\"inLanguage\":\"es-AR\",\"potentialAction\":[{\"@type\":\"ReadAction\",\"target\":[\"https:\/\/consejomagistratura.gov.ar\/index.php\/normativa-y-jusrisprudencia-sobre-violencia-de-genero\/\"]}]},{\"@type\":\"BreadcrumbList\",\"@id\":\"https:\/\/consejomagistratura.gov.ar\/index.php\/normativa-y-jusrisprudencia-sobre-violencia-de-genero\/#breadcrumb\",\"itemListElement\":[{\"@type\":\"ListItem\",\"position\":1,\"name\":\"Inicio\",\"item\":\"https:\/\/consejomagistratura.gov.ar\/\"},{\"@type\":\"ListItem\",\"position\":2,\"name\":\"NORMATIVA Y JUSRISPRUDENCIA SOBRE VIOLENCIA DE G\\u00c9NERO\"}]}]}<\/script>\n<!-- \/ Yoast SEO Premium plugin. -->","yoast_head_json":{"title":"NORMATIVA Y JUSRISPRUDENCIA SOBRE VIOLENCIA DE G\u00c9NERO | Consejo de la Magistratura","description":"Poder Judicial de la Naci\u00f3n","robots":{"index":"index","follow":"follow","max-snippet":"max-snippet:-1","max-image-preview":"max-image-preview:large","max-video-preview":"max-video-preview:-1"},"canonical":"https:\/\/consejomagistratura.gov.ar\/index.php\/normativa-y-jusrisprudencia-sobre-violencia-de-genero\/","og_locale":"es_ES","og_type":"article","og_title":"NORMATIVA Y JUSRISPRUDENCIA SOBRE VIOLENCIA DE G\u00c9NERO | Consejo de la Magistratura","og_description":"Poder Judicial de la Naci\u00f3n","og_url":"https:\/\/consejomagistratura.gov.ar\/index.php\/normativa-y-jusrisprudencia-sobre-violencia-de-genero\/","og_site_name":"Consejo de la Magistratura","article_publisher":"https:\/\/www.facebook.com\/consejomagistratura","article_modified_time":"2023-09-06T16:39:12+00:00","og_image":[{"width":1067,"height":780,"url":"https:\/\/consejomagistratura.gov.ar\/wp-content\/uploads\/2021\/08\/logo_link_2_Mesa-de-trabajo-1.png","type":"image\/png"}],"twitter_card":"summary_large_image","twitter_title":"NORMATIVA Y JUSRISPRUDENCIA SOBRE VIOLENCIA DE G\u00c9NERO | Consejo de la Magistratura","twitter_description":"Poder Judicial de la Naci\u00f3n","twitter_image":"https:\/\/consejomagistratura.gov.ar\/wp-content\/uploads\/2021\/08\/logo_link_2_Mesa-de-trabajo-1.png","twitter_site":"@cmagistratura","twitter_misc":{"Tiempo de lectura":"49 minutos"},"schema":{"@context":"https:\/\/schema.org","@graph":[{"@type":"Organization","@id":"https:\/\/consejomagistratura.gov.ar\/#organization","name":"Consejo de la Magistratura","url":"https:\/\/consejomagistratura.gov.ar\/","sameAs":["https:\/\/www.facebook.com\/consejomagistratura","https:\/\/www.instagram.com\/consejodelamagistratura\/","https:\/\/www.youtube.com\/c\/consejodelamagistraturadelanacion","https:\/\/es.wikipedia.org\/wiki\/Consejo_de_la_Magistratura_(Argentina)","https:\/\/twitter.com\/cmagistratura"],"logo":{"@type":"ImageObject","@id":"https:\/\/consejomagistratura.gov.ar\/#logo","inLanguage":"es-AR","url":"https:\/\/consejomagistratura.gov.ar\/wp-content\/uploads\/2021\/08\/logo_link_2_Mesa-de-trabajo-1.png","contentUrl":"https:\/\/consejomagistratura.gov.ar\/wp-content\/uploads\/2021\/08\/logo_link_2_Mesa-de-trabajo-1.png","width":1067,"height":780,"caption":"Consejo de la Magistratura"},"image":{"@id":"https:\/\/consejomagistratura.gov.ar\/#logo"}},{"@type":"WebSite","@id":"https:\/\/consejomagistratura.gov.ar\/#website","url":"https:\/\/consejomagistratura.gov.ar\/","name":"Consejo de la Magistratura","description":"","publisher":{"@id":"https:\/\/consejomagistratura.gov.ar\/#organization"},"potentialAction":[{"@type":"SearchAction","target":{"@type":"EntryPoint","urlTemplate":"https:\/\/consejomagistratura.gov.ar\/?s={search_term_string}"},"query-input":"required name=search_term_string"}],"inLanguage":"es-AR"},{"@type":"ImageObject","@id":"https:\/\/consejomagistratura.gov.ar\/index.php\/normativa-y-jusrisprudencia-sobre-violencia-de-genero\/#primaryimage","inLanguage":"es-AR","url":"https:\/\/consejomagistratura.gov.ar\/wp-content\/uploads\/2021\/08\/logo_link_2_Mesa-de-trabajo-1.png","contentUrl":"https:\/\/consejomagistratura.gov.ar\/wp-content\/uploads\/2021\/08\/logo_link_2_Mesa-de-trabajo-1.png","width":1067,"height":780},{"@type":"WebPage","@id":"https:\/\/consejomagistratura.gov.ar\/index.php\/normativa-y-jusrisprudencia-sobre-violencia-de-genero\/#webpage","url":"https:\/\/consejomagistratura.gov.ar\/index.php\/normativa-y-jusrisprudencia-sobre-violencia-de-genero\/","name":"NORMATIVA Y JUSRISPRUDENCIA SOBRE VIOLENCIA DE G\u00c9NERO | Consejo de la Magistratura","isPartOf":{"@id":"https:\/\/consejomagistratura.gov.ar\/#website"},"primaryImageOfPage":{"@id":"https:\/\/consejomagistratura.gov.ar\/index.php\/normativa-y-jusrisprudencia-sobre-violencia-de-genero\/#primaryimage"},"datePublished":"2022-04-20T18:29:10+00:00","dateModified":"2023-09-06T16:39:12+00:00","description":"Poder Judicial de la Naci\u00f3n","breadcrumb":{"@id":"https:\/\/consejomagistratura.gov.ar\/index.php\/normativa-y-jusrisprudencia-sobre-violencia-de-genero\/#breadcrumb"},"inLanguage":"es-AR","potentialAction":[{"@type":"ReadAction","target":["https:\/\/consejomagistratura.gov.ar\/index.php\/normativa-y-jusrisprudencia-sobre-violencia-de-genero\/"]}]},{"@type":"BreadcrumbList","@id":"https:\/\/consejomagistratura.gov.ar\/index.php\/normativa-y-jusrisprudencia-sobre-violencia-de-genero\/#breadcrumb","itemListElement":[{"@type":"ListItem","position":1,"name":"Inicio","item":"https:\/\/consejomagistratura.gov.ar\/"},{"@type":"ListItem","position":2,"name":"NORMATIVA Y JUSRISPRUDENCIA SOBRE VIOLENCIA DE G\u00c9NERO"}]}]}},"_links":{"self":[{"href":"https:\/\/consejomagistratura.gov.ar\/index.php\/wp-json\/wp\/v2\/pages\/35270","targetHints":{"allow":["GET"]}}],"collection":[{"href":"https:\/\/consejomagistratura.gov.ar\/index.php\/wp-json\/wp\/v2\/pages"}],"about":[{"href":"https:\/\/consejomagistratura.gov.ar\/index.php\/wp-json\/wp\/v2\/types\/page"}],"author":[{"embeddable":true,"href":"https:\/\/consejomagistratura.gov.ar\/index.php\/wp-json\/wp\/v2\/users\/1"}],"replies":[{"embeddable":true,"href":"https:\/\/consejomagistratura.gov.ar\/index.php\/wp-json\/wp\/v2\/comments?post=35270"}],"version-history":[{"count":613,"href":"https:\/\/consejomagistratura.gov.ar\/index.php\/wp-json\/wp\/v2\/pages\/35270\/revisions"}],"predecessor-version":[{"id":44177,"href":"https:\/\/consejomagistratura.gov.ar\/index.php\/wp-json\/wp\/v2\/pages\/35270\/revisions\/44177"}],"wp:featuredmedia":[{"embeddable":true,"href":"https:\/\/consejomagistratura.gov.ar\/index.php\/wp-json\/wp\/v2\/media\/12728"}],"wp:attachment":[{"href":"https:\/\/consejomagistratura.gov.ar\/index.php\/wp-json\/wp\/v2\/media?parent=35270"}],"curies":[{"name":"wp","href":"https:\/\/api.w.org\/{rel}","templated":true}]}}