{"id":9556,"date":"2021-07-02T12:34:41","date_gmt":"2021-07-02T15:34:41","guid":{"rendered":"http:\/\/5.0.33.199\/nueva_web\/?page_id=9556"},"modified":"2026-03-21T09:21:48","modified_gmt":"2026-03-21T12:21:48","slug":"comision-de-reglamentacion","status":"publish","type":"page","link":"https:\/\/consejomagistratura.gov.ar\/index.php\/comision-de-reglamentacion\/","title":{"rendered":"COMISI\u00d3N DE REGLAMENTACI\u00d3N"},"content":{"rendered":"\t\t<div data-elementor-type=\"wp-page\" data-elementor-id=\"9556\" class=\"elementor elementor-9556\" data-elementor-post-type=\"page\">\n\t\t\t\t\t\t<section class=\"elementor-section elementor-top-section elementor-element elementor-element-4db92951 elementor-section-boxed elementor-section-height-default elementor-section-height-default\" data-id=\"4db92951\" data-element_type=\"section\">\n\t\t\t\t\t\t<div class=\"elementor-container elementor-column-gap-narrow\">\n\t\t\t\t\t<div class=\"elementor-column elementor-col-50 elementor-top-column elementor-element elementor-element-67ccd0c5\" data-id=\"67ccd0c5\" data-element_type=\"column\">\n\t\t\t<div class=\"elementor-widget-wrap elementor-element-populated\">\n\t\t\t\t\t\t<div class=\"elementor-element elementor-element-600df481 e-grid-align-left e-grid-align-mobile-center elementor-shape-rounded elementor-grid-0 elementor-widget elementor-widget-social-icons\" data-id=\"600df481\" data-element_type=\"widget\" data-widget_type=\"social-icons.default\">\n\t\t\t\t<div class=\"elementor-widget-container\">\n\t\t\t\t\t\t\t<div class=\"elementor-social-icons-wrapper elementor-grid\">\n\t\t\t\t\t\t\t<span class=\"elementor-grid-item\">\n\t\t\t\t\t<a class=\"elementor-icon elementor-social-icon elementor-social-icon-facebook elementor-repeater-item-ca8588a\" href=\"https:\/\/www.facebook.com\/consejomagistratura\" target=\"_blank\">\n\t\t\t\t\t\t<span class=\"elementor-screen-only\">Facebook<\/span>\n\t\t\t\t\t\t<i class=\"fab fa-facebook\"><\/i>\t\t\t\t\t<\/a>\n\t\t\t\t<\/span>\n\t\t\t\t\t\t\t<span class=\"elementor-grid-item\">\n\t\t\t\t\t<a class=\"elementor-icon elementor-social-icon elementor-social-icon-twitter elementor-repeater-item-e2f9e95\" href=\"https:\/\/twitter.com\/cmagistratura\" target=\"_blank\">\n\t\t\t\t\t\t<span class=\"elementor-screen-only\">Twitter<\/span>\n\t\t\t\t\t\t<i class=\"fab fa-twitter\"><\/i>\t\t\t\t\t<\/a>\n\t\t\t\t<\/span>\n\t\t\t\t\t\t\t<span class=\"elementor-grid-item\">\n\t\t\t\t\t<a class=\"elementor-icon elementor-social-icon elementor-social-icon-instagram elementor-repeater-item-e0b7108\" href=\"https:\/\/www.instagram.com\/consejodelamagistratura\/\" target=\"_blank\">\n\t\t\t\t\t\t<span class=\"elementor-screen-only\">Instagram<\/span>\n\t\t\t\t\t\t<i class=\"fab fa-instagram\"><\/i>\t\t\t\t\t<\/a>\n\t\t\t\t<\/span>\n\t\t\t\t\t\t\t<span class=\"elementor-grid-item\">\n\t\t\t\t\t<a class=\"elementor-icon elementor-social-icon elementor-social-icon-youtube elementor-repeater-item-4c58d6c\" href=\"https:\/\/www.youtube.com\/c\/consejodelamagistraturadelanacion\" target=\"_blank\">\n\t\t\t\t\t\t<span class=\"elementor-screen-only\">Youtube<\/span>\n\t\t\t\t\t\t<i class=\"fab fa-youtube\"><\/i>\t\t\t\t\t<\/a>\n\t\t\t\t<\/span>\n\t\t\t\t\t<\/div>\n\t\t\t\t\t\t<\/div>\n\t\t\t\t<\/div>\n\t\t\t\t\t<\/div>\n\t\t<\/div>\n\t\t\t\t<div class=\"elementor-column elementor-col-50 elementor-top-column elementor-element elementor-element-5077304f\" data-id=\"5077304f\" data-element_type=\"column\">\n\t\t\t<div class=\"elementor-widget-wrap elementor-element-populated\">\n\t\t\t\t\t\t<div class=\"elementor-element elementor-element-24beb2e6 elementor-search-form--skin-classic elementor-search-form--button-type-icon elementor-search-form--icon-search elementor-widget elementor-widget-search-form\" data-id=\"24beb2e6\" data-element_type=\"widget\" data-settings=\"{&quot;skin&quot;:&quot;classic&quot;}\" data-widget_type=\"search-form.default\">\n\t\t\t\t<div class=\"elementor-widget-container\">\n\t\t\t\t\t\t\t<search role=\"search\">\n\t\t\t<form class=\"elementor-search-form\" action=\"https:\/\/consejomagistratura.gov.ar\" method=\"get\">\n\t\t\t\t\t\t\t\t\t\t\t\t<div class=\"elementor-search-form__container\">\n\t\t\t\t\t<label class=\"elementor-screen-only\" for=\"elementor-search-form-24beb2e6\">Search<\/label>\n\n\t\t\t\t\t\n\t\t\t\t\t<input id=\"elementor-search-form-24beb2e6\" placeholder=\"Ingrese aqu\u00ed su b\u00fasqueda.\" class=\"elementor-search-form__input\" type=\"search\" name=\"s\" value=\"\">\n\t\t\t\t\t\n\t\t\t\t\t\t\t\t\t\t\t<button class=\"elementor-search-form__submit\" type=\"submit\" aria-label=\"Search\">\n\t\t\t\t\t\t\t\t\t\t\t\t\t\t\t<i aria-hidden=\"true\" class=\"fas fa-search\"><\/i>\t\t\t\t\t\t\t\t\t\t\t\t\t<\/button>\n\t\t\t\t\t\n\t\t\t\t\t\t\t\t\t<\/div>\n\t\t\t<\/form>\n\t\t<\/search>\n\t\t\t\t\t\t<\/div>\n\t\t\t\t<\/div>\n\t\t\t\t\t<\/div>\n\t\t<\/div>\n\t\t\t\t\t<\/div>\n\t\t<\/section>\n\t\t\t\t<section class=\"elementor-section elementor-top-section elementor-element elementor-element-3e354718 elementor-section-boxed elementor-section-height-default elementor-section-height-default\" data-id=\"3e354718\" data-element_type=\"section\">\n\t\t\t\t\t\t<div class=\"elementor-container elementor-column-gap-narrow\">\n\t\t\t\t\t<div class=\"elementor-column elementor-col-100 elementor-top-column elementor-element elementor-element-6253a634\" data-id=\"6253a634\" data-element_type=\"column\">\n\t\t\t<div class=\"elementor-widget-wrap elementor-element-populated\">\n\t\t\t\t\t\t<section class=\"elementor-section elementor-inner-section elementor-element elementor-element-1145418d elementor-section-boxed elementor-section-height-default elementor-section-height-default\" data-id=\"1145418d\" data-element_type=\"section\">\n\t\t\t\t\t\t<div class=\"elementor-container elementor-column-gap-narrow\">\n\t\t\t\t\t<div class=\"elementor-column elementor-col-100 elementor-inner-column elementor-element elementor-element-bbd561f\" data-id=\"bbd561f\" data-element_type=\"column\" data-settings=\"{&quot;background_background&quot;:&quot;classic&quot;}\">\n\t\t\t<div class=\"elementor-widget-wrap elementor-element-populated\">\n\t\t\t\t\t\t<div class=\"elementor-element elementor-element-671bad4e elementor-widget elementor-widget-spacer\" data-id=\"671bad4e\" data-element_type=\"widget\" data-widget_type=\"spacer.default\">\n\t\t\t\t<div class=\"elementor-widget-container\">\n\t\t\t\t\t\t\t<div class=\"elementor-spacer\">\n\t\t\t<div class=\"elementor-spacer-inner\"><\/div>\n\t\t<\/div>\n\t\t\t\t\t\t<\/div>\n\t\t\t\t<\/div>\n\t\t\t\t<div class=\"elementor-element elementor-element-5a1ea83b elementor-widget elementor-widget-heading\" data-id=\"5a1ea83b\" data-element_type=\"widget\" data-widget_type=\"heading.default\">\n\t\t\t\t<div class=\"elementor-widget-container\">\n\t\t\t\t\t<h2 class=\"elementor-heading-title elementor-size-default\">COMISI\u00d3N DE <b>REGLAMENTACI\u00d3N<\/b><\/h2>\t\t\t\t<\/div>\n\t\t\t\t<\/div>\n\t\t\t\t<div class=\"elementor-element elementor-element-3c086152 elementor-widget elementor-widget-spacer\" data-id=\"3c086152\" data-element_type=\"widget\" data-widget_type=\"spacer.default\">\n\t\t\t\t<div class=\"elementor-widget-container\">\n\t\t\t\t\t\t\t<div class=\"elementor-spacer\">\n\t\t\t<div class=\"elementor-spacer-inner\"><\/div>\n\t\t<\/div>\n\t\t\t\t\t\t<\/div>\n\t\t\t\t<\/div>\n\t\t\t\t\t<\/div>\n\t\t<\/div>\n\t\t\t\t\t<\/div>\n\t\t<\/section>\n\t\t\t\t\t<\/div>\n\t\t<\/div>\n\t\t\t\t\t<\/div>\n\t\t<\/section>\n\t\t\t\t<section class=\"elementor-section elementor-top-section elementor-element elementor-element-46852848 elementor-section-height-min-height elementor-section-boxed elementor-section-height-default elementor-section-items-middle elementor-invisible\" data-id=\"46852848\" data-element_type=\"section\" data-settings=\"{&quot;background_background&quot;:&quot;classic&quot;,&quot;animation&quot;:&quot;fadeIn&quot;}\">\n\t\t\t\t\t\t<div class=\"elementor-container elementor-column-gap-no\">\n\t\t\t\t\t<div class=\"elementor-column elementor-col-100 elementor-top-column elementor-element elementor-element-2c48bcf9\" data-id=\"2c48bcf9\" data-element_type=\"column\" data-settings=\"{&quot;background_background&quot;:&quot;classic&quot;}\">\n\t\t\t<div class=\"elementor-widget-wrap\">\n\t\t\t\t\t\t\t<\/div>\n\t\t<\/div>\n\t\t\t\t\t<\/div>\n\t\t<\/section>\n\t\t\t\t<section class=\"elementor-section elementor-top-section elementor-element elementor-element-8895d53 elementor-section-boxed elementor-section-height-default elementor-section-height-default elementor-invisible\" data-id=\"8895d53\" data-element_type=\"section\" data-settings=\"{&quot;background_background&quot;:&quot;classic&quot;,&quot;animation&quot;:&quot;fadeIn&quot;}\">\n\t\t\t\t\t\t<div class=\"elementor-container elementor-column-gap-no\">\n\t\t\t\t\t<div class=\"elementor-column elementor-col-100 elementor-top-column elementor-element elementor-element-323aeaf\" data-id=\"323aeaf\" data-element_type=\"column\" data-settings=\"{&quot;background_background&quot;:&quot;classic&quot;}\">\n\t\t\t<div class=\"elementor-widget-wrap elementor-element-populated\">\n\t\t\t\t\t\t<div class=\"elementor-element elementor-element-8f7d263 elementor-widget elementor-widget-heading\" data-id=\"8f7d263\" data-element_type=\"widget\" data-widget_type=\"heading.default\">\n\t\t\t\t<div class=\"elementor-widget-container\">\n\t\t\t\t\t<h2 class=\"elementor-heading-title elementor-size-default\">INTEGRANTES<\/h2>\t\t\t\t<\/div>\n\t\t\t\t<\/div>\n\t\t\t\t<div class=\"elementor-element elementor-element-27ba4b3 elementor-widget elementor-widget-text-editor\" data-id=\"27ba4b3\" data-element_type=\"widget\" data-widget_type=\"text-editor.default\">\n\t\t\t\t<div class=\"elementor-widget-container\">\n\t\t\t\t\t\t\t\t\t<div dir=\"auto\">&nbsp;<\/div>\n<div dir=\"auto\"><strong>PRESIDENTE:<\/strong>&nbsp;Alberto <strong>Lugones<\/strong><\/div>\n<div dir=\"auto\"><strong>SECRETARIA:<\/strong>&nbsp;Lucila <strong>Pampillo<\/strong><\/div>\n<p><strong>CONSEJEROS: <\/strong>Diego Barroetave\u00f1a, Jimena De la Torre, Anabel Fern\u00e1ndez Sagasti, Hugo Galderisi, Alberto Lugones,&nbsp;Gonzalo Gabriel Roca, Guillermo Tamarit, Maria Fernanda Vazquez y Santiago Viola.<\/p>\t\t\t\t\t\t\t\t<\/div>\n\t\t\t\t<\/div>\n\t\t\t\t\t<\/div>\n\t\t<\/div>\n\t\t\t\t\t<\/div>\n\t\t<\/section>\n\t\t\t\t<section class=\"elementor-section elementor-top-section elementor-element elementor-element-6ad986f elementor-section-boxed elementor-section-height-default elementor-section-height-default\" data-id=\"6ad986f\" data-element_type=\"section\">\n\t\t\t\t\t\t<div class=\"elementor-container elementor-column-gap-no\">\n\t\t\t\t\t<div class=\"elementor-column elementor-col-100 elementor-top-column elementor-element elementor-element-bc1a132\" data-id=\"bc1a132\" data-element_type=\"column\">\n\t\t\t<div class=\"elementor-widget-wrap elementor-element-populated\">\n\t\t\t\t\t\t<div class=\"elementor-element elementor-element-d139fc0 elementor-widget elementor-widget-spacer\" data-id=\"d139fc0\" data-element_type=\"widget\" data-widget_type=\"spacer.default\">\n\t\t\t\t<div class=\"elementor-widget-container\">\n\t\t\t\t\t\t\t<div class=\"elementor-spacer\">\n\t\t\t<div class=\"elementor-spacer-inner\"><\/div>\n\t\t<\/div>\n\t\t\t\t\t\t<\/div>\n\t\t\t\t<\/div>\n\t\t\t\t\t<\/div>\n\t\t<\/div>\n\t\t\t\t\t<\/div>\n\t\t<\/section>\n\t\t\t\t<section class=\"elementor-section elementor-top-section elementor-element elementor-element-390f142 elementor-section-boxed elementor-section-height-default elementor-section-height-default elementor-invisible\" data-id=\"390f142\" data-element_type=\"section\" data-settings=\"{&quot;animation&quot;:&quot;fadeIn&quot;}\">\n\t\t\t\t\t\t<div class=\"elementor-container elementor-column-gap-no\">\n\t\t\t\t\t<div class=\"elementor-column elementor-col-100 elementor-top-column elementor-element elementor-element-40da3af\" data-id=\"40da3af\" data-element_type=\"column\" data-settings=\"{&quot;background_background&quot;:&quot;classic&quot;}\">\n\t\t\t<div class=\"elementor-widget-wrap elementor-element-populated\">\n\t\t\t\t\t\t<div class=\"elementor-element elementor-element-b094340 elementor-widget elementor-widget-heading\" data-id=\"b094340\" data-element_type=\"widget\" data-widget_type=\"heading.default\">\n\t\t\t\t<div class=\"elementor-widget-container\">\n\t\t\t\t\t<h2 class=\"elementor-heading-title elementor-size-default\">ART\u00cdCULO 15 LEY CMPJN<\/h2>\t\t\t\t<\/div>\n\t\t\t\t<\/div>\n\t\t\t\t<div class=\"elementor-element elementor-element-76230ef elementor-widget elementor-widget-text-editor\" data-id=\"76230ef\" data-element_type=\"widget\" data-widget_type=\"text-editor.default\">\n\t\t\t\t<div class=\"elementor-widget-container\">\n\t\t\t\t\t\t\t\t\t<p>Es de su competencia:<\/p><p><strong>a)<\/strong> Analizar y emitir dictamen sobre los proyectos de reglamentos que le sean remitidos por la presidencia del Consejo, el plenario, las otras comisiones o cualquier integrante del Consejo;<\/p><p><strong>b)<\/strong> Elaborar los proyectos de reglamentos que le sean encomendados por los \u00f3rganos enunciados por el inciso precedente;<\/p><p><strong>c)<\/strong> Propiciar ante el plenario, mediante dictamen y a trav\u00e9s de la presidencia, las modificaciones que requieran las normas reglamentarias vigentes, para su perfeccionamiento, actualizaci\u00f3n, refundici\u00f3n y reordenaci\u00f3n;<\/p><p><strong>d)<\/strong> Emitir dict\u00e1menes a requerimiento de la presidencia, del plenario, de las otras comisiones o de cualquiera de sus miembros, en los casos en que se planteen conflictos de interpretaci\u00f3n derivados de la aplicaci\u00f3n de reglamentos.<\/p>\t\t\t\t\t\t\t\t<\/div>\n\t\t\t\t<\/div>\n\t\t\t\t\t<\/div>\n\t\t<\/div>\n\t\t\t\t\t<\/div>\n\t\t<\/section>\n\t\t\t\t<section class=\"elementor-section elementor-top-section elementor-element elementor-element-e25ee89 elementor-section-boxed elementor-section-height-default elementor-section-height-default\" data-id=\"e25ee89\" data-element_type=\"section\">\n\t\t\t\t\t\t<div class=\"elementor-container elementor-column-gap-no\">\n\t\t\t\t\t<div class=\"elementor-column elementor-col-100 elementor-top-column elementor-element elementor-element-411215a\" data-id=\"411215a\" data-element_type=\"column\">\n\t\t\t<div class=\"elementor-widget-wrap elementor-element-populated\">\n\t\t\t\t\t\t<div class=\"elementor-element elementor-element-230b250 elementor-widget elementor-widget-spacer\" data-id=\"230b250\" data-element_type=\"widget\" data-widget_type=\"spacer.default\">\n\t\t\t\t<div class=\"elementor-widget-container\">\n\t\t\t\t\t\t\t<div class=\"elementor-spacer\">\n\t\t\t<div class=\"elementor-spacer-inner\"><\/div>\n\t\t<\/div>\n\t\t\t\t\t\t<\/div>\n\t\t\t\t<\/div>\n\t\t\t\t\t<\/div>\n\t\t<\/div>\n\t\t\t\t\t<\/div>\n\t\t<\/section>\n\t\t\t\t<section class=\"elementor-section elementor-top-section elementor-element elementor-element-2349994b elementor-section-boxed elementor-section-height-default elementor-section-height-default\" data-id=\"2349994b\" data-element_type=\"section\">\n\t\t\t\t\t\t\t<div class=\"elementor-background-overlay\"><\/div>\n\t\t\t\t\t\t\t<div class=\"elementor-container elementor-column-gap-narrow\">\n\t\t\t\t\t<div class=\"elementor-column elementor-col-100 elementor-top-column elementor-element elementor-element-6362c112\" data-id=\"6362c112\" data-element_type=\"column\">\n\t\t\t<div class=\"elementor-widget-wrap elementor-element-populated\">\n\t\t\t\t\t\t<div class=\"elementor-element elementor-element-4616c654 elementor-widget elementor-widget-spacer\" data-id=\"4616c654\" data-element_type=\"widget\" data-widget_type=\"spacer.default\">\n\t\t\t\t<div class=\"elementor-widget-container\">\n\t\t\t\t\t\t\t<div class=\"elementor-spacer\">\n\t\t\t<div class=\"elementor-spacer-inner\"><\/div>\n\t\t<\/div>\n\t\t\t\t\t\t<\/div>\n\t\t\t\t<\/div>\n\t\t\t\t<div class=\"elementor-element elementor-element-ce88bd animated-fast elementor-invisible elementor-widget elementor-widget-image\" data-id=\"ce88bd\" data-element_type=\"widget\" data-settings=\"{&quot;_animation&quot;:&quot;fadeInDown&quot;}\" data-widget_type=\"image.default\">\n\t\t\t\t<div class=\"elementor-widget-container\">\n\t\t\t\t\t\t\t\t\t\t\t\t\t\t\t\t<a href=\"https:\/\/www.pjn.gov.ar\/gestion-documental?page=0&#038;depend=%5B%7B%22tipo%22:%22depend%22,%22id%22:2,%22total%22:115476,%22titulo%22:%22Consejo%20de%20la%20Magistratura%22,%22ordenamiento%22:%22DESDE%22,%22operador%22:%22:%22%7D,%7B%22tipo%22:%22depend%22,%22id%22:1772,%22total%22:24282,%22titulo%22:%22Comisiones%22,%22ordenamiento%22:%22DESDE%22,%22operador%22:%22:%22%7D,%7B%22tipo%22:%22depend%22,%22id%22:33,%22total%22:947,%22titulo%22:%22Comisi%C3%B3n%20Auxiliar%20Permanente%20de%20Reglamentaci%C3%B3n%22,%22ordenamiento%22:%22DESDE%22,%22operador%22:%22:%22%7D%5D&#038;sort=2&#038;sd=true&#038;sd=true\" target=\"_blank\">\n\t\t\t\t\t\t\t<img fetchpriority=\"high\" decoding=\"async\" width=\"640\" height=\"640\" src=\"https:\/\/consejomagistratura.gov.ar\/wp-content\/uploads\/2021\/07\/9-1-1.png\" class=\"elementor-animation-push attachment-large size-large wp-image-10898\" alt=\"\" \/>\t\t\t\t\t\t\t\t<\/a>\n\t\t\t\t\t\t\t\t\t\t\t\t\t\t\t<\/div>\n\t\t\t\t<\/div>\n\t\t\t\t<div class=\"elementor-element elementor-element-4dafef4d animated-fast elementor-invisible elementor-widget elementor-widget-heading\" data-id=\"4dafef4d\" data-element_type=\"widget\" data-settings=\"{&quot;_animation&quot;:&quot;fadeInDown&quot;}\" data-widget_type=\"heading.default\">\n\t\t\t\t<div class=\"elementor-widget-container\">\n\t\t\t\t\t<h2 class=\"elementor-heading-title elementor-size-default\"><a href=\"https:\/\/www.pjn.gov.ar\/gestion-documental?page=0&#038;depend=%5B%7B%22tipo%22:%22depend%22,%22id%22:2,%22total%22:115476,%22titulo%22:%22Consejo%20de%20la%20Magistratura%22,%22ordenamiento%22:%22DESDE%22,%22operador%22:%22:%22%7D,%7B%22tipo%22:%22depend%22,%22id%22:1772,%22total%22:24282,%22titulo%22:%22Comisiones%22,%22ordenamiento%22:%22DESDE%22,%22operador%22:%22:%22%7D,%7B%22tipo%22:%22depend%22,%22id%22:33,%22total%22:947,%22titulo%22:%22Comisi%C3%B3n%20Auxiliar%20Permanente%20de%20Reglamentaci%C3%B3n%22,%22ordenamiento%22:%22DESDE%22,%22operador%22:%22:%22%7D%5D&#038;sort=2&#038;sd=true&#038;sd=true\">Actas | Dict\u00e1menes | <br>Resoluciones de la Comisi\u00f3n<\/a><\/h2>\t\t\t\t<\/div>\n\t\t\t\t<\/div>\n\t\t\t\t<div class=\"elementor-element elementor-element-3c25641a elementor-widget elementor-widget-spacer\" data-id=\"3c25641a\" data-element_type=\"widget\" data-widget_type=\"spacer.default\">\n\t\t\t\t<div class=\"elementor-widget-container\">\n\t\t\t\t\t\t\t<div class=\"elementor-spacer\">\n\t\t\t<div class=\"elementor-spacer-inner\"><\/div>\n\t\t<\/div>\n\t\t\t\t\t\t<\/div>\n\t\t\t\t<\/div>\n\t\t\t\t\t<\/div>\n\t\t<\/div>\n\t\t\t\t\t<\/div>\n\t\t<\/section>\n\t\t\t\t<section class=\"elementor-section elementor-top-section elementor-element elementor-element-3af5664c elementor-section-boxed elementor-section-height-default elementor-section-height-default elementor-invisible\" data-id=\"3af5664c\" data-element_type=\"section\" data-settings=\"{&quot;animation&quot;:&quot;fadeIn&quot;,&quot;background_background&quot;:&quot;classic&quot;}\">\n\t\t\t\t\t\t<div class=\"elementor-container elementor-column-gap-no\">\n\t\t\t\t\t<div class=\"elementor-column elementor-col-100 elementor-top-column elementor-element elementor-element-38620a21\" data-id=\"38620a21\" data-element_type=\"column\">\n\t\t\t<div class=\"elementor-widget-wrap elementor-element-populated\">\n\t\t\t\t\t\t<div class=\"elementor-element elementor-element-55003a77 elementor-widget elementor-widget-spacer\" data-id=\"55003a77\" data-element_type=\"widget\" data-widget_type=\"spacer.default\">\n\t\t\t\t<div class=\"elementor-widget-container\">\n\t\t\t\t\t\t\t<div class=\"elementor-spacer\">\n\t\t\t<div class=\"elementor-spacer-inner\"><\/div>\n\t\t<\/div>\n\t\t\t\t\t\t<\/div>\n\t\t\t\t<\/div>\n\t\t\t\t<div class=\"elementor-element elementor-element-294713d3 elementor-widget elementor-widget-spacer\" data-id=\"294713d3\" data-element_type=\"widget\" data-widget_type=\"spacer.default\">\n\t\t\t\t<div class=\"elementor-widget-container\">\n\t\t\t\t\t\t\t<div class=\"elementor-spacer\">\n\t\t\t<div class=\"elementor-spacer-inner\"><\/div>\n\t\t<\/div>\n\t\t\t\t\t\t<\/div>\n\t\t\t\t<\/div>\n\t\t\t\t<div class=\"elementor-element elementor-element-182fc3b2 elementor-grid-eael-col-4 elementor-grid-tablet-eael-col-2 elementor-grid-mobile-eael-col-1 elementor-widget elementor-widget-eael-post-grid\" data-id=\"182fc3b2\" data-element_type=\"widget\" data-settings=\"{&quot;eael_post_grid_columns&quot;:&quot;eael-col-4&quot;,&quot;eael_post_grid_columns_tablet&quot;:&quot;eael-col-2&quot;,&quot;eael_post_grid_columns_mobile&quot;:&quot;eael-col-1&quot;}\" data-widget_type=\"eael-post-grid.default\">\n\t\t\t\t<div class=\"elementor-widget-container\">\n\t\t\t\t\t<div id=\"eael-post-grid-182fc3b2\" class=\"eael-post-grid-container\">\n            <div class=\"eael-post-grid eael-post-appender eael-post-appender-182fc3b2 eael-post-grid-style-one\" data-layout-mode=\"masonry\"><article class=\"eael-grid-post eael-post-grid-column\" data-id=\"53237\">\n        <div class=\"eael-grid-post-holder\">\n            <div class=\"eael-grid-post-holder-inner\"><div class=\"eael-entry-media\"><div class=\"eael-entry-overlay fade-in\"><i class=\"\" aria-hidden=\"true\"><\/i><a href=\"https:\/\/consejomagistratura.gov.ar\/index.php\/2026\/04\/22\/sesionaron-las-comisiones-de-acusacion-y-de-administracion-y-se-realizo-una-nueva-reunion-conjunta-de-las-comisiones-de-seleccion-y-reglamentacion\/\"><\/a><\/div><div class=\"eael-entry-thumbnail \">\n                <img decoding=\"async\" width=\"300\" height=\"166\" src=\"https:\/\/consejomagistratura.gov.ar\/wp-content\/uploads\/2026\/04\/WhatsApp-Image-2026-04-22-at-16.20.58-1-300x166.jpeg\" class=\"attachment-medium size-medium wp-image-53242\" alt=\"\" srcset=\"https:\/\/consejomagistratura.gov.ar\/wp-content\/uploads\/2026\/04\/WhatsApp-Image-2026-04-22-at-16.20.58-1-300x166.jpeg 300w, https:\/\/consejomagistratura.gov.ar\/wp-content\/uploads\/2026\/04\/WhatsApp-Image-2026-04-22-at-16.20.58-1-1024x566.jpeg 1024w, https:\/\/consejomagistratura.gov.ar\/wp-content\/uploads\/2026\/04\/WhatsApp-Image-2026-04-22-at-16.20.58-1-768x425.jpeg 768w, https:\/\/consejomagistratura.gov.ar\/wp-content\/uploads\/2026\/04\/WhatsApp-Image-2026-04-22-at-16.20.58-1.jpeg 1280w\" sizes=\"(max-width: 300px) 100vw, 300px\" \/>\n            <\/div>\n        <\/div><div class=\"eael-entry-wrapper\"><header class=\"eael-entry-header\"><h2 class=\"eael-entry-title\"><a\n                        class=\"eael-grid-post-link\"\n                        href=\"https:\/\/consejomagistratura.gov.ar\/index.php\/2026\/04\/22\/sesionaron-las-comisiones-de-acusacion-y-de-administracion-y-se-realizo-una-nueva-reunion-conjunta-de-las-comisiones-de-seleccion-y-reglamentacion\/\"\n                        title=\"Sesionaron las Comisiones de Acusaci\u00f3n y de Administraci\u00f3n y se realiz\u00f3 una nueva reuni\u00f3n conjunta de las Comisiones de Selecci\u00f3n y Reglamentaci\u00f3n\">Sesionaron las Comisiones de Acusaci\u00f3n y de Administraci\u00f3n y se realiz\u00f3 una nueva reuni\u00f3n conjunta de las Comisiones de Selecci\u00f3n y Reglamentaci\u00f3n<\/a><\/h2><\/header><div class=\"eael-entry-header-after\"><div class=\"eael-entry-meta\"><span class=\"eael-posted-on\"><time datetime=\"22\/04\/2026\">22\/04\/2026<\/time><\/span><\/div><\/div><div class=\"eael-entry-content\">\n                        <div class=\"eael-grid-post-excerpt\"><p>El Consejo de la Magistratura llev\u00f3 adelante durante la...<\/p><a href=\"https:\/\/consejomagistratura.gov.ar\/index.php\/2026\/04\/22\/sesionaron-las-comisiones-de-acusacion-y-de-administracion-y-se-realizo-una-nueva-reunion-conjunta-de-las-comisiones-de-seleccion-y-reglamentacion\/\" class=\"eael-post-elements-readmore-btn\">LEER M\u00c1S<\/a><\/div>\n                    <\/div><\/div><\/div>\n        <\/div>\n    <\/article><article class=\"eael-grid-post eael-post-grid-column\" data-id=\"53124\">\n        <div class=\"eael-grid-post-holder\">\n            <div class=\"eael-grid-post-holder-inner\"><div class=\"eael-entry-media\"><div class=\"eael-entry-overlay fade-in\"><i class=\"\" aria-hidden=\"true\"><\/i><a href=\"https:\/\/consejomagistratura.gov.ar\/index.php\/2026\/04\/09\/sesionaron-las-comisiones-de-administracion-y-financiera-de-seleccion-de-magistrados-y-escuela-judicial-y-de-reglamentacion\/\"><\/a><\/div><div class=\"eael-entry-thumbnail \">\n                <img decoding=\"async\" width=\"300\" height=\"200\" src=\"https:\/\/consejomagistratura.gov.ar\/wp-content\/uploads\/2026\/04\/WhatsApp-Image-2026-04-09-at-15.50.20-300x200.jpeg\" class=\"attachment-medium size-medium wp-image-53125\" alt=\"\" srcset=\"https:\/\/consejomagistratura.gov.ar\/wp-content\/uploads\/2026\/04\/WhatsApp-Image-2026-04-09-at-15.50.20-300x200.jpeg 300w, https:\/\/consejomagistratura.gov.ar\/wp-content\/uploads\/2026\/04\/WhatsApp-Image-2026-04-09-at-15.50.20-1024x683.jpeg 1024w, https:\/\/consejomagistratura.gov.ar\/wp-content\/uploads\/2026\/04\/WhatsApp-Image-2026-04-09-at-15.50.20-768x512.jpeg 768w, https:\/\/consejomagistratura.gov.ar\/wp-content\/uploads\/2026\/04\/WhatsApp-Image-2026-04-09-at-15.50.20-1536x1024.jpeg 1536w, https:\/\/consejomagistratura.gov.ar\/wp-content\/uploads\/2026\/04\/WhatsApp-Image-2026-04-09-at-15.50.20-2048x1365.jpeg 2048w\" sizes=\"(max-width: 300px) 100vw, 300px\" \/>\n            <\/div>\n        <\/div><div class=\"eael-entry-wrapper\"><header class=\"eael-entry-header\"><h2 class=\"eael-entry-title\"><a\n                        class=\"eael-grid-post-link\"\n                        href=\"https:\/\/consejomagistratura.gov.ar\/index.php\/2026\/04\/09\/sesionaron-las-comisiones-de-administracion-y-financiera-de-seleccion-de-magistrados-y-escuela-judicial-y-de-reglamentacion\/\"\n                        title=\"Sesionaron las Comisiones de Administraci\u00f3n y Financiera, de Selecci\u00f3n de Magistrados y Escuela Judicial y de Reglamentaci\u00f3n\">Sesionaron las Comisiones de Administraci\u00f3n y Financiera, de Selecci\u00f3n de Magistrados y Escuela Judicial y de Reglamentaci\u00f3n<\/a><\/h2><\/header><div class=\"eael-entry-header-after\"><div class=\"eael-entry-meta\"><span class=\"eael-posted-on\"><time datetime=\"09\/04\/2026\">09\/04\/2026<\/time><\/span><\/div><\/div><div class=\"eael-entry-content\">\n                        <div class=\"eael-grid-post-excerpt\"><p>Durante la ma\u00f1ana de hoy \u20149 de abril\u2014 el...<\/p><a href=\"https:\/\/consejomagistratura.gov.ar\/index.php\/2026\/04\/09\/sesionaron-las-comisiones-de-administracion-y-financiera-de-seleccion-de-magistrados-y-escuela-judicial-y-de-reglamentacion\/\" class=\"eael-post-elements-readmore-btn\">LEER M\u00c1S<\/a><\/div>\n                    <\/div><\/div><\/div>\n        <\/div>\n    <\/article><article class=\"eael-grid-post eael-post-grid-column\" data-id=\"52793\">\n        <div class=\"eael-grid-post-holder\">\n            <div class=\"eael-grid-post-holder-inner\"><div class=\"eael-entry-media\"><div class=\"eael-entry-overlay fade-in\"><i class=\"\" aria-hidden=\"true\"><\/i><a href=\"https:\/\/consejomagistratura.gov.ar\/index.php\/2026\/03\/04\/sesionaron-las-comisiones-de-administracion-y-de-reglamentacion-2\/\"><\/a><\/div><div class=\"eael-entry-thumbnail \">\n                <img loading=\"lazy\" decoding=\"async\" width=\"300\" height=\"207\" src=\"https:\/\/consejomagistratura.gov.ar\/wp-content\/uploads\/2026\/03\/WhatsApp-Image-2026-03-04-at-14.31.32-1-300x207.jpeg\" class=\"attachment-medium size-medium wp-image-52804\" alt=\"\" srcset=\"https:\/\/consejomagistratura.gov.ar\/wp-content\/uploads\/2026\/03\/WhatsApp-Image-2026-03-04-at-14.31.32-1-300x207.jpeg 300w, https:\/\/consejomagistratura.gov.ar\/wp-content\/uploads\/2026\/03\/WhatsApp-Image-2026-03-04-at-14.31.32-1-1024x706.jpeg 1024w, https:\/\/consejomagistratura.gov.ar\/wp-content\/uploads\/2026\/03\/WhatsApp-Image-2026-03-04-at-14.31.32-1-768x529.jpeg 768w, https:\/\/consejomagistratura.gov.ar\/wp-content\/uploads\/2026\/03\/WhatsApp-Image-2026-03-04-at-14.31.32-1.jpeg 1280w\" sizes=\"(max-width: 300px) 100vw, 300px\" \/>\n            <\/div>\n        <\/div><div class=\"eael-entry-wrapper\"><header class=\"eael-entry-header\"><h2 class=\"eael-entry-title\"><a\n                        class=\"eael-grid-post-link\"\n                        href=\"https:\/\/consejomagistratura.gov.ar\/index.php\/2026\/03\/04\/sesionaron-las-comisiones-de-administracion-y-de-reglamentacion-2\/\"\n                        title=\"Sesionaron las Comisiones de Administraci\u00f3n y de Reglamentaci\u00f3n\">Sesionaron las Comisiones de Administraci\u00f3n y de Reglamentaci\u00f3n<\/a><\/h2><\/header><div class=\"eael-entry-header-after\"><div class=\"eael-entry-meta\"><span class=\"eael-posted-on\"><time datetime=\"04\/03\/2026\">04\/03\/2026<\/time><\/span><\/div><\/div><div class=\"eael-entry-content\">\n                        <div class=\"eael-grid-post-excerpt\"><p>En la ma\u00f1ana del 4 de marzo sesionaron la...<\/p><a href=\"https:\/\/consejomagistratura.gov.ar\/index.php\/2026\/03\/04\/sesionaron-las-comisiones-de-administracion-y-de-reglamentacion-2\/\" class=\"eael-post-elements-readmore-btn\">LEER M\u00c1S<\/a><\/div>\n                    <\/div><\/div><\/div>\n        <\/div>\n    <\/article><article class=\"eael-grid-post eael-post-grid-column\" data-id=\"50882\">\n        <div class=\"eael-grid-post-holder\">\n            <div class=\"eael-grid-post-holder-inner\"><div class=\"eael-entry-media\"><div class=\"eael-entry-overlay fade-in\"><i class=\"\" aria-hidden=\"true\"><\/i><a href=\"https:\/\/consejomagistratura.gov.ar\/index.php\/2025\/06\/25\/sesionaron-las-comisiones-de-seleccion-y-de-reglamentacion-2\/\"><\/a><\/div><div class=\"eael-entry-thumbnail \">\n                <img loading=\"lazy\" decoding=\"async\" width=\"300\" height=\"200\" src=\"https:\/\/consejomagistratura.gov.ar\/wp-content\/uploads\/2025\/06\/WhatsApp-Image-2025-06-25-at-14.56.51-300x200.jpeg\" class=\"attachment-medium size-medium wp-image-50888\" alt=\"\" srcset=\"https:\/\/consejomagistratura.gov.ar\/wp-content\/uploads\/2025\/06\/WhatsApp-Image-2025-06-25-at-14.56.51-300x200.jpeg 300w, https:\/\/consejomagistratura.gov.ar\/wp-content\/uploads\/2025\/06\/WhatsApp-Image-2025-06-25-at-14.56.51-1024x682.jpeg 1024w, https:\/\/consejomagistratura.gov.ar\/wp-content\/uploads\/2025\/06\/WhatsApp-Image-2025-06-25-at-14.56.51-768x512.jpeg 768w, https:\/\/consejomagistratura.gov.ar\/wp-content\/uploads\/2025\/06\/WhatsApp-Image-2025-06-25-at-14.56.51.jpeg 1280w\" sizes=\"(max-width: 300px) 100vw, 300px\" \/>\n            <\/div>\n        <\/div><div class=\"eael-entry-wrapper\"><header class=\"eael-entry-header\"><h2 class=\"eael-entry-title\"><a\n                        class=\"eael-grid-post-link\"\n                        href=\"https:\/\/consejomagistratura.gov.ar\/index.php\/2025\/06\/25\/sesionaron-las-comisiones-de-seleccion-y-de-reglamentacion-2\/\"\n                        title=\"Sesionaron las Comisiones de Selecci\u00f3n y de Reglamentaci\u00f3n\">Sesionaron las Comisiones de Selecci\u00f3n y de Reglamentaci\u00f3n<\/a><\/h2><\/header><div class=\"eael-entry-header-after\"><div class=\"eael-entry-meta\"><span class=\"eael-posted-on\"><time datetime=\"25\/06\/2025\">25\/06\/2025<\/time><\/span><\/div><\/div><div class=\"eael-entry-content\">\n                        <div class=\"eael-grid-post-excerpt\"><p>Durante la ma\u00f1ana de hoy -25 de junio-, sesionaron...<\/p><a href=\"https:\/\/consejomagistratura.gov.ar\/index.php\/2025\/06\/25\/sesionaron-las-comisiones-de-seleccion-y-de-reglamentacion-2\/\" class=\"eael-post-elements-readmore-btn\">LEER M\u00c1S<\/a><\/div>\n                    <\/div><\/div><\/div>\n        <\/div>\n    <\/article><\/div>\n            <div class=\"clearfix\"><\/div>\n        <\/div>            <div class=\"eael-load-more-button-wrap\">\n                <button class=\"eael-load-more-button\" id=\"eael-load-more-btn-182fc3b2\" data-widget-id=\"182fc3b2\" data-widget=\"182fc3b2\" data-page-id=\"9556\" data-template=\"{&quot;dir&quot;:&quot;lite&quot;,&quot;file_name&quot;:&quot;default.php&quot;,&quot;name&quot;:&quot;Post-Grid&quot;}\" data-class=\"Essential_Addons_Elementor\\Elements\\Post_Grid\" data-layout=\"masonry\" data-page=\"1\" data-args=\"orderby=date&amp;order=desc&amp;ignore_sticky_posts=1&amp;post_status=publish&amp;posts_per_page=4&amp;offset=0&amp;post_type=post&amp;tax_query%5B0%5D%5Btaxonomy%5D=category&amp;tax_query%5B0%5D%5Bfield%5D=term_id&amp;tax_query%5B0%5D%5Bterms%5D%5B0%5D=25&amp;tax_query%5Brelation%5D=AND\" data-max-page=\"14\">\n                    <span class=\"eael-btn-loader button__loader\"><\/span>\n                    <span class=\"eael_load_more_text\">CARGAR M\u00c1S<\/span>\n                <\/button>\n            <\/div>\n            \t\t\t\t<\/div>\n\t\t\t\t<\/div>\n\t\t\t\t<div class=\"elementor-element elementor-element-28d8d54e elementor-widget elementor-widget-spacer\" data-id=\"28d8d54e\" data-element_type=\"widget\" data-widget_type=\"spacer.default\">\n\t\t\t\t<div class=\"elementor-widget-container\">\n\t\t\t\t\t\t\t<div class=\"elementor-spacer\">\n\t\t\t<div class=\"elementor-spacer-inner\"><\/div>\n\t\t<\/div>\n\t\t\t\t\t\t<\/div>\n\t\t\t\t<\/div>\n\t\t\t\t\t<\/div>\n\t\t<\/div>\n\t\t\t\t\t<\/div>\n\t\t<\/section>\n\t\t\t\t<section class=\"elementor-section elementor-top-section elementor-element elementor-element-ada2036 elementor-section-boxed elementor-section-height-default elementor-section-height-default\" data-id=\"ada2036\" data-element_type=\"section\" data-settings=\"{&quot;background_background&quot;:&quot;classic&quot;}\">\n\t\t\t\t\t\t<div class=\"elementor-container elementor-column-gap-no\">\n\t\t\t\t\t<div class=\"elementor-column elementor-col-100 elementor-top-column elementor-element elementor-element-7ecabca\" data-id=\"7ecabca\" data-element_type=\"column\">\n\t\t\t<div class=\"elementor-widget-wrap\">\n\t\t\t\t\t\t\t<\/div>\n\t\t<\/div>\n\t\t\t\t\t<\/div>\n\t\t<\/section>\n\t\t\t\t<\/div>\n\t\t","protected":false},"excerpt":{"rendered":"<p>Facebook Twitter Instagram Youtube COMISI\u00d3N DE REGLAMENTACI\u00d3N INTEGRANTES &nbsp; PRESIDENTE:&nbsp;Alberto Lugones SECRETARIA:&nbsp;Lucila Pampillo CONSEJEROS: Diego Barroetave\u00f1a, Jimena De la Torre, Anabel Fern\u00e1ndez Sagasti, Hugo Galderisi, Alberto Lugones,&nbsp;Gonzalo Gabriel Roca, Guillermo Tamarit, Maria Fernanda Vazquez y [&hellip;]<\/p>\n","protected":false},"author":1,"featured_media":12728,"parent":0,"menu_order":0,"comment_status":"closed","ping_status":"closed","template":"elementor_header_footer","meta":{"footnotes":""},"class_list":["post-9556","page","type-page","status-publish","has-post-thumbnail","hentry"],"yoast_head":"<!-- This site is optimized with the Yoast SEO Premium plugin v16.2 (Yoast SEO v17.9) - https:\/\/yoast.com\/wordpress\/plugins\/seo\/ -->\n<title>COMISI\u00d3N DE REGLAMENTACI\u00d3N | Consejo de la Magistratura<\/title>\n<meta name=\"description\" content=\"Poder Judicial de la Naci\u00f3n\" \/>\n<meta name=\"robots\" content=\"index, follow, max-snippet:-1, max-image-preview:large, max-video-preview:-1\" \/>\n<link rel=\"canonical\" href=\"https:\/\/consejomagistratura.gov.ar\/index.php\/comision-de-reglamentacion\/\" \/>\n<meta property=\"og:locale\" content=\"es_ES\" \/>\n<meta property=\"og:type\" content=\"article\" \/>\n<meta property=\"og:title\" content=\"COMISI\u00d3N DE REGLAMENTACI\u00d3N | Consejo de la Magistratura\" \/>\n<meta property=\"og:description\" content=\"Poder Judicial de la Naci\u00f3n\" \/>\n<meta property=\"og:url\" content=\"https:\/\/consejomagistratura.gov.ar\/index.php\/comision-de-reglamentacion\/\" \/>\n<meta property=\"og:site_name\" content=\"Consejo de la Magistratura\" \/>\n<meta property=\"article:publisher\" content=\"https:\/\/www.facebook.com\/consejomagistratura\" \/>\n<meta property=\"article:modified_time\" content=\"2026-03-21T12:21:48+00:00\" \/>\n<meta property=\"og:image\" content=\"https:\/\/consejomagistratura.gov.ar\/wp-content\/uploads\/2021\/08\/logo_link_2_Mesa-de-trabajo-1.png\" \/>\n\t<meta property=\"og:image:width\" content=\"1067\" \/>\n\t<meta property=\"og:image:height\" content=\"780\" \/>\n\t<meta property=\"og:image:type\" content=\"image\/png\" \/>\n<meta name=\"twitter:card\" content=\"summary_large_image\" \/>\n<meta name=\"twitter:title\" content=\"COMISI\u00d3N DE REGLAMENTACI\u00d3N | Consejo de la Magistratura\" \/>\n<meta name=\"twitter:description\" content=\"Poder Judicial de la Naci\u00f3n\" \/>\n<meta name=\"twitter:image\" content=\"https:\/\/consejomagistratura.gov.ar\/wp-content\/uploads\/2021\/08\/logo_link_2_Mesa-de-trabajo-1.png\" \/>\n<meta name=\"twitter:site\" content=\"@cmagistratura\" \/>\n<meta name=\"twitter:label1\" content=\"Tiempo de lectura\" \/>\n\t<meta name=\"twitter:data1\" content=\"3 minutos\" \/>\n<script type=\"application\/ld+json\" class=\"yoast-schema-graph\">{\"@context\":\"https:\/\/schema.org\",\"@graph\":[{\"@type\":\"Organization\",\"@id\":\"https:\/\/consejomagistratura.gov.ar\/#organization\",\"name\":\"Consejo de la Magistratura\",\"url\":\"https:\/\/consejomagistratura.gov.ar\/\",\"sameAs\":[\"https:\/\/www.facebook.com\/consejomagistratura\",\"https:\/\/www.instagram.com\/consejodelamagistratura\/\",\"https:\/\/www.youtube.com\/c\/consejodelamagistraturadelanacion\",\"https:\/\/es.wikipedia.org\/wiki\/Consejo_de_la_Magistratura_(Argentina)\",\"https:\/\/twitter.com\/cmagistratura\"],\"logo\":{\"@type\":\"ImageObject\",\"@id\":\"https:\/\/consejomagistratura.gov.ar\/#logo\",\"inLanguage\":\"es-AR\",\"url\":\"https:\/\/consejomagistratura.gov.ar\/wp-content\/uploads\/2021\/08\/logo_link_2_Mesa-de-trabajo-1.png\",\"contentUrl\":\"https:\/\/consejomagistratura.gov.ar\/wp-content\/uploads\/2021\/08\/logo_link_2_Mesa-de-trabajo-1.png\",\"width\":1067,\"height\":780,\"caption\":\"Consejo de la Magistratura\"},\"image\":{\"@id\":\"https:\/\/consejomagistratura.gov.ar\/#logo\"}},{\"@type\":\"WebSite\",\"@id\":\"https:\/\/consejomagistratura.gov.ar\/#website\",\"url\":\"https:\/\/consejomagistratura.gov.ar\/\",\"name\":\"Consejo de la Magistratura\",\"description\":\"\",\"publisher\":{\"@id\":\"https:\/\/consejomagistratura.gov.ar\/#organization\"},\"potentialAction\":[{\"@type\":\"SearchAction\",\"target\":{\"@type\":\"EntryPoint\",\"urlTemplate\":\"https:\/\/consejomagistratura.gov.ar\/?s={search_term_string}\"},\"query-input\":\"required name=search_term_string\"}],\"inLanguage\":\"es-AR\"},{\"@type\":\"ImageObject\",\"@id\":\"https:\/\/consejomagistratura.gov.ar\/index.php\/comision-de-reglamentacion\/#primaryimage\",\"inLanguage\":\"es-AR\",\"url\":\"https:\/\/consejomagistratura.gov.ar\/wp-content\/uploads\/2021\/08\/logo_link_2_Mesa-de-trabajo-1.png\",\"contentUrl\":\"https:\/\/consejomagistratura.gov.ar\/wp-content\/uploads\/2021\/08\/logo_link_2_Mesa-de-trabajo-1.png\",\"width\":1067,\"height\":780},{\"@type\":\"WebPage\",\"@id\":\"https:\/\/consejomagistratura.gov.ar\/index.php\/comision-de-reglamentacion\/#webpage\",\"url\":\"https:\/\/consejomagistratura.gov.ar\/index.php\/comision-de-reglamentacion\/\",\"name\":\"COMISI\\u00d3N DE REGLAMENTACI\\u00d3N | Consejo de la Magistratura\",\"isPartOf\":{\"@id\":\"https:\/\/consejomagistratura.gov.ar\/#website\"},\"primaryImageOfPage\":{\"@id\":\"https:\/\/consejomagistratura.gov.ar\/index.php\/comision-de-reglamentacion\/#primaryimage\"},\"datePublished\":\"2021-07-02T15:34:41+00:00\",\"dateModified\":\"2026-03-21T12:21:48+00:00\",\"description\":\"Poder Judicial de la Naci\\u00f3n\",\"breadcrumb\":{\"@id\":\"https:\/\/consejomagistratura.gov.ar\/index.php\/comision-de-reglamentacion\/#breadcrumb\"},\"inLanguage\":\"es-AR\",\"potentialAction\":[{\"@type\":\"ReadAction\",\"target\":[\"https:\/\/consejomagistratura.gov.ar\/index.php\/comision-de-reglamentacion\/\"]}]},{\"@type\":\"BreadcrumbList\",\"@id\":\"https:\/\/consejomagistratura.gov.ar\/index.php\/comision-de-reglamentacion\/#breadcrumb\",\"itemListElement\":[{\"@type\":\"ListItem\",\"position\":1,\"name\":\"Inicio\",\"item\":\"https:\/\/consejomagistratura.gov.ar\/\"},{\"@type\":\"ListItem\",\"position\":2,\"name\":\"COMISI\\u00d3N DE REGLAMENTACI\\u00d3N\"}]}]}<\/script>\n<!-- \/ Yoast SEO Premium plugin. -->","yoast_head_json":{"title":"COMISI\u00d3N DE REGLAMENTACI\u00d3N | Consejo de la Magistratura","description":"Poder Judicial de la Naci\u00f3n","robots":{"index":"index","follow":"follow","max-snippet":"max-snippet:-1","max-image-preview":"max-image-preview:large","max-video-preview":"max-video-preview:-1"},"canonical":"https:\/\/consejomagistratura.gov.ar\/index.php\/comision-de-reglamentacion\/","og_locale":"es_ES","og_type":"article","og_title":"COMISI\u00d3N DE REGLAMENTACI\u00d3N | Consejo de la Magistratura","og_description":"Poder Judicial de la Naci\u00f3n","og_url":"https:\/\/consejomagistratura.gov.ar\/index.php\/comision-de-reglamentacion\/","og_site_name":"Consejo de la Magistratura","article_publisher":"https:\/\/www.facebook.com\/consejomagistratura","article_modified_time":"2026-03-21T12:21:48+00:00","og_image":[{"width":1067,"height":780,"url":"https:\/\/consejomagistratura.gov.ar\/wp-content\/uploads\/2021\/08\/logo_link_2_Mesa-de-trabajo-1.png","type":"image\/png"}],"twitter_card":"summary_large_image","twitter_title":"COMISI\u00d3N DE REGLAMENTACI\u00d3N | Consejo de la Magistratura","twitter_description":"Poder Judicial de la Naci\u00f3n","twitter_image":"https:\/\/consejomagistratura.gov.ar\/wp-content\/uploads\/2021\/08\/logo_link_2_Mesa-de-trabajo-1.png","twitter_site":"@cmagistratura","twitter_misc":{"Tiempo de lectura":"3 minutos"},"schema":{"@context":"https:\/\/schema.org","@graph":[{"@type":"Organization","@id":"https:\/\/consejomagistratura.gov.ar\/#organization","name":"Consejo de la Magistratura","url":"https:\/\/consejomagistratura.gov.ar\/","sameAs":["https:\/\/www.facebook.com\/consejomagistratura","https:\/\/www.instagram.com\/consejodelamagistratura\/","https:\/\/www.youtube.com\/c\/consejodelamagistraturadelanacion","https:\/\/es.wikipedia.org\/wiki\/Consejo_de_la_Magistratura_(Argentina)","https:\/\/twitter.com\/cmagistratura"],"logo":{"@type":"ImageObject","@id":"https:\/\/consejomagistratura.gov.ar\/#logo","inLanguage":"es-AR","url":"https:\/\/consejomagistratura.gov.ar\/wp-content\/uploads\/2021\/08\/logo_link_2_Mesa-de-trabajo-1.png","contentUrl":"https:\/\/consejomagistratura.gov.ar\/wp-content\/uploads\/2021\/08\/logo_link_2_Mesa-de-trabajo-1.png","width":1067,"height":780,"caption":"Consejo de la Magistratura"},"image":{"@id":"https:\/\/consejomagistratura.gov.ar\/#logo"}},{"@type":"WebSite","@id":"https:\/\/consejomagistratura.gov.ar\/#website","url":"https:\/\/consejomagistratura.gov.ar\/","name":"Consejo de la Magistratura","description":"","publisher":{"@id":"https:\/\/consejomagistratura.gov.ar\/#organization"},"potentialAction":[{"@type":"SearchAction","target":{"@type":"EntryPoint","urlTemplate":"https:\/\/consejomagistratura.gov.ar\/?s={search_term_string}"},"query-input":"required name=search_term_string"}],"inLanguage":"es-AR"},{"@type":"ImageObject","@id":"https:\/\/consejomagistratura.gov.ar\/index.php\/comision-de-reglamentacion\/#primaryimage","inLanguage":"es-AR","url":"https:\/\/consejomagistratura.gov.ar\/wp-content\/uploads\/2021\/08\/logo_link_2_Mesa-de-trabajo-1.png","contentUrl":"https:\/\/consejomagistratura.gov.ar\/wp-content\/uploads\/2021\/08\/logo_link_2_Mesa-de-trabajo-1.png","width":1067,"height":780},{"@type":"WebPage","@id":"https:\/\/consejomagistratura.gov.ar\/index.php\/comision-de-reglamentacion\/#webpage","url":"https:\/\/consejomagistratura.gov.ar\/index.php\/comision-de-reglamentacion\/","name":"COMISI\u00d3N DE REGLAMENTACI\u00d3N | Consejo de la Magistratura","isPartOf":{"@id":"https:\/\/consejomagistratura.gov.ar\/#website"},"primaryImageOfPage":{"@id":"https:\/\/consejomagistratura.gov.ar\/index.php\/comision-de-reglamentacion\/#primaryimage"},"datePublished":"2021-07-02T15:34:41+00:00","dateModified":"2026-03-21T12:21:48+00:00","description":"Poder Judicial de la Naci\u00f3n","breadcrumb":{"@id":"https:\/\/consejomagistratura.gov.ar\/index.php\/comision-de-reglamentacion\/#breadcrumb"},"inLanguage":"es-AR","potentialAction":[{"@type":"ReadAction","target":["https:\/\/consejomagistratura.gov.ar\/index.php\/comision-de-reglamentacion\/"]}]},{"@type":"BreadcrumbList","@id":"https:\/\/consejomagistratura.gov.ar\/index.php\/comision-de-reglamentacion\/#breadcrumb","itemListElement":[{"@type":"ListItem","position":1,"name":"Inicio","item":"https:\/\/consejomagistratura.gov.ar\/"},{"@type":"ListItem","position":2,"name":"COMISI\u00d3N DE REGLAMENTACI\u00d3N"}]}]}},"_links":{"self":[{"href":"https:\/\/consejomagistratura.gov.ar\/index.php\/wp-json\/wp\/v2\/pages\/9556","targetHints":{"allow":["GET"]}}],"collection":[{"href":"https:\/\/consejomagistratura.gov.ar\/index.php\/wp-json\/wp\/v2\/pages"}],"about":[{"href":"https:\/\/consejomagistratura.gov.ar\/index.php\/wp-json\/wp\/v2\/types\/page"}],"author":[{"embeddable":true,"href":"https:\/\/consejomagistratura.gov.ar\/index.php\/wp-json\/wp\/v2\/users\/1"}],"replies":[{"embeddable":true,"href":"https:\/\/consejomagistratura.gov.ar\/index.php\/wp-json\/wp\/v2\/comments?post=9556"}],"version-history":[{"count":310,"href":"https:\/\/consejomagistratura.gov.ar\/index.php\/wp-json\/wp\/v2\/pages\/9556\/revisions"}],"predecessor-version":[{"id":52964,"href":"https:\/\/consejomagistratura.gov.ar\/index.php\/wp-json\/wp\/v2\/pages\/9556\/revisions\/52964"}],"wp:featuredmedia":[{"embeddable":true,"href":"https:\/\/consejomagistratura.gov.ar\/index.php\/wp-json\/wp\/v2\/media\/12728"}],"wp:attachment":[{"href":"https:\/\/consejomagistratura.gov.ar\/index.php\/wp-json\/wp\/v2\/media?parent=9556"}],"curies":[{"name":"wp","href":"https:\/\/api.w.org\/{rel}","templated":true}]}}